{"id":468,"date":"2025-03-22T15:27:07","date_gmt":"2025-03-22T15:27:07","guid":{"rendered":"https:\/\/v3avocats.uni-vert.be\/?page_id=468"},"modified":"2025-05-30T10:19:37","modified_gmt":"2025-05-30T10:19:37","slug":"droit-des-etrangers","status":"publish","type":"page","link":"https:\/\/v3avocats.be\/fr\/matieres\/droit-des-etrangers\/","title":{"rendered":"Droit des \u00e9trangers"},"content":{"rendered":"<div class=\"wpb-content-wrapper\"><p>[vc_row height_ratio=\u00a0\u00bb70&Prime; padding_top_multiplier=\u00a0\u00bb2x\u00a0\u00bb rc_heading_color=\u00a0\u00bbwhite\u00a0\u00bb rc_bg_type=\u00a0\u00bbimage\u00a0\u00bb rc_bg_image=\u00a0\u00bb771&Prime; rc_bg_color_overlay=\u00a0\u00bbcustom\u00a0\u00bb rc_bg_color_overlay_custom=\u00a0\u00bb#12122DCC\u00a0\u00bb tablet_sm_height_ratio=\u00a0\u00bb0&Prime; mobile_height_ratio=\u00a0\u00bb0&Prime; scroll_header_skin=\u00a0\u00bblight\u00a0\u00bb rc_bg_color=\u00a0\u00bb#393589&Prime; rc_font_color=\u00a0\u00bb#ffffff\u00a0\u00bb section_id=\u00a0\u00bbdp\u00a0\u00bb][vc_column vertical_content_position=\u00a0\u00bbmiddle\u00a0\u00bb]<div class=\"grve-element grve-image grve-align-center logo\">\n\t<div class=\"grve-image-item\">\n\t\t\n\n<div class=\"grve-image-wrapper grve-no-effect\">\n\t\t<div class=\"grve-svg-thumbnail-wrapper\"><div class=\"grve-svg-thumbnail\"><img decoding=\"async\" src=\"https:\/\/v3avocats.be\/wp-content\/uploads\/2025\/02\/droit-etrangers-blanc.svg\" class=\"attachment-full size-full\" alt=\"droit des \u00e9trangers\" srcset=\"https:\/\/v3avocats.be\/wp-content\/uploads\/2025\/02\/droit-etrangers-blanc.svg 1x,https:\/\/v3avocats.be\/wp-content\/uploads\/2025\/02\/droit-etrangers-blanc.svg 2x\" data-column-space=\"auto\" data-lazyload=\"\" data-grve-filter=\"yes\" \/><\/div><\/div>\t<\/div>\n\t<\/div>\n<\/div>\n<div class=\"grve-empty-space grve-height-1x\"><\/div><h3 class=\"grve-element grve-title grve-align-center grve-h3 grve-text-white\"><span>Droit des \u00e9trangers<\/span><\/h3><h3 class=\"grve-element grve-typed-text grve-align-center grve-leader-text\"><span class=\"grve-typed-text-prefix\">* Vous <\/span><span class=\"grve-animated-text\"><span id=\"grve-typed-item-69f32df86d658\" class=\"grve-text-primary-2\"><span class=\"grve-hidden\">avez re\u00e7u une d\u00e9cision de refus de s\u00e9jour, un ordre de quitter le territoire ou une interdiction d\u2019entr\u00e9e?,souhaitez r\u00e9gulariser votre situation de s\u00e9jour en Belgique ? ,souhaitez introduire une demande de visa touristique ou de long s\u00e9jour ?,souhaitez introduire une demande de regroupement familial avec un membre de votre famille qui r\u00e9side en Belgique ?,souhaitez venir \u00e9tudier en Belgique?,souhaitez travailler en Belgique ? ,souhaitez introduire une demande de s\u00e9jour illimit\u00e9 ou de nationalit\u00e9 belge ?,\u00eates en proc\u00e9dure d\u2019asile ou souhaitez introduire une demande de protection internationale ? ,ou un de vos proches est d\u00e9tenu dans un centre ferm\u00e9 ?<\/span><\/span><\/span><span class=\"grve-typed-text-suffix\"> <\/span><\/h3><div class=\"grve-empty-space grve-height-2x\"><\/div>[\/vc_column][\/vc_row][vc_row padding_top_multiplier=\u00a0\u00bbcustom\u00a0\u00bb padding_bottom_multiplier=\u00a0\u00bb4x\u00a0\u00bb rc_bg_type=\u00a0\u00bbcolor\u00a0\u00bb columns_gap=\u00a0\u00bb30&Prime; equal_column_height=\u00a0\u00bbequal\u00a0\u00bb rc_bg_color=\u00a0\u00bb#F7F7FB\u00a0\u00bb padding_top=\u00a0\u00bb-90px\u00a0\u00bb][vc_column width=\u00a0\u00bb1\/3&Prime; vertical_content_position=\u00a0\u00bbmiddle\u00a0\u00bb text_align=\u00a0\u00bbcenter\u00a0\u00bb rc_bg_type=\u00a0\u00bbcolor\u00a0\u00bb rc_add_shadow=\u00a0\u00bbsmall-shadow\u00a0\u00bb hover_animation=\u00a0\u00bbslide-up\u00a0\u00bb rc_bg_color=\u00a0\u00bb#FFFFFF\u00a0\u00bb grve_css=\u00a0\u00bb{\u00ab\u00a0desktop\u00ab\u00a0:{\u00ab\u00a0margin-top\u00ab\u00a0:\u00ab\u00a0-7%\u00ab\u00a0,\u00ab\u00a0border-top-left-radius\u00ab\u00a0:\u00ab\u00a05px\u00ab\u00a0,\u00ab\u00a0border-top-right-radius\u00ab\u00a0:\u00ab\u00a05px\u00ab\u00a0,\u00ab\u00a0border-bottom-right-radius\u00ab\u00a0:\u00ab\u00a05px\u00ab\u00a0,\u00ab\u00a0border-bottom-left-radius\u00ab\u00a0:\u00ab\u00a05px\u00ab\u00a0,\u00ab\u00a0padding-top\u00ab\u00a0:\u00ab\u00a010%\u00ab\u00a0,\u00ab\u00a0padding-right\u00ab\u00a0:\u00ab\u00a010%\u00ab\u00a0,\u00ab\u00a0padding-bottom\u00ab\u00a0:\u00ab\u00a010%\u00ab\u00a0,\u00ab\u00a0padding-left\u00ab\u00a0:\u00ab\u00a010%\u00ab\u00a0,\u00ab\u00a0class\u00ab\u00a0:\u00ab\u00a0grve-wpb-1741636082346\u00ab\u00a0}}\u00a0\u00bb]<h3 class=\"grve-element grve-title grve-align-center grve-h5\"><span>Visa<\/span><\/h3>[vc_column_text css=\u00a0\u00bb\u00a0\u00bb]Visa touristique pour raisons familiales, culturelles ou professionnelles, visa humanitaire, visa en vue de mariage, visa long s\u00e9jour, visa \u00e9tudiant, visa rentier, visa de retour, visa de transit a\u00e9roportuaire, recours contre une d\u00e9cision de refus de visa de l\u2019Office des \u00e9trangers,\u2026[\/vc_column_text][\/vc_column][vc_column width=\u00a0\u00bb1\/3&Prime; vertical_content_position=\u00a0\u00bbmiddle\u00a0\u00bb text_align=\u00a0\u00bbcenter\u00a0\u00bb rc_bg_type=\u00a0\u00bbcolor\u00a0\u00bb rc_add_shadow=\u00a0\u00bbsmall-shadow\u00a0\u00bb hover_animation=\u00a0\u00bbslide-up\u00a0\u00bb rc_bg_color=\u00a0\u00bb#FFFFFF\u00a0\u00bb grve_css=\u00a0\u00bb{\u00ab\u00a0desktop\u00ab\u00a0:{\u00ab\u00a0margin-top\u00ab\u00a0:\u00ab\u00a0-7%\u00ab\u00a0,\u00ab\u00a0border-top-left-radius\u00ab\u00a0:\u00ab\u00a05px\u00ab\u00a0,\u00ab\u00a0border-top-right-radius\u00ab\u00a0:\u00ab\u00a05px\u00ab\u00a0,\u00ab\u00a0border-bottom-right-radius\u00ab\u00a0:\u00ab\u00a05px\u00ab\u00a0,\u00ab\u00a0border-bottom-left-radius\u00ab\u00a0:\u00ab\u00a05px\u00ab\u00a0,\u00ab\u00a0padding-top\u00ab\u00a0:\u00ab\u00a010%\u00ab\u00a0,\u00ab\u00a0padding-right\u00ab\u00a0:\u00ab\u00a010%\u00ab\u00a0,\u00ab\u00a0padding-bottom\u00ab\u00a0:\u00ab\u00a010%\u00ab\u00a0,\u00ab\u00a0padding-left\u00ab\u00a0:\u00ab\u00a010%\u00ab\u00a0,\u00ab\u00a0class\u00ab\u00a0:\u00ab\u00a0grve-wpb-1741636089834\u00ab\u00a0}}\u00a0\u00bb]<h3 class=\"grve-element grve-title grve-align-center grve-h5\"><span>S\u00e9jour<\/span><\/h3>[vc_column_text css=\u00a0\u00bb\u00a0\u00bb]Regroupement familial, r\u00e9gularisations humanitaire et m\u00e9dicale, changement de statut, s\u00e9jour \u00e9tudiant, s\u00e9jour illimit\u00e9, r\u00e9sident de longue dur\u00e9e de l\u2019Union europ\u00e9enne, recours contre les d\u00e9cisions de l\u2019Office des \u00e9trangers : refus de s\u00e9jour, ordre de quitter le territoire, interdiction d\u2019entr\u00e9e,\u2026[\/vc_column_text][\/vc_column][vc_column width=\u00a0\u00bb1\/3&Prime; text_align=\u00a0\u00bbcenter\u00a0\u00bb rc_bg_type=\u00a0\u00bbcolor\u00a0\u00bb rc_add_shadow=\u00a0\u00bbsmall-shadow\u00a0\u00bb hover_animation=\u00a0\u00bbslide-up\u00a0\u00bb rc_bg_color=\u00a0\u00bb#FFFFFF\u00a0\u00bb grve_css=\u00a0\u00bb{\u00ab\u00a0desktop\u00ab\u00a0:{\u00ab\u00a0margin-top\u00ab\u00a0:\u00ab\u00a0-7%\u00ab\u00a0,\u00ab\u00a0border-top-left-radius\u00ab\u00a0:\u00ab\u00a05px\u00ab\u00a0,\u00ab\u00a0border-top-right-radius\u00ab\u00a0:\u00ab\u00a05px\u00ab\u00a0,\u00ab\u00a0border-bottom-right-radius\u00ab\u00a0:\u00ab\u00a05px\u00ab\u00a0,\u00ab\u00a0border-bottom-left-radius\u00ab\u00a0:\u00ab\u00a05px\u00ab\u00a0,\u00ab\u00a0padding-top\u00ab\u00a0:\u00ab\u00a010%\u00ab\u00a0,\u00ab\u00a0padding-right\u00ab\u00a0:\u00ab\u00a010%\u00ab\u00a0,\u00ab\u00a0padding-bottom\u00ab\u00a0:\u00ab\u00a010%\u00ab\u00a0,\u00ab\u00a0padding-left\u00ab\u00a0:\u00ab\u00a010%\u00ab\u00a0,\u00ab\u00a0class\u00ab\u00a0:\u00ab\u00a0grve-wpb-1741977552034\u00ab\u00a0}}\u00a0\u00bb]<h3 class=\"grve-element grve-title grve-align-center grve-h5\"><span>Migration \u00e9conomique <\/span><\/h3>[vc_column_text css=\u00a0\u00bb\u00a0\u00bb]Autorisation de travail de courte et de longue dur\u00e9e, permis unique, permis hautement qualifi\u00e9, carte bleue europ\u00e9enne, jeunes au pair, permis pour chercheur, permis pour artistes, carte professionnelle, introduction et suivi de la demande aupr\u00e8s de la R\u00e9gion et de l\u2019Office des \u00e9trangers,\u2026[\/vc_column_text][\/vc_column][\/vc_row][vc_row padding_top_multiplier=\u00a0\u00bb\u00a0\u00bb padding_bottom_multiplier=\u00a0\u00bb3x\u00a0\u00bb rc_bg_type=\u00a0\u00bbcolor\u00a0\u00bb columns_gap=\u00a0\u00bb30&Prime; equal_column_height=\u00a0\u00bbequal\u00a0\u00bb rc_bg_color=\u00a0\u00bb#F7F7FB\u00a0\u00bb][vc_column width=\u00a0\u00bb1\/3&Prime; vertical_content_position=\u00a0\u00bbmiddle\u00a0\u00bb text_align=\u00a0\u00bbcenter\u00a0\u00bb rc_bg_type=\u00a0\u00bbcolor\u00a0\u00bb rc_add_shadow=\u00a0\u00bbsmall-shadow\u00a0\u00bb hover_animation=\u00a0\u00bbslide-up\u00a0\u00bb rc_bg_color=\u00a0\u00bb#FFFFFF\u00a0\u00bb grve_css=\u00a0\u00bb{\u00ab\u00a0desktop\u00ab\u00a0:{\u00ab\u00a0margin-top\u00ab\u00a0:\u00ab\u00a0-7%\u00ab\u00a0,\u00ab\u00a0border-top-left-radius\u00ab\u00a0:\u00ab\u00a05px\u00ab\u00a0,\u00ab\u00a0border-top-right-radius\u00ab\u00a0:\u00ab\u00a05px\u00ab\u00a0,\u00ab\u00a0border-bottom-right-radius\u00ab\u00a0:\u00ab\u00a05px\u00ab\u00a0,\u00ab\u00a0border-bottom-left-radius\u00ab\u00a0:\u00ab\u00a05px\u00ab\u00a0,\u00ab\u00a0padding-top\u00ab\u00a0:\u00ab\u00a010%\u00ab\u00a0,\u00ab\u00a0padding-right\u00ab\u00a0:\u00ab\u00a010%\u00ab\u00a0,\u00ab\u00a0padding-bottom\u00ab\u00a0:\u00ab\u00a010%\u00ab\u00a0,\u00ab\u00a0padding-left\u00ab\u00a0:\u00ab\u00a010%\u00ab\u00a0,\u00ab\u00a0class\u00ab\u00a0:\u00ab\u00a0grve-wpb-1741636082346\u00ab\u00a0}}\u00a0\u00bb]<h3 class=\"grve-element grve-title grve-align-center grve-h5\"><span>Asile<\/span><\/h3>[vc_column_text css=\u00a0\u00bb\u00a0\u00bb]Protection internationale et protection subsidiaire, pr\u00e9paration de l\u2019entretien personnel, accompagnement au CGRA, demande de protection ult\u00e9rieure, proc\u00e9dure Dublin, exclusion et retrait du statut de r\u00e9fugi\u00e9, recours au Conseil du Contentieux des \u00e9trangers contre une d\u00e9cision de refus,\u2026[\/vc_column_text][\/vc_column][vc_column width=\u00a0\u00bb1\/3&Prime; vertical_content_position=\u00a0\u00bbmiddle\u00a0\u00bb text_align=\u00a0\u00bbcenter\u00a0\u00bb rc_bg_type=\u00a0\u00bbcolor\u00a0\u00bb rc_add_shadow=\u00a0\u00bbsmall-shadow\u00a0\u00bb hover_animation=\u00a0\u00bbslide-up\u00a0\u00bb rc_bg_color=\u00a0\u00bb#FFFFFF\u00a0\u00bb grve_css=\u00a0\u00bb{\u00ab\u00a0desktop\u00ab\u00a0:{\u00ab\u00a0margin-top\u00ab\u00a0:\u00ab\u00a0-7%\u00ab\u00a0,\u00ab\u00a0border-top-left-radius\u00ab\u00a0:\u00ab\u00a05px\u00ab\u00a0,\u00ab\u00a0border-top-right-radius\u00ab\u00a0:\u00ab\u00a05px\u00ab\u00a0,\u00ab\u00a0border-bottom-right-radius\u00ab\u00a0:\u00ab\u00a05px\u00ab\u00a0,\u00ab\u00a0border-bottom-left-radius\u00ab\u00a0:\u00ab\u00a05px\u00ab\u00a0,\u00ab\u00a0padding-top\u00ab\u00a0:\u00ab\u00a010%\u00ab\u00a0,\u00ab\u00a0padding-right\u00ab\u00a0:\u00ab\u00a010%\u00ab\u00a0,\u00ab\u00a0padding-bottom\u00ab\u00a0:\u00ab\u00a010%\u00ab\u00a0,\u00ab\u00a0padding-left\u00ab\u00a0:\u00ab\u00a010%\u00ab\u00a0,\u00ab\u00a0class\u00ab\u00a0:\u00ab\u00a0grve-wpb-1741636089834\u00ab\u00a0}}\u00a0\u00bb]<h3 class=\"grve-element grve-title grve-align-center grve-h5\"><span>Nationalit\u00e9<\/span><\/h3>[vc_column_text css=\u00a0\u00bb\u00a0\u00bb]Demande de nationalit\u00e9 belge, analyse des conditions requises par le Code de la nationalit\u00e9 belge, apatridie, attribution de la nationalit\u00e9 belge aux enfants mineurs, perte et recouvrement de la nationalit\u00e9, recours devant le Tribunal de la famille contre une d\u00e9cision de refus de nationalit\u00e9,\u2026[\/vc_column_text][\/vc_column][vc_column width=\u00a0\u00bb1\/3&Prime; text_align=\u00a0\u00bbcenter\u00a0\u00bb rc_bg_type=\u00a0\u00bbcolor\u00a0\u00bb rc_add_shadow=\u00a0\u00bbsmall-shadow\u00a0\u00bb hover_animation=\u00a0\u00bbslide-up\u00a0\u00bb rc_bg_color=\u00a0\u00bb#FFFFFF\u00a0\u00bb grve_css=\u00a0\u00bb{\u00ab\u00a0desktop\u00ab\u00a0:{\u00ab\u00a0margin-top\u00ab\u00a0:\u00ab\u00a0-7%\u00ab\u00a0,\u00ab\u00a0border-top-left-radius\u00ab\u00a0:\u00ab\u00a05px\u00ab\u00a0,\u00ab\u00a0border-top-right-radius\u00ab\u00a0:\u00ab\u00a05px\u00ab\u00a0,\u00ab\u00a0border-bottom-right-radius\u00ab\u00a0:\u00ab\u00a05px\u00ab\u00a0,\u00ab\u00a0border-bottom-left-radius\u00ab\u00a0:\u00ab\u00a05px\u00ab\u00a0,\u00ab\u00a0padding-top\u00ab\u00a0:\u00ab\u00a010%\u00ab\u00a0,\u00ab\u00a0padding-right\u00ab\u00a0:\u00ab\u00a010%\u00ab\u00a0,\u00ab\u00a0padding-bottom\u00ab\u00a0:\u00ab\u00a010%\u00ab\u00a0,\u00ab\u00a0padding-left\u00ab\u00a0:\u00ab\u00a010%\u00ab\u00a0,\u00ab\u00a0class\u00ab\u00a0:\u00ab\u00a0grve-wpb-1741977552034\u00ab\u00a0}}\u00a0\u00bb]<h3 class=\"grve-element grve-title grve-align-center grve-h5\"><span>Droit familial international<\/span><\/h3>[vc_column_text css=\u00a0\u00bb\u00a0\u00bb]Mariage ou cohabitation l\u00e9gale avec un \u00e9tranger, reconnaissance de paternit\u00e9, rectification d\u2019acte d\u2019\u00e9tat civil, rectification des nom et pr\u00e9nom, reconnaissance d\u2019un acte ou d\u2019un jugement \u00e9tranger, conflits de juridiction et conflits de loi, recours devant le Tribunal de la famille, \u2026[\/vc_column_text][\/vc_column][\/vc_row][vc_row padding_top_multiplier=\u00a0\u00bb\u00a0\u00bb padding_bottom_multiplier=\u00a0\u00bb4x\u00a0\u00bb rc_bg_type=\u00a0\u00bbcolor\u00a0\u00bb equal_column_height=\u00a0\u00bbequal\u00a0\u00bb rc_bg_color=\u00a0\u00bb#f7f7fb\u00a0\u00bb][vc_column text_align=\u00a0\u00bbcenter\u00a0\u00bb]<h1 class=\"grve-element grve-title grve-align-center grve-subtitle-text grve-text-primary-2\"><span>Cabinet V3 VERGAUWEN, VENET &amp; ASSOCI\u00c9S<\/span><\/h1><h3 class=\"grve-element grve-title grve-align-center grve-h3\"><span>Contactez un avocat sp\u00e9cialis\u00e9 en droit des \u00e9trangers<\/span><\/h3><div class=\"grve-empty-space grve-height-1x\"><\/div>[vc_column_text css=\u00a0\u00bb\u00a0\u00bb text_style=\u00a0\u00bbleader-text\u00a0\u00bb]Nous analysons en d\u00e9tail votre situation afin de d\u00e9terminer la voie la plus appropri\u00e9e pour r\u00e9gulariser votre situation de s\u00e9jour en Belgique, permettre d\u2019obtenir un titre de s\u00e9jour illimit\u00e9 ou la nationalit\u00e9 belge.<\/p>\n<p>Nous vous accompagnons \u00e0 tous les stades de la proc\u00e9dure, de l\u2019introduction de la demande \u00e0 votre d\u00e9fense devant le Conseil du Contentieux des \u00e9trangers.<\/p>\n<p>Nous vous assistons \u00e9galement en droit familial international, dans toutes les d\u00e9marches qui vous concernent vous et votre famille.[\/vc_column_text]<div class=\"grve-empty-space grve-height-2x\"><\/div>[vc_row_inner][vc_column_inner width=\u00a0\u00bb1\/5&Prime;][\/vc_column_inner][vc_column_inner width=\u00a0\u00bb1\/5&Prime;]<div class=\"grve-element grve-team grve-layout-2\">\n\t<div class=\"grve-hover-item grve-radius-5 grve-small-shadow grve-grayscale-image-hover\">\n\t\t<a href=\"\/fr\/equipe\/olivia-venet\/\" class=\"grve-team-url\"><\/a>\t\t<div class=\"grve-team-person grve-grayscale-image-hover\">\n\t\t\t<div class=\"grve-thumbnail-wrapper\"><div class=\"grve-thumbnail\"  style=\"padding-top: 150%;\"><img loading=\"lazy\" decoding=\"async\" width=\"768\" height=\"1152\" src=\"https:\/\/v3avocats.be\/wp-content\/uploads\/2025\/02\/2024_CabinetVergauwen0314-768x1152.jpg\" class=\"attachment-medium_large size-medium_large\" alt=\"Olivia Venet Associ\u00e9e cabinet V3 VERGAUWEN, VENET &amp; ASSOCI\u00c9S \u00e0 Bruxelles\" data-column-space=\"100\" data-lazyload=\"\" data-grve-filter=\"yes\" srcset=\"https:\/\/v3avocats.be\/wp-content\/uploads\/2025\/02\/2024_CabinetVergauwen0314-768x1152.jpg 768w, https:\/\/v3avocats.be\/wp-content\/uploads\/2025\/02\/2024_CabinetVergauwen0314-200x300.jpg 200w, https:\/\/v3avocats.be\/wp-content\/uploads\/2025\/02\/2024_CabinetVergauwen0314-683x1024.jpg 683w, https:\/\/v3avocats.be\/wp-content\/uploads\/2025\/02\/2024_CabinetVergauwen0314.jpg 1000w\" sizes=\"auto, (max-width: 768px) 100vw, 768px\" \/><\/div><\/div>\t\t<\/div>\n\t\t<ul class=\"grve-team-social grve-align-center\">\n\t\t\t<li><a href=\"mailto:ov&#064;v&#051;a&#118;o&#099;&#097;ts&#046;be\"><span class=\"grve-icon fas fa-envelope\" aria-hidden=\"true\"><\/span><span class=\"screen-reader-text\">E-mail<\/span><\/a><\/li>\t\t<\/ul>\n\t\t\t\t<div class=\"grve-team-description grve-align-center\">\n\t\t\t\t\t\t<div class=\"grve-team-identity grve-small-text\">Associ\u00e9e<\/div>\n\t\t\t\t\t\t<h4 class=\"grve-team-name grve-h5\">Olivia Venet<\/h4>\n\t\t<\/div>\n\t\t\t<\/div>\n\t<\/div>\n[\/vc_column_inner][vc_column_inner width=\u00a0\u00bb1\/5&Prime;]<div class=\"grve-element grve-team grve-layout-2\">\n\t<div class=\"grve-hover-item grve-radius-5 grve-small-shadow grve-grayscale-image-hover\">\n\t\t<a href=\"\/fr\/equipe\/louise-ramboux\/\" class=\"grve-team-url\"><\/a>\t\t<div class=\"grve-team-person grve-grayscale-image-hover\">\n\t\t\t<div class=\"grve-thumbnail-wrapper\"><div class=\"grve-thumbnail\"  style=\"padding-top: 150%;\"><img loading=\"lazy\" decoding=\"async\" width=\"768\" height=\"1152\" src=\"https:\/\/v3avocats.be\/wp-content\/uploads\/2025\/02\/2024_CabinetVergauwen0619-768x1152.jpg\" class=\"attachment-medium_large size-medium_large\" alt=\"Louise Ramboux collaboratrice cabinet V3 VERGAUWEN, VENET &amp; ASSOCI\u00c9S \u00e0 Bruxelles\" data-column-space=\"100\" data-lazyload=\"\" data-grve-filter=\"yes\" srcset=\"https:\/\/v3avocats.be\/wp-content\/uploads\/2025\/02\/2024_CabinetVergauwen0619-768x1152.jpg 768w, https:\/\/v3avocats.be\/wp-content\/uploads\/2025\/02\/2024_CabinetVergauwen0619-200x300.jpg 200w, https:\/\/v3avocats.be\/wp-content\/uploads\/2025\/02\/2024_CabinetVergauwen0619-683x1024.jpg 683w, https:\/\/v3avocats.be\/wp-content\/uploads\/2025\/02\/2024_CabinetVergauwen0619.jpg 1000w\" sizes=\"auto, (max-width: 768px) 100vw, 768px\" \/><\/div><\/div>\t\t<\/div>\n\t\t<ul class=\"grve-team-social grve-align-center\">\n\t\t\t<li><a href=\"https:\/\/be.linkedin.com\/in\/louise-ramboux-47937a1bb\" target=\"_blank\" rel=\"noopener noreferrer\"><span class=\"grve-icon fab fa-linkedin-in\" aria-hidden=\"true\"><\/span><span class=\"screen-reader-text\">Linkedin<\/span><\/a><\/li><li><a href=\"mailto:l&#114;&#064;&#118;3a&#118;ocats.be\"><span class=\"grve-icon fas fa-envelope\" aria-hidden=\"true\"><\/span><span class=\"screen-reader-text\">E-mail<\/span><\/a><\/li>\t\t<\/ul>\n\t\t\t\t<div class=\"grve-team-description grve-align-center\">\n\t\t\t\t\t\t<div class=\"grve-team-identity grve-small-text\">Collaboratrice<\/div>\n\t\t\t\t\t\t<h4 class=\"grve-team-name grve-h5\">Louise Ramboux<\/h4>\n\t\t<\/div>\n\t\t\t<\/div>\n\t<\/div>\n[\/vc_column_inner][vc_column_inner width=\u00a0\u00bb1\/5&Prime;]<div class=\"grve-element grve-team grve-layout-2\">\n\t<div class=\"grve-hover-item grve-radius-5 grve-small-shadow grve-grayscale-image-hover\">\n\t\t<a href=\"\/fr\/equipe\/elisabeth-hinfray\/\" class=\"grve-team-url\"><\/a>\t\t<div class=\"grve-team-person grve-grayscale-image-hover\">\n\t\t\t<div class=\"grve-thumbnail-wrapper\"><div class=\"grve-thumbnail\"  style=\"padding-top: 150%;\"><img loading=\"lazy\" decoding=\"async\" width=\"768\" height=\"1152\" src=\"https:\/\/v3avocats.be\/wp-content\/uploads\/2025\/02\/2024_CabinetVergauwen0501-768x1152.jpg\" class=\"attachment-medium_large size-medium_large\" alt=\"Elisabeth Hinfray collaboratrice cabinet V3 VERGAUWEN, VENET &amp; ASSOCI\u00c9S \u00e0 Bruxelles\" data-column-space=\"100\" data-lazyload=\"\" data-grve-filter=\"yes\" srcset=\"https:\/\/v3avocats.be\/wp-content\/uploads\/2025\/02\/2024_CabinetVergauwen0501-768x1152.jpg 768w, https:\/\/v3avocats.be\/wp-content\/uploads\/2025\/02\/2024_CabinetVergauwen0501-200x300.jpg 200w, https:\/\/v3avocats.be\/wp-content\/uploads\/2025\/02\/2024_CabinetVergauwen0501-683x1024.jpg 683w, https:\/\/v3avocats.be\/wp-content\/uploads\/2025\/02\/2024_CabinetVergauwen0501.jpg 1000w\" sizes=\"auto, (max-width: 768px) 100vw, 768px\" \/><\/div><\/div>\t\t<\/div>\n\t\t<ul class=\"grve-team-social grve-align-center\">\n\t\t\t<li><a href=\"mailto:eh&#064;v3&#097;v&#111;&#099;&#097;&#116;&#115;.&#098;&#101;\"><span class=\"grve-icon fas fa-envelope\" aria-hidden=\"true\"><\/span><span class=\"screen-reader-text\">E-mail<\/span><\/a><\/li>\t\t<\/ul>\n\t\t\t\t<div class=\"grve-team-description grve-align-center\">\n\t\t\t\t\t\t<div class=\"grve-team-identity grve-small-text\">Collaboratrice<\/div>\n\t\t\t\t\t\t<h4 class=\"grve-team-name grve-h5\">Elisabeth Hinfray<\/h4>\n\t\t<\/div>\n\t\t\t<\/div>\n\t<\/div>\n[\/vc_column_inner][vc_column_inner width=\u00a0\u00bb1\/5&Prime;][\/vc_column_inner][\/vc_row_inner][\/vc_column][\/vc_row]<\/p>\n<\/div>","protected":false},"excerpt":{"rendered":"<p>[vc_row height_ratio=\u00a0\u00bb70&Prime; padding_top_multiplier=\u00a0\u00bb2x\u00a0\u00bb rc_heading_color=\u00a0\u00bbwhite\u00a0\u00bb rc_bg_type=\u00a0\u00bbimage\u00a0\u00bb rc_bg_image=\u00a0\u00bb771&Prime; rc_bg_color_overlay=\u00a0\u00bbcustom\u00a0\u00bb rc_bg_color_overlay_custom=\u00a0\u00bb#12122DCC\u00a0\u00bb tablet_sm_height_ratio=\u00a0\u00bb0&Prime; mobile_height_ratio=\u00a0\u00bb0&Prime; scroll_header_skin=\u00a0\u00bblight\u00a0\u00bb rc_bg_color=\u00a0\u00bb#393589&Prime; rc_font_color=\u00a0\u00bb#ffffff\u00a0\u00bb section_id=\u00a0\u00bbdp\u00a0\u00bb][vc_column vertical_content_position=\u00a0\u00bbmiddle\u00a0\u00bb][\/vc_column][\/vc_row][vc_row padding_top_multiplier=\u00a0\u00bbcustom\u00a0\u00bb padding_bottom_multiplier=\u00a0\u00bb4x\u00a0\u00bb rc_bg_type=\u00a0\u00bbcolor\u00a0\u00bb columns_gap=\u00a0\u00bb30&Prime; equal_column_height=\u00a0\u00bbequal\u00a0\u00bb rc_bg_color=\u00a0\u00bb#F7F7FB\u00a0\u00bb padding_top=\u00a0\u00bb-90px\u00a0\u00bb][vc_column width=\u00a0\u00bb1\/3&Prime; vertical_content_position=\u00a0\u00bbmiddle\u00a0\u00bb text_align=\u00a0\u00bbcenter\u00a0\u00bb rc_bg_type=\u00a0\u00bbcolor\u00a0\u00bb rc_add_shadow=\u00a0\u00bbsmall-shadow\u00a0\u00bb hover_animation=\u00a0\u00bbslide-up\u00a0\u00bb rc_bg_color=\u00a0\u00bb#FFFFFF\u00a0\u00bb grve_css=\u00a0\u00bb{\u00ab\u00a0desktop\u00ab\u00a0:{\u00ab\u00a0margin-top\u00ab\u00a0:\u00ab\u00a0-7%\u00ab\u00a0,\u00ab\u00a0border-top-left-radius\u00ab\u00a0:\u00ab\u00a05px\u00ab\u00a0,\u00ab\u00a0border-top-right-radius\u00ab\u00a0:\u00ab\u00a05px\u00ab\u00a0,\u00ab\u00a0border-bottom-right-radius\u00ab\u00a0:\u00ab\u00a05px\u00ab\u00a0,\u00ab\u00a0border-bottom-left-radius\u00ab\u00a0:\u00ab\u00a05px\u00ab\u00a0,\u00ab\u00a0padding-top\u00ab\u00a0:\u00ab\u00a010%\u00ab\u00a0,\u00ab\u00a0padding-right\u00ab\u00a0:\u00ab\u00a010%\u00ab\u00a0,\u00ab\u00a0padding-bottom\u00ab\u00a0:\u00ab\u00a010%\u00ab\u00a0,\u00ab\u00a0padding-left\u00ab\u00a0:\u00ab\u00a010%\u00ab\u00a0,\u00ab\u00a0class\u00ab\u00a0:\u00ab\u00a0grve-wpb-1741636082346\u00ab\u00a0}}\u00a0\u00bb][vc_column_text css=\u00a0\u00bb\u00a0\u00bb]Visa touristique pour raisons familiales, culturelles ou professionnelles, visa humanitaire, visa en vue de mariage, visa long s\u00e9jour, visa \u00e9tudiant, visa rentier, visa de retour, [&hellip;]<\/p>\n","protected":false},"author":1,"featured_media":771,"parent":85,"menu_order":0,"comment_status":"closed","ping_status":"closed","template":"","meta":{"footnotes":""},"class_list":["post-468","page","type-page","status-publish","has-post-thumbnail","hentry","grve-entry-item"],"yoast_head":"<!-- This site is optimized with the Yoast SEO plugin v27.0 - https:\/\/yoast.com\/product\/yoast-seo-wordpress\/ -->\n<title>Droit des \u00e9trangers - V3avocats<\/title>\n<meta name=\"description\" content=\"Le cabinet V3 VERGAUWEN, VENET &amp; ASSOCI\u00c9S vous accompagne \u00e0 tous les stades de la proc\u00e9dure en droit des \u00e9trangers.\" \/>\n<meta name=\"robots\" content=\"index, follow, max-snippet:-1, max-image-preview:large, max-video-preview:-1\" \/>\n<link rel=\"canonical\" href=\"https:\/\/v3avocats.be\/fr\/matieres\/droit-des-etrangers\/\" \/>\n<meta property=\"og:locale\" content=\"fr_FR\" \/>\n<meta property=\"og:type\" content=\"article\" \/>\n<meta property=\"og:title\" content=\"Droit des \u00e9trangers - V3avocats\" \/>\n<meta property=\"og:description\" content=\"Le cabinet V3 VERGAUWEN, VENET &amp; ASSOCI\u00c9S vous accompagne \u00e0 tous les stades de la proc\u00e9dure en droit des \u00e9trangers.\" \/>\n<meta property=\"og:url\" content=\"https:\/\/v3avocats.be\/fr\/matieres\/droit-des-etrangers\/\" \/>\n<meta property=\"og:site_name\" content=\"V3avocats\" \/>\n<meta property=\"article:modified_time\" content=\"2025-05-30T10:19:37+00:00\" \/>\n<meta property=\"og:image\" content=\"https:\/\/v3avocats.be\/wp-content\/uploads\/2025\/05\/banner-droit-etrangers.jpg\" \/>\n\t<meta property=\"og:image:width\" content=\"2500\" \/>\n\t<meta property=\"og:image:height\" content=\"1406\" \/>\n\t<meta property=\"og:image:type\" content=\"image\/jpeg\" \/>\n<meta name=\"twitter:card\" content=\"summary_large_image\" \/>\n<meta name=\"twitter:label1\" content=\"Dur\u00e9e de lecture estim\u00e9e\" \/>\n\t<meta name=\"twitter:data1\" content=\"4 minutes\" \/>\n<script type=\"application\/ld+json\" class=\"yoast-schema-graph\">{\"@context\":\"https:\/\/schema.org\",\"@graph\":[{\"@type\":\"WebPage\",\"@id\":\"https:\/\/v3avocats.be\/fr\/matieres\/droit-des-etrangers\/\",\"url\":\"https:\/\/v3avocats.be\/fr\/matieres\/droit-des-etrangers\/\",\"name\":\"Droit des \u00e9trangers - V3avocats\",\"isPartOf\":{\"@id\":\"https:\/\/v3avocats.be\/fr\/#website\"},\"primaryImageOfPage\":{\"@id\":\"https:\/\/v3avocats.be\/fr\/matieres\/droit-des-etrangers\/#primaryimage\"},\"image\":{\"@id\":\"https:\/\/v3avocats.be\/fr\/matieres\/droit-des-etrangers\/#primaryimage\"},\"thumbnailUrl\":\"https:\/\/v3avocats.be\/wp-content\/uploads\/2025\/05\/banner-droit-etrangers.jpg\",\"datePublished\":\"2025-03-22T15:27:07+00:00\",\"dateModified\":\"2025-05-30T10:19:37+00:00\",\"description\":\"Le cabinet V3 VERGAUWEN, VENET & ASSOCI\u00c9S vous accompagne \u00e0 tous les stades de la proc\u00e9dure en droit des \u00e9trangers.\",\"breadcrumb\":{\"@id\":\"https:\/\/v3avocats.be\/fr\/matieres\/droit-des-etrangers\/#breadcrumb\"},\"inLanguage\":\"fr-FR\",\"potentialAction\":[{\"@type\":\"ReadAction\",\"target\":[\"https:\/\/v3avocats.be\/fr\/matieres\/droit-des-etrangers\/\"]}]},{\"@type\":\"ImageObject\",\"inLanguage\":\"fr-FR\",\"@id\":\"https:\/\/v3avocats.be\/fr\/matieres\/droit-des-etrangers\/#primaryimage\",\"url\":\"https:\/\/v3avocats.be\/wp-content\/uploads\/2025\/05\/banner-droit-etrangers.jpg\",\"contentUrl\":\"https:\/\/v3avocats.be\/wp-content\/uploads\/2025\/05\/banner-droit-etrangers.jpg\",\"width\":2500,\"height\":1406,\"caption\":\"droit des \u00e9trangers\"},{\"@type\":\"BreadcrumbList\",\"@id\":\"https:\/\/v3avocats.be\/fr\/matieres\/droit-des-etrangers\/#breadcrumb\",\"itemListElement\":[{\"@type\":\"ListItem\",\"position\":1,\"name\":\"Accueil\",\"item\":\"https:\/\/v3avocats.be\/fr\/\"},{\"@type\":\"ListItem\",\"position\":2,\"name\":\"Mati\u00e8res trait\u00e9es en droit du cabinet V3 avocats\",\"item\":\"https:\/\/v3avocats.be\/fr\/matieres\/\"},{\"@type\":\"ListItem\",\"position\":3,\"name\":\"Droit des \u00e9trangers\"}]},{\"@type\":\"WebSite\",\"@id\":\"https:\/\/v3avocats.be\/fr\/#website\",\"url\":\"https:\/\/v3avocats.be\/fr\/\",\"name\":\"V3 Vergauwen, Venet & associ\u00e9s avocats\",\"description\":\"Cabinet V3 Vergauwen, Venet &amp; associ\u00e9s\",\"publisher\":{\"@id\":\"https:\/\/v3avocats.be\/fr\/#organization\"},\"potentialAction\":[{\"@type\":\"SearchAction\",\"target\":{\"@type\":\"EntryPoint\",\"urlTemplate\":\"https:\/\/v3avocats.be\/fr\/?s={search_term_string}\"},\"query-input\":{\"@type\":\"PropertyValueSpecification\",\"valueRequired\":true,\"valueName\":\"search_term_string\"}}],\"inLanguage\":\"fr-FR\"},{\"@type\":\"Organization\",\"@id\":\"https:\/\/v3avocats.be\/fr\/#organization\",\"name\":\"V3avocats\",\"url\":\"https:\/\/v3avocats.be\/fr\/\",\"logo\":{\"@type\":\"ImageObject\",\"inLanguage\":\"fr-FR\",\"@id\":\"https:\/\/v3avocats.be\/fr\/#\/schema\/logo\/image\/\",\"url\":\"https:\/\/v3avocats.be\/wp-content\/uploads\/2025\/02\/V3avocats-favicon-1.png\",\"contentUrl\":\"https:\/\/v3avocats.be\/wp-content\/uploads\/2025\/02\/V3avocats-favicon-1.png\",\"width\":512,\"height\":512,\"caption\":\"V3avocats\"},\"image\":{\"@id\":\"https:\/\/v3avocats.be\/fr\/#\/schema\/logo\/image\/\"}}]}<\/script>\n<!-- \/ Yoast SEO plugin. -->","yoast_head_json":{"title":"Droit des \u00e9trangers - V3avocats","description":"Le cabinet V3 VERGAUWEN, VENET & ASSOCI\u00c9S vous accompagne \u00e0 tous les stades de la proc\u00e9dure en droit des \u00e9trangers.","robots":{"index":"index","follow":"follow","max-snippet":"max-snippet:-1","max-image-preview":"max-image-preview:large","max-video-preview":"max-video-preview:-1"},"canonical":"https:\/\/v3avocats.be\/fr\/matieres\/droit-des-etrangers\/","og_locale":"fr_FR","og_type":"article","og_title":"Droit des \u00e9trangers - V3avocats","og_description":"Le cabinet V3 VERGAUWEN, VENET & ASSOCI\u00c9S vous accompagne \u00e0 tous les stades de la proc\u00e9dure en droit des \u00e9trangers.","og_url":"https:\/\/v3avocats.be\/fr\/matieres\/droit-des-etrangers\/","og_site_name":"V3avocats","article_modified_time":"2025-05-30T10:19:37+00:00","og_image":[{"width":2500,"height":1406,"url":"https:\/\/v3avocats.be\/wp-content\/uploads\/2025\/05\/banner-droit-etrangers.jpg","type":"image\/jpeg"}],"twitter_card":"summary_large_image","twitter_misc":{"Dur\u00e9e de lecture estim\u00e9e":"4 minutes"},"schema":{"@context":"https:\/\/schema.org","@graph":[{"@type":"WebPage","@id":"https:\/\/v3avocats.be\/fr\/matieres\/droit-des-etrangers\/","url":"https:\/\/v3avocats.be\/fr\/matieres\/droit-des-etrangers\/","name":"Droit des \u00e9trangers - V3avocats","isPartOf":{"@id":"https:\/\/v3avocats.be\/fr\/#website"},"primaryImageOfPage":{"@id":"https:\/\/v3avocats.be\/fr\/matieres\/droit-des-etrangers\/#primaryimage"},"image":{"@id":"https:\/\/v3avocats.be\/fr\/matieres\/droit-des-etrangers\/#primaryimage"},"thumbnailUrl":"https:\/\/v3avocats.be\/wp-content\/uploads\/2025\/05\/banner-droit-etrangers.jpg","datePublished":"2025-03-22T15:27:07+00:00","dateModified":"2025-05-30T10:19:37+00:00","description":"Le cabinet V3 VERGAUWEN, VENET & ASSOCI\u00c9S vous accompagne \u00e0 tous les stades de la proc\u00e9dure en droit des \u00e9trangers.","breadcrumb":{"@id":"https:\/\/v3avocats.be\/fr\/matieres\/droit-des-etrangers\/#breadcrumb"},"inLanguage":"fr-FR","potentialAction":[{"@type":"ReadAction","target":["https:\/\/v3avocats.be\/fr\/matieres\/droit-des-etrangers\/"]}]},{"@type":"ImageObject","inLanguage":"fr-FR","@id":"https:\/\/v3avocats.be\/fr\/matieres\/droit-des-etrangers\/#primaryimage","url":"https:\/\/v3avocats.be\/wp-content\/uploads\/2025\/05\/banner-droit-etrangers.jpg","contentUrl":"https:\/\/v3avocats.be\/wp-content\/uploads\/2025\/05\/banner-droit-etrangers.jpg","width":2500,"height":1406,"caption":"droit des \u00e9trangers"},{"@type":"BreadcrumbList","@id":"https:\/\/v3avocats.be\/fr\/matieres\/droit-des-etrangers\/#breadcrumb","itemListElement":[{"@type":"ListItem","position":1,"name":"Accueil","item":"https:\/\/v3avocats.be\/fr\/"},{"@type":"ListItem","position":2,"name":"Mati\u00e8res trait\u00e9es en droit du cabinet V3 avocats","item":"https:\/\/v3avocats.be\/fr\/matieres\/"},{"@type":"ListItem","position":3,"name":"Droit des \u00e9trangers"}]},{"@type":"WebSite","@id":"https:\/\/v3avocats.be\/fr\/#website","url":"https:\/\/v3avocats.be\/fr\/","name":"V3 Vergauwen, Venet & associ\u00e9s avocats","description":"Cabinet V3 Vergauwen, Venet &amp; associ\u00e9s","publisher":{"@id":"https:\/\/v3avocats.be\/fr\/#organization"},"potentialAction":[{"@type":"SearchAction","target":{"@type":"EntryPoint","urlTemplate":"https:\/\/v3avocats.be\/fr\/?s={search_term_string}"},"query-input":{"@type":"PropertyValueSpecification","valueRequired":true,"valueName":"search_term_string"}}],"inLanguage":"fr-FR"},{"@type":"Organization","@id":"https:\/\/v3avocats.be\/fr\/#organization","name":"V3avocats","url":"https:\/\/v3avocats.be\/fr\/","logo":{"@type":"ImageObject","inLanguage":"fr-FR","@id":"https:\/\/v3avocats.be\/fr\/#\/schema\/logo\/image\/","url":"https:\/\/v3avocats.be\/wp-content\/uploads\/2025\/02\/V3avocats-favicon-1.png","contentUrl":"https:\/\/v3avocats.be\/wp-content\/uploads\/2025\/02\/V3avocats-favicon-1.png","width":512,"height":512,"caption":"V3avocats"},"image":{"@id":"https:\/\/v3avocats.be\/fr\/#\/schema\/logo\/image\/"}}]}},"_links":{"self":[{"href":"https:\/\/v3avocats.be\/fr\/wp-json\/wp\/v2\/pages\/468","targetHints":{"allow":["GET"]}}],"collection":[{"href":"https:\/\/v3avocats.be\/fr\/wp-json\/wp\/v2\/pages"}],"about":[{"href":"https:\/\/v3avocats.be\/fr\/wp-json\/wp\/v2\/types\/page"}],"author":[{"embeddable":true,"href":"https:\/\/v3avocats.be\/fr\/wp-json\/wp\/v2\/users\/1"}],"replies":[{"embeddable":true,"href":"https:\/\/v3avocats.be\/fr\/wp-json\/wp\/v2\/comments?post=468"}],"version-history":[{"count":0,"href":"https:\/\/v3avocats.be\/fr\/wp-json\/wp\/v2\/pages\/468\/revisions"}],"up":[{"embeddable":true,"href":"https:\/\/v3avocats.be\/fr\/wp-json\/wp\/v2\/pages\/85"}],"wp:featuredmedia":[{"embeddable":true,"href":"https:\/\/v3avocats.be\/fr\/wp-json\/wp\/v2\/media\/771"}],"wp:attachment":[{"href":"https:\/\/v3avocats.be\/fr\/wp-json\/wp\/v2\/media?parent=468"}],"curies":[{"name":"wp","href":"https:\/\/api.w.org\/{rel}","templated":true}]}}