{"id":459,"date":"2025-03-22T15:03:08","date_gmt":"2025-03-22T15:03:08","guid":{"rendered":"https:\/\/v3avocats.uni-vert.be\/?page_id=459"},"modified":"2025-05-30T10:24:42","modified_gmt":"2025-05-30T10:24:42","slug":"droit-international","status":"publish","type":"page","link":"https:\/\/v3avocats.be\/fr\/matieres\/droit-international\/","title":{"rendered":"Droit international"},"content":{"rendered":"<div class=\"wpb-content-wrapper\"><p>[vc_row height_ratio=\u00a0\u00bb70&Prime; padding_top_multiplier=\u00a0\u00bb2x\u00a0\u00bb rc_heading_color=\u00a0\u00bbwhite\u00a0\u00bb rc_bg_type=\u00a0\u00bbimage\u00a0\u00bb rc_bg_image=\u00a0\u00bb765&Prime; rc_bg_color_overlay=\u00a0\u00bbcustom\u00a0\u00bb rc_bg_color_overlay_custom=\u00a0\u00bb#12122DCC\u00a0\u00bb tablet_sm_height_ratio=\u00a0\u00bb0&Prime; mobile_height_ratio=\u00a0\u00bb0&Prime; scroll_header_skin=\u00a0\u00bblight\u00a0\u00bb rc_bg_color=\u00a0\u00bb#393589&Prime; rc_font_color=\u00a0\u00bb#ffffff\u00a0\u00bb section_id=\u00a0\u00bbdp\u00a0\u00bb][vc_column vertical_content_position=\u00a0\u00bbmiddle\u00a0\u00bb]<div class=\"grve-element grve-image grve-align-center logo\">\n\t<div class=\"grve-image-item\">\n\t\t\n\n<div class=\"grve-image-wrapper grve-no-effect\">\n\t\t<div class=\"grve-svg-thumbnail-wrapper\"><div class=\"grve-svg-thumbnail\"><img decoding=\"async\" src=\"https:\/\/v3avocats.be\/wp-content\/uploads\/2025\/02\/droit-international-blanc.svg\" class=\"attachment-full size-full\" alt=\"droit international\" srcset=\"https:\/\/v3avocats.be\/wp-content\/uploads\/2025\/02\/droit-international-blanc.svg 1x,https:\/\/v3avocats.be\/wp-content\/uploads\/2025\/02\/droit-international-blanc.svg 2x\" data-column-space=\"auto\" data-lazyload=\"\" data-grve-filter=\"yes\" \/><\/div><\/div>\t<\/div>\n\t<\/div>\n<\/div>\n<div class=\"grve-empty-space grve-height-1x\"><\/div><h3 class=\"grve-element grve-title grve-align-center grve-h3 grve-text-white\"><span>Droit international<\/span><\/h3><h3 class=\"grve-element grve-typed-text grve-align-center grve-leader-text\"><span class=\"grve-typed-text-prefix\">* Vous <\/span><span class=\"grve-animated-text\"><span id=\"grve-typed-item-69f32becb3c95\" class=\"grve-text-primary-2\"><span class=\"grve-hidden\">avez re\u00e7u un mandat d'arr\u00eat europ\u00e9en ou international ? ,ou l\u2019un de vos proches est d\u00e9tenu ill\u00e9galement \u00e0 l'\u00e9tranger ?,\u00eates attrait devant la Cour p\u00e9nale internationale ? ,\u00eates menac\u00e9 d'\u00eatre extrad\u00e9 vers un pays o\u00f9 vous risquez de subir des traitements inhumains et\/ou d\u00e9gradants ?,pensez faire l\u2019objet d\u2019une notice Interpol ? ,souhaitez saisir la Cour europ\u00e9enne des droits de l\u2019homme ? ,\u00eates poursuivi en raison d\u2019une infraction politique ?<\/span><\/span><\/span><span class=\"grve-typed-text-suffix\"> <\/span><\/h3><div class=\"grve-empty-space grve-height-2x\"><\/div>[\/vc_column][\/vc_row][vc_row padding_top_multiplier=\u00a0\u00bbcustom\u00a0\u00bb padding_bottom_multiplier=\u00a0\u00bb4x\u00a0\u00bb rc_bg_type=\u00a0\u00bbcolor\u00a0\u00bb columns_gap=\u00a0\u00bb30&Prime; equal_column_height=\u00a0\u00bbequal\u00a0\u00bb rc_bg_color=\u00a0\u00bb#F7F7FB\u00a0\u00bb padding_top=\u00a0\u00bb-90px\u00a0\u00bb][vc_column width=\u00a0\u00bb1\/3&Prime; vertical_content_position=\u00a0\u00bbmiddle\u00a0\u00bb text_align=\u00a0\u00bbcenter\u00a0\u00bb rc_bg_type=\u00a0\u00bbcolor\u00a0\u00bb rc_add_shadow=\u00a0\u00bbsmall-shadow\u00a0\u00bb hover_animation=\u00a0\u00bbslide-up\u00a0\u00bb rc_bg_color=\u00a0\u00bb#FFFFFF\u00a0\u00bb grve_css=\u00a0\u00bb{\u00ab\u00a0desktop\u00ab\u00a0:{\u00ab\u00a0margin-top\u00ab\u00a0:\u00ab\u00a0-7%\u00ab\u00a0,\u00ab\u00a0border-top-left-radius\u00ab\u00a0:\u00ab\u00a05px\u00ab\u00a0,\u00ab\u00a0border-top-right-radius\u00ab\u00a0:\u00ab\u00a05px\u00ab\u00a0,\u00ab\u00a0border-bottom-right-radius\u00ab\u00a0:\u00ab\u00a05px\u00ab\u00a0,\u00ab\u00a0border-bottom-left-radius\u00ab\u00a0:\u00ab\u00a05px\u00ab\u00a0,\u00ab\u00a0padding-top\u00ab\u00a0:\u00ab\u00a010%\u00ab\u00a0,\u00ab\u00a0padding-right\u00ab\u00a0:\u00ab\u00a010%\u00ab\u00a0,\u00ab\u00a0padding-bottom\u00ab\u00a0:\u00ab\u00a010%\u00ab\u00a0,\u00ab\u00a0padding-left\u00ab\u00a0:\u00ab\u00a010%\u00ab\u00a0,\u00ab\u00a0class\u00ab\u00a0:\u00ab\u00a0grve-wpb-1741636082346\u00ab\u00a0}}\u00a0\u00bb]<h3 class=\"grve-element grve-title grve-align-center grve-h5\"><span>Droits humains<\/span><\/h3>[vc_column_text css=\u00a0\u00bb\u00a0\u00bb]Libert\u00e9 d\u2019expression, droit \u00e0 un proc\u00e8s \u00e9quitable, pr\u00e9somption d\u2019innocence, droit \u00e0 un recours effectif, interdiction de la torture et des traitements inhumains et d\u00e9gradants, droit \u00e0 la vie priv\u00e9e et familiale, droit \u00e0 la protection internationale,\u2026[\/vc_column_text][\/vc_column][vc_column width=\u00a0\u00bb1\/3&Prime; vertical_content_position=\u00a0\u00bbmiddle\u00a0\u00bb text_align=\u00a0\u00bbcenter\u00a0\u00bb rc_bg_type=\u00a0\u00bbcolor\u00a0\u00bb rc_add_shadow=\u00a0\u00bbsmall-shadow\u00a0\u00bb hover_animation=\u00a0\u00bbslide-up\u00a0\u00bb rc_bg_color=\u00a0\u00bb#FFFFFF\u00a0\u00bb grve_css=\u00a0\u00bb{\u00ab\u00a0desktop\u00ab\u00a0:{\u00ab\u00a0margin-top\u00ab\u00a0:\u00ab\u00a0-7%\u00ab\u00a0,\u00ab\u00a0border-top-left-radius\u00ab\u00a0:\u00ab\u00a05px\u00ab\u00a0,\u00ab\u00a0border-top-right-radius\u00ab\u00a0:\u00ab\u00a05px\u00ab\u00a0,\u00ab\u00a0border-bottom-right-radius\u00ab\u00a0:\u00ab\u00a05px\u00ab\u00a0,\u00ab\u00a0border-bottom-left-radius\u00ab\u00a0:\u00ab\u00a05px\u00ab\u00a0,\u00ab\u00a0padding-top\u00ab\u00a0:\u00ab\u00a010%\u00ab\u00a0,\u00ab\u00a0padding-right\u00ab\u00a0:\u00ab\u00a010%\u00ab\u00a0,\u00ab\u00a0padding-bottom\u00ab\u00a0:\u00ab\u00a010%\u00ab\u00a0,\u00ab\u00a0padding-left\u00ab\u00a0:\u00ab\u00a010%\u00ab\u00a0,\u00ab\u00a0class\u00ab\u00a0:\u00ab\u00a0grve-wpb-1741636089834\u00ab\u00a0}}\u00a0\u00bb]<h3 class=\"grve-element grve-title grve-align-center grve-h5\"><span>Droit p\u00e9nal international et droit international p\u00e9nal<\/span><\/h3>[vc_column_text css=\u00a0\u00bb\u00a0\u00bb]Recours contre une demande d\u2019extradition form\u00e9e par un autre \u00c9tat, opposition \u00e0 un mandat d\u2019arr\u00eat europ\u00e9en ou international, demande de suspension et d\u2019annulation d\u2019une notice rouge Interpol, transfert de d\u00e9tenus entre \u00c9tats,\u2026[\/vc_column_text][\/vc_column][vc_column width=\u00a0\u00bb1\/3&Prime; text_align=\u00a0\u00bbcenter\u00a0\u00bb rc_bg_type=\u00a0\u00bbcolor\u00a0\u00bb rc_add_shadow=\u00a0\u00bbsmall-shadow\u00a0\u00bb hover_animation=\u00a0\u00bbslide-up\u00a0\u00bb rc_bg_color=\u00a0\u00bb#FFFFFF\u00a0\u00bb grve_css=\u00a0\u00bb{\u00ab\u00a0desktop\u00ab\u00a0:{\u00ab\u00a0margin-top\u00ab\u00a0:\u00ab\u00a0-7%\u00ab\u00a0,\u00ab\u00a0border-top-left-radius\u00ab\u00a0:\u00ab\u00a05px\u00ab\u00a0,\u00ab\u00a0border-top-right-radius\u00ab\u00a0:\u00ab\u00a05px\u00ab\u00a0,\u00ab\u00a0border-bottom-right-radius\u00ab\u00a0:\u00ab\u00a05px\u00ab\u00a0,\u00ab\u00a0border-bottom-left-radius\u00ab\u00a0:\u00ab\u00a05px\u00ab\u00a0,\u00ab\u00a0padding-top\u00ab\u00a0:\u00ab\u00a010%\u00ab\u00a0,\u00ab\u00a0padding-right\u00ab\u00a0:\u00ab\u00a010%\u00ab\u00a0,\u00ab\u00a0padding-bottom\u00ab\u00a0:\u00ab\u00a010%\u00ab\u00a0,\u00ab\u00a0padding-left\u00ab\u00a0:\u00ab\u00a010%\u00ab\u00a0,\u00ab\u00a0class\u00ab\u00a0:\u00ab\u00a0grve-wpb-1741977552034\u00ab\u00a0}}\u00a0\u00bb]<h3 class=\"grve-element grve-title grve-align-center grve-h5\"><span>Droit international humanitaire<\/span><\/h3>[vc_column_text css=\u00a0\u00bb\u00a0\u00bb]Protection des civils en p\u00e9riode de conflit arm\u00e9, violations graves du droit international humanitaire : crimes de guerre, crimes de g\u00e9nocide, crimes contre l\u2019humanit\u00e9, limitation des m\u00e9thodes et moyens de combats, prisonniers de guerre\u2026 [\/vc_column_text][\/vc_column][\/vc_row][vc_row padding_top_multiplier=\u00a0\u00bb\u00a0\u00bb padding_bottom_multiplier=\u00a0\u00bb4x\u00a0\u00bb rc_bg_type=\u00a0\u00bbcolor\u00a0\u00bb equal_column_height=\u00a0\u00bbequal\u00a0\u00bb rc_bg_color=\u00a0\u00bb#f7f7fb\u00a0\u00bb][vc_column text_align=\u00a0\u00bbcenter\u00a0\u00bb]<h1 class=\"grve-element grve-title grve-align-center grve-subtitle-text grve-text-primary-2\"><span>Cabinet V3 VERGAUWEN, VENET &amp; ASSOCI\u00c9S<\/span><\/h1><h3 class=\"grve-element grve-title grve-align-center grve-h3\"><span>Contactez un avocat sp\u00e9cialis\u00e9 en droit international<\/span><\/h3><div class=\"grve-empty-space grve-height-1x\"><\/div>[vc_column_text css=\u00a0\u00bb\u00a0\u00bb text_style=\u00a0\u00bbleader-text\u00a0\u00bb]Nous mettons \u00e0 votre service notre expertise et notre exp\u00e9rience en mati\u00e8re des droits et libert\u00e9s fondamentales, telles que garanties par les instruments internationaux. Nous vous accompagnons dans les proc\u00e9dures judiciaires et extrajudiciaires pour faire constater et lutter contre les injustices et les violations de vos droits.[\/vc_column_text]<div class=\"grve-empty-space grve-height-2x\"><\/div>[vc_row_inner][vc_column_inner width=\u00a0\u00bb1\/5&Prime;]<div class=\"grve-element grve-team grve-layout-2\">\n\t<div class=\"grve-hover-item grve-radius-5 grve-small-shadow grve-grayscale-image-hover\">\n\t\t<a href=\"\/fr\/equipe\/alain-vergauwen\/\" class=\"grve-team-url\"><\/a>\t\t<div class=\"grve-team-person grve-grayscale-image-hover\">\n\t\t\t<div class=\"grve-thumbnail-wrapper\"><div class=\"grve-thumbnail\"  style=\"padding-top: 150%;\"><img loading=\"lazy\" decoding=\"async\" width=\"200\" height=\"300\" src=\"https:\/\/v3avocats.be\/wp-content\/uploads\/2025\/02\/2024_CabinetVergauwen0351-200x300.jpg\" class=\"attachment-medium size-medium\" alt=\"Alain Vergauwen Associ\u00e9 cabinet V3 VERGAUWEN, VENET &amp; ASSOCI\u00c9S \u00e0 Bruxelles\" data-column-space=\"100\" data-lazyload=\"\" data-grve-filter=\"yes\" srcset=\"https:\/\/v3avocats.be\/wp-content\/uploads\/2025\/02\/2024_CabinetVergauwen0351-200x300.jpg 200w, https:\/\/v3avocats.be\/wp-content\/uploads\/2025\/02\/2024_CabinetVergauwen0351-683x1024.jpg 683w, https:\/\/v3avocats.be\/wp-content\/uploads\/2025\/02\/2024_CabinetVergauwen0351-768x1152.jpg 768w, https:\/\/v3avocats.be\/wp-content\/uploads\/2025\/02\/2024_CabinetVergauwen0351.jpg 1000w\" sizes=\"auto, (max-width: 200px) 100vw, 200px\" \/><\/div><\/div>\t\t<\/div>\n\t\t<ul class=\"grve-team-social grve-align-center\">\n\t\t\t<li><a href=\"mailto:a&#118;&#064;v3&#097;&#118;o&#099;a&#116;s.&#098;e\"><span class=\"grve-icon fas fa-envelope\" aria-hidden=\"true\"><\/span><span class=\"screen-reader-text\">E-mail<\/span><\/a><\/li>\t\t<\/ul>\n\t\t\t\t<div class=\"grve-team-description grve-align-center\">\n\t\t\t\t\t\t<div class=\"grve-team-identity grve-small-text\">Associ\u00e9<\/div>\n\t\t\t\t\t\t<h4 class=\"grve-team-name grve-h5\">Alain Vergauwen<\/h4>\n\t\t<\/div>\n\t\t\t<\/div>\n\t<\/div>\n[\/vc_column_inner][vc_column_inner width=\u00a0\u00bb1\/5&Prime;]<div class=\"grve-element grve-team grve-layout-2\">\n\t<div class=\"grve-hover-item grve-radius-5 grve-small-shadow grve-grayscale-image-hover\">\n\t\t<a href=\"\/fr\/equipe\/cedric-vergauwen\/\" class=\"grve-team-url\"><\/a>\t\t<div class=\"grve-team-person grve-grayscale-image-hover\">\n\t\t\t<div class=\"grve-thumbnail-wrapper\"><div class=\"grve-thumbnail\"  style=\"padding-top: 150%;\"><img loading=\"lazy\" decoding=\"async\" width=\"200\" height=\"300\" src=\"https:\/\/v3avocats.be\/wp-content\/uploads\/2025\/02\/2024_CabinetVergauwen0750-200x300.jpg\" class=\"attachment-medium size-medium\" alt=\"C\u00e9dric Vergauwen Associ\u00e9 cabinet V3 VERGAUWEN, VENET &amp; ASSOCI\u00c9S \u00e0 Bruxelles\" data-column-space=\"100\" data-lazyload=\"\" data-grve-filter=\"yes\" srcset=\"https:\/\/v3avocats.be\/wp-content\/uploads\/2025\/02\/2024_CabinetVergauwen0750-200x300.jpg 200w, https:\/\/v3avocats.be\/wp-content\/uploads\/2025\/02\/2024_CabinetVergauwen0750-683x1024.jpg 683w, https:\/\/v3avocats.be\/wp-content\/uploads\/2025\/02\/2024_CabinetVergauwen0750-768x1152.jpg 768w, https:\/\/v3avocats.be\/wp-content\/uploads\/2025\/02\/2024_CabinetVergauwen0750.jpg 1000w\" sizes=\"auto, (max-width: 200px) 100vw, 200px\" \/><\/div><\/div>\t\t<\/div>\n\t\t<ul class=\"grve-team-social grve-align-center\">\n\t\t\t<li><a href=\"mailto:&#099;&#118;&#064;&#118;3a&#118;&#111;cats&#046;&#098;e\"><span class=\"grve-icon fas fa-envelope\" aria-hidden=\"true\"><\/span><span class=\"screen-reader-text\">E-mail<\/span><\/a><\/li>\t\t<\/ul>\n\t\t\t\t<div class=\"grve-team-description grve-align-center\">\n\t\t\t\t\t\t<div class=\"grve-team-identity grve-small-text\">Associ\u00e9<\/div>\n\t\t\t\t\t\t<h4 class=\"grve-team-name grve-h5\">C\u00e9dric Vergauwen<\/h4>\n\t\t<\/div>\n\t\t\t<\/div>\n\t<\/div>\n[\/vc_column_inner][vc_column_inner width=\u00a0\u00bb1\/5&Prime;]<div class=\"grve-element grve-team grve-layout-2\">\n\t<div class=\"grve-hover-item grve-radius-5 grve-small-shadow grve-grayscale-image-hover\">\n\t\t<a href=\"\/fr\/equipe\/olivia-venet\/\" class=\"grve-team-url\"><\/a>\t\t<div class=\"grve-team-person grve-grayscale-image-hover\">\n\t\t\t<div class=\"grve-thumbnail-wrapper\"><div class=\"grve-thumbnail\"  style=\"padding-top: 150%;\"><img loading=\"lazy\" decoding=\"async\" width=\"200\" height=\"300\" src=\"https:\/\/v3avocats.be\/wp-content\/uploads\/2025\/02\/2024_CabinetVergauwen0314-200x300.jpg\" class=\"attachment-medium size-medium\" alt=\"Olivia Venet Associ\u00e9e cabinet V3 VERGAUWEN, VENET &amp; ASSOCI\u00c9S \u00e0 Bruxelles\" data-column-space=\"100\" data-lazyload=\"\" data-grve-filter=\"yes\" srcset=\"https:\/\/v3avocats.be\/wp-content\/uploads\/2025\/02\/2024_CabinetVergauwen0314-200x300.jpg 200w, https:\/\/v3avocats.be\/wp-content\/uploads\/2025\/02\/2024_CabinetVergauwen0314-683x1024.jpg 683w, https:\/\/v3avocats.be\/wp-content\/uploads\/2025\/02\/2024_CabinetVergauwen0314-768x1152.jpg 768w, https:\/\/v3avocats.be\/wp-content\/uploads\/2025\/02\/2024_CabinetVergauwen0314.jpg 1000w\" sizes=\"auto, (max-width: 200px) 100vw, 200px\" \/><\/div><\/div>\t\t<\/div>\n\t\t<ul class=\"grve-team-social grve-align-center\">\n\t\t\t<li><a href=\"mailto:o&#118;&#064;&#118;3&#097;v&#111;cats&#046;&#098;e\"><span class=\"grve-icon fas fa-envelope\" aria-hidden=\"true\"><\/span><span class=\"screen-reader-text\">E-mail<\/span><\/a><\/li>\t\t<\/ul>\n\t\t\t\t<div class=\"grve-team-description grve-align-center\">\n\t\t\t\t\t\t<div class=\"grve-team-identity grve-small-text\">Associ\u00e9e<\/div>\n\t\t\t\t\t\t<h4 class=\"grve-team-name grve-h5\">Olivia Venet<\/h4>\n\t\t<\/div>\n\t\t\t<\/div>\n\t<\/div>\n[\/vc_column_inner][vc_column_inner width=\u00a0\u00bb1\/5&Prime;]<div class=\"grve-element grve-team grve-layout-2\">\n\t<div class=\"grve-hover-item grve-radius-5 grve-small-shadow grve-grayscale-image-hover\">\n\t\t<a href=\"\/fr\/equipe\/damien-holzapfel\/\" class=\"grve-team-url\"><\/a>\t\t<div class=\"grve-team-person grve-grayscale-image-hover\">\n\t\t\t<div class=\"grve-thumbnail-wrapper\"><div class=\"grve-thumbnail\"  style=\"padding-top: 150%;\"><img loading=\"lazy\" decoding=\"async\" width=\"200\" height=\"300\" src=\"https:\/\/v3avocats.be\/wp-content\/uploads\/2025\/02\/2024_CabinetVergauwen0360-200x300.jpg\" class=\"attachment-medium size-medium\" alt=\"Damien Holzapfel Associ\u00e9 cabinet V3 VERGAUWEN, VENET &amp; ASSOCI\u00c9S \u00e0 Bruxelles\" data-column-space=\"100\" data-lazyload=\"\" data-grve-filter=\"yes\" srcset=\"https:\/\/v3avocats.be\/wp-content\/uploads\/2025\/02\/2024_CabinetVergauwen0360-200x300.jpg 200w, https:\/\/v3avocats.be\/wp-content\/uploads\/2025\/02\/2024_CabinetVergauwen0360-683x1024.jpg 683w, https:\/\/v3avocats.be\/wp-content\/uploads\/2025\/02\/2024_CabinetVergauwen0360-768x1152.jpg 768w, https:\/\/v3avocats.be\/wp-content\/uploads\/2025\/02\/2024_CabinetVergauwen0360.jpg 1000w\" sizes=\"auto, (max-width: 200px) 100vw, 200px\" \/><\/div><\/div>\t\t<\/div>\n\t\t<ul class=\"grve-team-social grve-align-center\">\n\t\t\t<li><a href=\"mailto:dh&#064;&#118;3&#097;&#118;&#111;&#099;&#097;&#116;s.&#098;e\"><span class=\"grve-icon fas fa-envelope\" aria-hidden=\"true\"><\/span><span class=\"screen-reader-text\">E-mail<\/span><\/a><\/li>\t\t<\/ul>\n\t\t\t\t<div class=\"grve-team-description grve-align-center\">\n\t\t\t\t\t\t<div class=\"grve-team-identity grve-small-text\">Associ\u00e9<\/div>\n\t\t\t\t\t\t<h4 class=\"grve-team-name grve-h5\">Damien Holzapfel<\/h4>\n\t\t<\/div>\n\t\t\t<\/div>\n\t<\/div>\n[\/vc_column_inner][vc_column_inner width=\u00a0\u00bb1\/5&Prime;]<div class=\"grve-element grve-team grve-layout-2\">\n\t<div class=\"grve-hover-item grve-radius-5 grve-small-shadow grve-grayscale-image-hover\">\n\t\t<a href=\"\/fr\/equipe\/chloe-georgiev\/\" class=\"grve-team-url\"><\/a>\t\t<div class=\"grve-team-person grve-grayscale-image-hover\">\n\t\t\t<div class=\"grve-thumbnail-wrapper\"><div class=\"grve-thumbnail\"  style=\"padding-top: 150%;\"><img loading=\"lazy\" decoding=\"async\" width=\"200\" height=\"300\" src=\"https:\/\/v3avocats.be\/wp-content\/uploads\/2025\/02\/2024_CabinetVergauwen0396-200x300.jpg\" class=\"attachment-medium size-medium\" alt=\"Chloe Georgiev collaboratrice cabinet V3 VERGAUWEN, VENET &amp; ASSOCI\u00c9S \u00e0 Bruxelles\" data-column-space=\"100\" data-lazyload=\"\" data-grve-filter=\"yes\" srcset=\"https:\/\/v3avocats.be\/wp-content\/uploads\/2025\/02\/2024_CabinetVergauwen0396-200x300.jpg 200w, https:\/\/v3avocats.be\/wp-content\/uploads\/2025\/02\/2024_CabinetVergauwen0396-683x1024.jpg 683w, https:\/\/v3avocats.be\/wp-content\/uploads\/2025\/02\/2024_CabinetVergauwen0396-768x1152.jpg 768w, https:\/\/v3avocats.be\/wp-content\/uploads\/2025\/02\/2024_CabinetVergauwen0396.jpg 1000w\" sizes=\"auto, (max-width: 200px) 100vw, 200px\" \/><\/div><\/div>\t\t<\/div>\n\t\t<ul class=\"grve-team-social grve-align-center\">\n\t\t\t<li><a href=\"https:\/\/be.linkedin.com\/in\/chlo%C3%A9-georgiev-aba167a9\" target=\"_blank\" rel=\"noopener noreferrer\"><span class=\"grve-icon fab fa-linkedin-in\" aria-hidden=\"true\"><\/span><span class=\"screen-reader-text\">Linkedin<\/span><\/a><\/li><li><a href=\"mailto:&#099;&#103;&#064;&#118;&#051;&#097;&#118;oc&#097;t&#115;&#046;&#098;e\"><span class=\"grve-icon fas fa-envelope\" aria-hidden=\"true\"><\/span><span class=\"screen-reader-text\">E-mail<\/span><\/a><\/li>\t\t<\/ul>\n\t\t\t\t<div class=\"grve-team-description grve-align-center\">\n\t\t\t\t\t\t<div class=\"grve-team-identity grve-small-text\">Collaboratrice<\/div>\n\t\t\t\t\t\t<h4 class=\"grve-team-name grve-h5\">Chloe Georgiev<\/h4>\n\t\t<\/div>\n\t\t\t<\/div>\n\t<\/div>\n[\/vc_column_inner][\/vc_row_inner]<div class=\"grve-empty-space grve-height-1x\"><\/div>[vc_row_inner][vc_column_inner width=\u00a0\u00bb1\/5&Prime;]<div class=\"grve-element grve-team grve-layout-2\">\n\t<div class=\"grve-hover-item grve-radius-5 grve-small-shadow grve-grayscale-image-hover\">\n\t\t<a href=\"\/fr\/equipe\/louise-ramboux\/\" class=\"grve-team-url\"><\/a>\t\t<div class=\"grve-team-person grve-grayscale-image-hover\">\n\t\t\t<div class=\"grve-thumbnail-wrapper\"><div class=\"grve-thumbnail\"  style=\"padding-top: 150%;\"><img loading=\"lazy\" decoding=\"async\" width=\"200\" height=\"300\" src=\"https:\/\/v3avocats.be\/wp-content\/uploads\/2025\/02\/2024_CabinetVergauwen0619-200x300.jpg\" class=\"attachment-medium size-medium\" alt=\"Louise Ramboux collaboratrice cabinet V3 VERGAUWEN, VENET &amp; ASSOCI\u00c9S \u00e0 Bruxelles\" data-column-space=\"100\" data-lazyload=\"\" data-grve-filter=\"yes\" srcset=\"https:\/\/v3avocats.be\/wp-content\/uploads\/2025\/02\/2024_CabinetVergauwen0619-200x300.jpg 200w, https:\/\/v3avocats.be\/wp-content\/uploads\/2025\/02\/2024_CabinetVergauwen0619-683x1024.jpg 683w, https:\/\/v3avocats.be\/wp-content\/uploads\/2025\/02\/2024_CabinetVergauwen0619-768x1152.jpg 768w, https:\/\/v3avocats.be\/wp-content\/uploads\/2025\/02\/2024_CabinetVergauwen0619.jpg 1000w\" sizes=\"auto, (max-width: 200px) 100vw, 200px\" \/><\/div><\/div>\t\t<\/div>\n\t\t<ul class=\"grve-team-social grve-align-center\">\n\t\t\t<li><a href=\"https:\/\/be.linkedin.com\/in\/louise-ramboux-47937a1bb\" target=\"_blank\" rel=\"noopener noreferrer\"><span class=\"grve-icon fab fa-linkedin-in\" aria-hidden=\"true\"><\/span><span class=\"screen-reader-text\">Linkedin<\/span><\/a><\/li><li><a href=\"mailto:&#108;&#114;&#064;v&#051;av&#111;&#099;a&#116;&#115;&#046;b&#101;\"><span class=\"grve-icon fas fa-envelope\" aria-hidden=\"true\"><\/span><span class=\"screen-reader-text\">E-mail<\/span><\/a><\/li>\t\t<\/ul>\n\t\t\t\t<div class=\"grve-team-description grve-align-center\">\n\t\t\t\t\t\t<div class=\"grve-team-identity grve-small-text\">Collaboratrice<\/div>\n\t\t\t\t\t\t<h4 class=\"grve-team-name grve-h5\">Louise Ramboux<\/h4>\n\t\t<\/div>\n\t\t\t<\/div>\n\t<\/div>\n[\/vc_column_inner][vc_column_inner width=\u00a0\u00bb1\/5&Prime;]<div class=\"grve-element grve-team grve-layout-2\">\n\t<div class=\"grve-hover-item grve-radius-5 grve-small-shadow grve-grayscale-image-hover\">\n\t\t<a href=\"\/fr\/equipe\/ludovic-badet\/\" class=\"grve-team-url\"><\/a>\t\t<div class=\"grve-team-person grve-grayscale-image-hover\">\n\t\t\t<div class=\"grve-thumbnail-wrapper\"><div class=\"grve-thumbnail\"  style=\"padding-top: 150%;\"><img loading=\"lazy\" decoding=\"async\" width=\"200\" height=\"300\" src=\"https:\/\/v3avocats.be\/wp-content\/uploads\/2025\/02\/2024_CabinetVergauwen0415-200x300.jpg\" class=\"attachment-medium size-medium\" alt=\"Ludovic Badet collaborateur cabinet V3 VERGAUWEN, VENET &amp; ASSOCI\u00c9S \u00e0 Bruxelles\" data-column-space=\"100\" data-lazyload=\"\" data-grve-filter=\"yes\" srcset=\"https:\/\/v3avocats.be\/wp-content\/uploads\/2025\/02\/2024_CabinetVergauwen0415-200x300.jpg 200w, https:\/\/v3avocats.be\/wp-content\/uploads\/2025\/02\/2024_CabinetVergauwen0415-683x1024.jpg 683w, https:\/\/v3avocats.be\/wp-content\/uploads\/2025\/02\/2024_CabinetVergauwen0415-768x1152.jpg 768w, https:\/\/v3avocats.be\/wp-content\/uploads\/2025\/02\/2024_CabinetVergauwen0415.jpg 1000w\" sizes=\"auto, (max-width: 200px) 100vw, 200px\" \/><\/div><\/div>\t\t<\/div>\n\t\t<ul class=\"grve-team-social grve-align-center\">\n\t\t\t<li><a href=\"mailto:l&#098;&#064;v3&#097;&#118;&#111;&#099;&#097;t&#115;&#046;b&#101;\"><span class=\"grve-icon fas fa-envelope\" aria-hidden=\"true\"><\/span><span class=\"screen-reader-text\">E-mail<\/span><\/a><\/li>\t\t<\/ul>\n\t\t\t\t<div class=\"grve-team-description grve-align-center\">\n\t\t\t\t\t\t<div class=\"grve-team-identity grve-small-text\">Collaborateur<\/div>\n\t\t\t\t\t\t<h4 class=\"grve-team-name grve-h5\">Ludovic Badet<\/h4>\n\t\t<\/div>\n\t\t\t<\/div>\n\t<\/div>\n[\/vc_column_inner][vc_column_inner width=\u00a0\u00bb1\/5&Prime;]<div class=\"grve-element grve-team grve-layout-2\">\n\t<div class=\"grve-hover-item grve-radius-5 grve-small-shadow grve-grayscale-image-hover\">\n\t\t<a href=\"\/fr\/equipe\/chloe-licata\/\" class=\"grve-team-url\"><\/a>\t\t<div class=\"grve-team-person grve-grayscale-image-hover\">\n\t\t\t<div class=\"grve-thumbnail-wrapper\"><div class=\"grve-thumbnail\"  style=\"padding-top: 150%;\"><img loading=\"lazy\" decoding=\"async\" width=\"200\" height=\"300\" src=\"https:\/\/v3avocats.be\/wp-content\/uploads\/2025\/02\/2024_CabinetVergauwen0774-200x300.jpg\" class=\"attachment-medium size-medium\" alt=\"Chlo\u00e9 Licata Collaboratrice cabinet V3 VERGAUWEN, VENET &amp; ASSOCI\u00c9S \u00e0 Bruxelles\" data-column-space=\"100\" data-lazyload=\"\" data-grve-filter=\"yes\" srcset=\"https:\/\/v3avocats.be\/wp-content\/uploads\/2025\/02\/2024_CabinetVergauwen0774-200x300.jpg 200w, https:\/\/v3avocats.be\/wp-content\/uploads\/2025\/02\/2024_CabinetVergauwen0774-683x1024.jpg 683w, https:\/\/v3avocats.be\/wp-content\/uploads\/2025\/02\/2024_CabinetVergauwen0774-768x1152.jpg 768w, https:\/\/v3avocats.be\/wp-content\/uploads\/2025\/02\/2024_CabinetVergauwen0774.jpg 1000w\" sizes=\"auto, (max-width: 200px) 100vw, 200px\" \/><\/div><\/div>\t\t<\/div>\n\t\t<ul class=\"grve-team-social grve-align-center\">\n\t\t\t<li><a href=\"mailto:&#099;l&#064;v&#051;a&#118;oc&#097;t&#115;&#046;&#098;e\"><span class=\"grve-icon fas fa-envelope\" aria-hidden=\"true\"><\/span><span class=\"screen-reader-text\">E-mail<\/span><\/a><\/li>\t\t<\/ul>\n\t\t\t\t<div class=\"grve-team-description grve-align-center\">\n\t\t\t\t\t\t<div class=\"grve-team-identity grve-small-text\">Collaboratrice<\/div>\n\t\t\t\t\t\t<h4 class=\"grve-team-name grve-h5\">Chlo\u00e9 Licata<\/h4>\n\t\t<\/div>\n\t\t\t<\/div>\n\t<\/div>\n[\/vc_column_inner][vc_column_inner width=\u00a0\u00bb1\/5&Prime;]<div class=\"grve-element grve-team grve-layout-2\">\n\t<div class=\"grve-hover-item grve-radius-5 grve-small-shadow grve-grayscale-image-hover\">\n\t\t<a href=\"\/fr\/equipe\/eva-sierra\/\" class=\"grve-team-url\"><\/a>\t\t<div class=\"grve-team-person grve-grayscale-image-hover\">\n\t\t\t<div class=\"grve-thumbnail-wrapper\"><div class=\"grve-thumbnail\"  style=\"padding-top: 150%;\"><img loading=\"lazy\" decoding=\"async\" width=\"200\" height=\"300\" src=\"https:\/\/v3avocats.be\/wp-content\/uploads\/2025\/02\/2024_CabinetVergauwen0802-200x300.jpg\" class=\"attachment-medium size-medium\" alt=\"Elisabeth Hinfray collaboratrice cabinet V3 avocats\" data-column-space=\"100\" data-lazyload=\"\" data-grve-filter=\"yes\" srcset=\"https:\/\/v3avocats.be\/wp-content\/uploads\/2025\/02\/2024_CabinetVergauwen0802-200x300.jpg 200w, https:\/\/v3avocats.be\/wp-content\/uploads\/2025\/02\/2024_CabinetVergauwen0802-683x1024.jpg 683w, https:\/\/v3avocats.be\/wp-content\/uploads\/2025\/02\/2024_CabinetVergauwen0802-768x1152.jpg 768w, https:\/\/v3avocats.be\/wp-content\/uploads\/2025\/02\/2024_CabinetVergauwen0802.jpg 1000w\" sizes=\"auto, (max-width: 200px) 100vw, 200px\" \/><\/div><\/div>\t\t<\/div>\n\t\t<ul class=\"grve-team-social grve-align-center\">\n\t\t\t<li><a href=\"mailto:&#101;&#115;&#064;&#118;3&#097;&#118;&#111;c&#097;&#116;&#115;.&#098;e\"><span class=\"grve-icon fas fa-envelope\" aria-hidden=\"true\"><\/span><span class=\"screen-reader-text\">E-mail<\/span><\/a><\/li>\t\t<\/ul>\n\t\t\t\t<div class=\"grve-team-description grve-align-center\">\n\t\t\t\t\t\t<div class=\"grve-team-identity grve-small-text\">Collaboratrice<\/div>\n\t\t\t\t\t\t<h4 class=\"grve-team-name grve-h5\">Eva Sierra<\/h4>\n\t\t<\/div>\n\t\t\t<\/div>\n\t<\/div>\n[\/vc_column_inner][vc_column_inner width=\u00a0\u00bb1\/5&Prime;]<div class=\"grve-element grve-team grve-layout-2\">\n\t<div class=\"grve-hover-item grve-radius-5 grve-small-shadow grve-grayscale-image-hover\">\n\t\t<a href=\"\/fr\/equipe\/elisabeth-hinfray\/\" class=\"grve-team-url\"><\/a>\t\t<div class=\"grve-team-person grve-grayscale-image-hover\">\n\t\t\t<div class=\"grve-thumbnail-wrapper\"><div class=\"grve-thumbnail\"  style=\"padding-top: 150%;\"><img loading=\"lazy\" decoding=\"async\" width=\"200\" height=\"300\" src=\"https:\/\/v3avocats.be\/wp-content\/uploads\/2025\/02\/2024_CabinetVergauwen0501-200x300.jpg\" class=\"attachment-medium size-medium\" alt=\"Elisabeth Hinfray collaboratrice cabinet V3 VERGAUWEN, VENET &amp; ASSOCI\u00c9S \u00e0 Bruxelles\" data-column-space=\"100\" data-lazyload=\"\" data-grve-filter=\"yes\" srcset=\"https:\/\/v3avocats.be\/wp-content\/uploads\/2025\/02\/2024_CabinetVergauwen0501-200x300.jpg 200w, https:\/\/v3avocats.be\/wp-content\/uploads\/2025\/02\/2024_CabinetVergauwen0501-683x1024.jpg 683w, https:\/\/v3avocats.be\/wp-content\/uploads\/2025\/02\/2024_CabinetVergauwen0501-768x1152.jpg 768w, https:\/\/v3avocats.be\/wp-content\/uploads\/2025\/02\/2024_CabinetVergauwen0501.jpg 1000w\" sizes=\"auto, (max-width: 200px) 100vw, 200px\" \/><\/div><\/div>\t\t<\/div>\n\t\t<ul class=\"grve-team-social grve-align-center\">\n\t\t\t<li><a href=\"mailto:&#101;&#104;&#064;&#118;&#051;a&#118;&#111;c&#097;t&#115;&#046;&#098;e\"><span class=\"grve-icon fas fa-envelope\" aria-hidden=\"true\"><\/span><span class=\"screen-reader-text\">E-mail<\/span><\/a><\/li>\t\t<\/ul>\n\t\t\t\t<div class=\"grve-team-description grve-align-center\">\n\t\t\t\t\t\t<div class=\"grve-team-identity grve-small-text\">Collaboratrice<\/div>\n\t\t\t\t\t\t<h4 class=\"grve-team-name grve-h5\">Elisabeth Hinfray<\/h4>\n\t\t<\/div>\n\t\t\t<\/div>\n\t<\/div>\n[\/vc_column_inner][\/vc_row_inner][\/vc_column][\/vc_row]<\/p>\n<\/div>","protected":false},"excerpt":{"rendered":"<p>[vc_row height_ratio=\u00a0\u00bb70&Prime; padding_top_multiplier=\u00a0\u00bb2x\u00a0\u00bb rc_heading_color=\u00a0\u00bbwhite\u00a0\u00bb rc_bg_type=\u00a0\u00bbimage\u00a0\u00bb rc_bg_image=\u00a0\u00bb765&Prime; rc_bg_color_overlay=\u00a0\u00bbcustom\u00a0\u00bb rc_bg_color_overlay_custom=\u00a0\u00bb#12122DCC\u00a0\u00bb tablet_sm_height_ratio=\u00a0\u00bb0&Prime; mobile_height_ratio=\u00a0\u00bb0&Prime; scroll_header_skin=\u00a0\u00bblight\u00a0\u00bb rc_bg_color=\u00a0\u00bb#393589&Prime; rc_font_color=\u00a0\u00bb#ffffff\u00a0\u00bb section_id=\u00a0\u00bbdp\u00a0\u00bb][vc_column vertical_content_position=\u00a0\u00bbmiddle\u00a0\u00bb][\/vc_column][\/vc_row][vc_row padding_top_multiplier=\u00a0\u00bbcustom\u00a0\u00bb padding_bottom_multiplier=\u00a0\u00bb4x\u00a0\u00bb rc_bg_type=\u00a0\u00bbcolor\u00a0\u00bb columns_gap=\u00a0\u00bb30&Prime; equal_column_height=\u00a0\u00bbequal\u00a0\u00bb rc_bg_color=\u00a0\u00bb#F7F7FB\u00a0\u00bb padding_top=\u00a0\u00bb-90px\u00a0\u00bb][vc_column width=\u00a0\u00bb1\/3&Prime; vertical_content_position=\u00a0\u00bbmiddle\u00a0\u00bb text_align=\u00a0\u00bbcenter\u00a0\u00bb rc_bg_type=\u00a0\u00bbcolor\u00a0\u00bb rc_add_shadow=\u00a0\u00bbsmall-shadow\u00a0\u00bb hover_animation=\u00a0\u00bbslide-up\u00a0\u00bb rc_bg_color=\u00a0\u00bb#FFFFFF\u00a0\u00bb grve_css=\u00a0\u00bb{\u00ab\u00a0desktop\u00ab\u00a0:{\u00ab\u00a0margin-top\u00ab\u00a0:\u00ab\u00a0-7%\u00ab\u00a0,\u00ab\u00a0border-top-left-radius\u00ab\u00a0:\u00ab\u00a05px\u00ab\u00a0,\u00ab\u00a0border-top-right-radius\u00ab\u00a0:\u00ab\u00a05px\u00ab\u00a0,\u00ab\u00a0border-bottom-right-radius\u00ab\u00a0:\u00ab\u00a05px\u00ab\u00a0,\u00ab\u00a0border-bottom-left-radius\u00ab\u00a0:\u00ab\u00a05px\u00ab\u00a0,\u00ab\u00a0padding-top\u00ab\u00a0:\u00ab\u00a010%\u00ab\u00a0,\u00ab\u00a0padding-right\u00ab\u00a0:\u00ab\u00a010%\u00ab\u00a0,\u00ab\u00a0padding-bottom\u00ab\u00a0:\u00ab\u00a010%\u00ab\u00a0,\u00ab\u00a0padding-left\u00ab\u00a0:\u00ab\u00a010%\u00ab\u00a0,\u00ab\u00a0class\u00ab\u00a0:\u00ab\u00a0grve-wpb-1741636082346\u00ab\u00a0}}\u00a0\u00bb][vc_column_text css=\u00a0\u00bb\u00a0\u00bb]Libert\u00e9 d\u2019expression, droit \u00e0 un proc\u00e8s \u00e9quitable, pr\u00e9somption d\u2019innocence, droit \u00e0 un recours effectif, interdiction de la torture et des traitements inhumains et d\u00e9gradants, droit [&hellip;]<\/p>\n","protected":false},"author":1,"featured_media":765,"parent":85,"menu_order":0,"comment_status":"closed","ping_status":"closed","template":"","meta":{"footnotes":""},"class_list":["post-459","page","type-page","status-publish","has-post-thumbnail","hentry","grve-entry-item"],"yoast_head":"<!-- This site is optimized with the Yoast SEO plugin v27.0 - https:\/\/yoast.com\/product\/yoast-seo-wordpress\/ -->\n<title>Droit international - V3avocats<\/title>\n<meta name=\"description\" content=\"Nous mettons \u00e0 votre service notre expertise en droit international. Nous vous accompagnons dans toutes les proc\u00e9dures.\" \/>\n<meta name=\"robots\" content=\"index, follow, max-snippet:-1, max-image-preview:large, max-video-preview:-1\" \/>\n<link rel=\"canonical\" href=\"https:\/\/v3avocats.be\/fr\/matieres\/droit-international\/\" \/>\n<meta property=\"og:locale\" content=\"fr_FR\" \/>\n<meta property=\"og:type\" content=\"article\" \/>\n<meta property=\"og:title\" content=\"Droit international - V3avocats\" \/>\n<meta property=\"og:description\" content=\"Nous mettons \u00e0 votre service notre expertise en droit international. Nous vous accompagnons dans toutes les proc\u00e9dures.\" \/>\n<meta property=\"og:url\" content=\"https:\/\/v3avocats.be\/fr\/matieres\/droit-international\/\" \/>\n<meta property=\"og:site_name\" content=\"V3avocats\" \/>\n<meta property=\"article:modified_time\" content=\"2025-05-30T10:24:42+00:00\" \/>\n<meta property=\"og:image\" content=\"https:\/\/v3avocats.be\/wp-content\/uploads\/2025\/05\/banner-droit-international.jpg\" \/>\n\t<meta property=\"og:image:width\" content=\"1920\" \/>\n\t<meta property=\"og:image:height\" content=\"1280\" \/>\n\t<meta property=\"og:image:type\" content=\"image\/jpeg\" \/>\n<meta name=\"twitter:card\" content=\"summary_large_image\" \/>\n<meta name=\"twitter:label1\" content=\"Dur\u00e9e de lecture estim\u00e9e\" \/>\n\t<meta name=\"twitter:data1\" content=\"3 minutes\" \/>\n<script type=\"application\/ld+json\" class=\"yoast-schema-graph\">{\"@context\":\"https:\/\/schema.org\",\"@graph\":[{\"@type\":\"WebPage\",\"@id\":\"https:\/\/v3avocats.be\/fr\/matieres\/droit-international\/\",\"url\":\"https:\/\/v3avocats.be\/fr\/matieres\/droit-international\/\",\"name\":\"Droit international - V3avocats\",\"isPartOf\":{\"@id\":\"https:\/\/v3avocats.be\/fr\/#website\"},\"primaryImageOfPage\":{\"@id\":\"https:\/\/v3avocats.be\/fr\/matieres\/droit-international\/#primaryimage\"},\"image\":{\"@id\":\"https:\/\/v3avocats.be\/fr\/matieres\/droit-international\/#primaryimage\"},\"thumbnailUrl\":\"https:\/\/v3avocats.be\/wp-content\/uploads\/2025\/05\/banner-droit-international.jpg\",\"datePublished\":\"2025-03-22T15:03:08+00:00\",\"dateModified\":\"2025-05-30T10:24:42+00:00\",\"description\":\"Nous mettons \u00e0 votre service notre expertise en droit international. Nous vous accompagnons dans toutes les proc\u00e9dures.\",\"breadcrumb\":{\"@id\":\"https:\/\/v3avocats.be\/fr\/matieres\/droit-international\/#breadcrumb\"},\"inLanguage\":\"fr-FR\",\"potentialAction\":[{\"@type\":\"ReadAction\",\"target\":[\"https:\/\/v3avocats.be\/fr\/matieres\/droit-international\/\"]}]},{\"@type\":\"ImageObject\",\"inLanguage\":\"fr-FR\",\"@id\":\"https:\/\/v3avocats.be\/fr\/matieres\/droit-international\/#primaryimage\",\"url\":\"https:\/\/v3avocats.be\/wp-content\/uploads\/2025\/05\/banner-droit-international.jpg\",\"contentUrl\":\"https:\/\/v3avocats.be\/wp-content\/uploads\/2025\/05\/banner-droit-international.jpg\",\"width\":1920,\"height\":1280,\"caption\":\"Droit international\"},{\"@type\":\"BreadcrumbList\",\"@id\":\"https:\/\/v3avocats.be\/fr\/matieres\/droit-international\/#breadcrumb\",\"itemListElement\":[{\"@type\":\"ListItem\",\"position\":1,\"name\":\"Accueil\",\"item\":\"https:\/\/v3avocats.be\/fr\/\"},{\"@type\":\"ListItem\",\"position\":2,\"name\":\"Mati\u00e8res trait\u00e9es en droit du cabinet V3 avocats\",\"item\":\"https:\/\/v3avocats.be\/fr\/matieres\/\"},{\"@type\":\"ListItem\",\"position\":3,\"name\":\"Droit international\"}]},{\"@type\":\"WebSite\",\"@id\":\"https:\/\/v3avocats.be\/fr\/#website\",\"url\":\"https:\/\/v3avocats.be\/fr\/\",\"name\":\"V3 Vergauwen, Venet & associ\u00e9s avocats\",\"description\":\"Cabinet V3 Vergauwen, Venet &amp; associ\u00e9s\",\"publisher\":{\"@id\":\"https:\/\/v3avocats.be\/fr\/#organization\"},\"potentialAction\":[{\"@type\":\"SearchAction\",\"target\":{\"@type\":\"EntryPoint\",\"urlTemplate\":\"https:\/\/v3avocats.be\/fr\/?s={search_term_string}\"},\"query-input\":{\"@type\":\"PropertyValueSpecification\",\"valueRequired\":true,\"valueName\":\"search_term_string\"}}],\"inLanguage\":\"fr-FR\"},{\"@type\":\"Organization\",\"@id\":\"https:\/\/v3avocats.be\/fr\/#organization\",\"name\":\"V3avocats\",\"url\":\"https:\/\/v3avocats.be\/fr\/\",\"logo\":{\"@type\":\"ImageObject\",\"inLanguage\":\"fr-FR\",\"@id\":\"https:\/\/v3avocats.be\/fr\/#\/schema\/logo\/image\/\",\"url\":\"https:\/\/v3avocats.be\/wp-content\/uploads\/2025\/02\/V3avocats-favicon-1.png\",\"contentUrl\":\"https:\/\/v3avocats.be\/wp-content\/uploads\/2025\/02\/V3avocats-favicon-1.png\",\"width\":512,\"height\":512,\"caption\":\"V3avocats\"},\"image\":{\"@id\":\"https:\/\/v3avocats.be\/fr\/#\/schema\/logo\/image\/\"}}]}<\/script>\n<!-- \/ Yoast SEO plugin. -->","yoast_head_json":{"title":"Droit international - V3avocats","description":"Nous mettons \u00e0 votre service notre expertise en droit international. Nous vous accompagnons dans toutes les proc\u00e9dures.","robots":{"index":"index","follow":"follow","max-snippet":"max-snippet:-1","max-image-preview":"max-image-preview:large","max-video-preview":"max-video-preview:-1"},"canonical":"https:\/\/v3avocats.be\/fr\/matieres\/droit-international\/","og_locale":"fr_FR","og_type":"article","og_title":"Droit international - V3avocats","og_description":"Nous mettons \u00e0 votre service notre expertise en droit international. Nous vous accompagnons dans toutes les proc\u00e9dures.","og_url":"https:\/\/v3avocats.be\/fr\/matieres\/droit-international\/","og_site_name":"V3avocats","article_modified_time":"2025-05-30T10:24:42+00:00","og_image":[{"width":1920,"height":1280,"url":"https:\/\/v3avocats.be\/wp-content\/uploads\/2025\/05\/banner-droit-international.jpg","type":"image\/jpeg"}],"twitter_card":"summary_large_image","twitter_misc":{"Dur\u00e9e de lecture estim\u00e9e":"3 minutes"},"schema":{"@context":"https:\/\/schema.org","@graph":[{"@type":"WebPage","@id":"https:\/\/v3avocats.be\/fr\/matieres\/droit-international\/","url":"https:\/\/v3avocats.be\/fr\/matieres\/droit-international\/","name":"Droit international - V3avocats","isPartOf":{"@id":"https:\/\/v3avocats.be\/fr\/#website"},"primaryImageOfPage":{"@id":"https:\/\/v3avocats.be\/fr\/matieres\/droit-international\/#primaryimage"},"image":{"@id":"https:\/\/v3avocats.be\/fr\/matieres\/droit-international\/#primaryimage"},"thumbnailUrl":"https:\/\/v3avocats.be\/wp-content\/uploads\/2025\/05\/banner-droit-international.jpg","datePublished":"2025-03-22T15:03:08+00:00","dateModified":"2025-05-30T10:24:42+00:00","description":"Nous mettons \u00e0 votre service notre expertise en droit international. Nous vous accompagnons dans toutes les proc\u00e9dures.","breadcrumb":{"@id":"https:\/\/v3avocats.be\/fr\/matieres\/droit-international\/#breadcrumb"},"inLanguage":"fr-FR","potentialAction":[{"@type":"ReadAction","target":["https:\/\/v3avocats.be\/fr\/matieres\/droit-international\/"]}]},{"@type":"ImageObject","inLanguage":"fr-FR","@id":"https:\/\/v3avocats.be\/fr\/matieres\/droit-international\/#primaryimage","url":"https:\/\/v3avocats.be\/wp-content\/uploads\/2025\/05\/banner-droit-international.jpg","contentUrl":"https:\/\/v3avocats.be\/wp-content\/uploads\/2025\/05\/banner-droit-international.jpg","width":1920,"height":1280,"caption":"Droit international"},{"@type":"BreadcrumbList","@id":"https:\/\/v3avocats.be\/fr\/matieres\/droit-international\/#breadcrumb","itemListElement":[{"@type":"ListItem","position":1,"name":"Accueil","item":"https:\/\/v3avocats.be\/fr\/"},{"@type":"ListItem","position":2,"name":"Mati\u00e8res trait\u00e9es en droit du cabinet V3 avocats","item":"https:\/\/v3avocats.be\/fr\/matieres\/"},{"@type":"ListItem","position":3,"name":"Droit international"}]},{"@type":"WebSite","@id":"https:\/\/v3avocats.be\/fr\/#website","url":"https:\/\/v3avocats.be\/fr\/","name":"V3 Vergauwen, Venet & associ\u00e9s avocats","description":"Cabinet V3 Vergauwen, Venet &amp; associ\u00e9s","publisher":{"@id":"https:\/\/v3avocats.be\/fr\/#organization"},"potentialAction":[{"@type":"SearchAction","target":{"@type":"EntryPoint","urlTemplate":"https:\/\/v3avocats.be\/fr\/?s={search_term_string}"},"query-input":{"@type":"PropertyValueSpecification","valueRequired":true,"valueName":"search_term_string"}}],"inLanguage":"fr-FR"},{"@type":"Organization","@id":"https:\/\/v3avocats.be\/fr\/#organization","name":"V3avocats","url":"https:\/\/v3avocats.be\/fr\/","logo":{"@type":"ImageObject","inLanguage":"fr-FR","@id":"https:\/\/v3avocats.be\/fr\/#\/schema\/logo\/image\/","url":"https:\/\/v3avocats.be\/wp-content\/uploads\/2025\/02\/V3avocats-favicon-1.png","contentUrl":"https:\/\/v3avocats.be\/wp-content\/uploads\/2025\/02\/V3avocats-favicon-1.png","width":512,"height":512,"caption":"V3avocats"},"image":{"@id":"https:\/\/v3avocats.be\/fr\/#\/schema\/logo\/image\/"}}]}},"_links":{"self":[{"href":"https:\/\/v3avocats.be\/fr\/wp-json\/wp\/v2\/pages\/459","targetHints":{"allow":["GET"]}}],"collection":[{"href":"https:\/\/v3avocats.be\/fr\/wp-json\/wp\/v2\/pages"}],"about":[{"href":"https:\/\/v3avocats.be\/fr\/wp-json\/wp\/v2\/types\/page"}],"author":[{"embeddable":true,"href":"https:\/\/v3avocats.be\/fr\/wp-json\/wp\/v2\/users\/1"}],"replies":[{"embeddable":true,"href":"https:\/\/v3avocats.be\/fr\/wp-json\/wp\/v2\/comments?post=459"}],"version-history":[{"count":0,"href":"https:\/\/v3avocats.be\/fr\/wp-json\/wp\/v2\/pages\/459\/revisions"}],"up":[{"embeddable":true,"href":"https:\/\/v3avocats.be\/fr\/wp-json\/wp\/v2\/pages\/85"}],"wp:featuredmedia":[{"embeddable":true,"href":"https:\/\/v3avocats.be\/fr\/wp-json\/wp\/v2\/media\/765"}],"wp:attachment":[{"href":"https:\/\/v3avocats.be\/fr\/wp-json\/wp\/v2\/media?parent=459"}],"curies":[{"name":"wp","href":"https:\/\/api.w.org\/{rel}","templated":true}]}}