{"id":413,"date":"2025-03-22T13:40:57","date_gmt":"2025-03-22T13:40:57","guid":{"rendered":"https:\/\/v3avocats.uni-vert.be\/?page_id=413"},"modified":"2025-05-17T15:02:01","modified_gmt":"2025-05-17T15:02:01","slug":"ludovic-badet","status":"publish","type":"page","link":"https:\/\/v3avocats.be\/fr\/equipe\/ludovic-badet\/","title":{"rendered":"Ludovic Badet"},"content":{"rendered":"<div class=\"wpb-content-wrapper\"><p>[vc_row padding_top_multiplier=\u00a0\u00bb3x\u00a0\u00bb padding_bottom_multiplier=\u00a0\u00bb3x\u00a0\u00bb rc_bg_type=\u00a0\u00bbcolor\u00a0\u00bb columns_gap=\u00a0\u00bb60&Prime; tablet_sm_visibility=\u00a0\u00bbhide\u00a0\u00bb mobile_visibility=\u00a0\u00bbhide\u00a0\u00bb rc_bg_color=\u00a0\u00bb#F7F7FB\u00a0\u00bb][vc_column width=\u00a0\u00bb1\/2&Prime; rc_heading_color=\u00a0\u00bbprimary-1&Prime; grve_css=\u00a0\u00bb{\u00ab\u00a0desktop\u00ab\u00a0:{\u00ab\u00a0z-index\u00ab\u00a0:3,\u00ab\u00a0class\u00ab\u00a0:\u00ab\u00a0grve-wpb-1741298338802\u00ab\u00a0}}\u00a0\u00bb rc_font_color=\u00a0\u00bb#393589&Prime;]<div class=\"grve-empty-space grve-height-1x\"><\/div><h1 class=\"grve-element grve-title grve-align-inherit grve-h1\" style=\"margin-bottom: 0px;\"><span>Ludovic Badet<\/span><\/h1><h3 class=\"grve-element grve-title grve-align-inherit grve-h4 grve-text-primary-2\" style=\"margin-bottom: 0px;\"><span>Collaborateur<\/span><\/h3><div class=\"grve-empty-space grve-height-1x\"><\/div><h3 class=\"grve-element grve-title grve-align-inherit grve-subtitle-text grve-text-primary-2\"><span>Mati\u00e8res pr\u00e9f\u00e9rentielles<\/span><\/h3><div class=\"grve-element grve-box-icon grve-medium grve-side-icon grve-align-left grve-vertical-align-middle grve-layout-2\"><a href=\"\/fr\/matieres\/droit-penal\/\"><div class=\"grve-wrapper-icon\" style=\"\"><span class=\"grve-box-icon et-icon-toolbox grve-text-primary-1\"><\/span><\/div><div class=\"grve-box-content\"><h3 class=\"grve-box-title grve-leader-text\">Droit p\u00e9nal<\/h3><\/div><\/a><\/div><div style=\"height: 20px;\" class=\"grve-empty-space\"><\/div><div class=\"grve-element grve-box-icon grve-medium grve-side-icon grve-align-left grve-vertical-align-middle grve-layout-2\"><a href=\"\/fr\/matieres\/droit-circulation-routiere\/\"><div class=\"grve-wrapper-icon\" style=\"\"><span class=\"grve-box-icon et-icon-circle-compass grve-text-primary-1\"><\/span><\/div><div class=\"grve-box-content\"><h3 class=\"grve-box-title grve-leader-text\">Droit de la circulation routi\u00e8re<\/h3><\/div><\/a><\/div><div style=\"height: 20px;\" class=\"grve-empty-space\"><\/div><div class=\"grve-element grve-box-icon grve-medium grve-side-icon grve-align-left grve-vertical-align-middle grve-layout-2\"><a href=\"\/fr\/matieres\/droit-international\/\"><div class=\"grve-wrapper-icon\" style=\"\"><span class=\"grve-box-icon et-icon-phone grve-text-primary-1\"><\/span><\/div><div class=\"grve-box-content\"><h3 class=\"grve-box-title grve-leader-text\">Droit international<\/h3><\/div><\/a><\/div><div class=\"grve-empty-space grve-height-1x\"><\/div><h3 class=\"grve-element grve-title grve-align-inherit grve-subtitle-text grve-text-primary-2\"><span>Langues pratiqu\u00e9es<\/span><\/h3>[vc_column_text css=\u00a0\u00bb\u00a0\u00bb text_style=\u00a0\u00bbleader-text\u00a0\u00bb]Fran\u00e7ais \/ Anglais[\/vc_column_text]<div class=\"grve-empty-space grve-height-1x\"><\/div><h3 class=\"grve-element grve-title grve-align-inherit grve-subtitle-text grve-text-primary-2\"><span>Contactez Ludovic Badet<\/span><\/h3><div class=\"grve-element grve-align-inherit\"><a href=\"mailto:lb@v3avocats.be\" class=\"grve-btn-text grve-btn-only-text grve-text-primary-1 grve-text-hover-primary-2 grve-btn-extralarge grve-with-icon\">\n\t\t<div class=\"grve-btn-inner\">\n\t\t<span>lb@v3avocats.be<\/span>\n\t\t\t\t\t\t\t<div class=\"grve-btn-icon\">\n\t\t\t<span class=\"grve-icon smp-icon-envelope\"><\/span>\n\t\t<\/div>\n\t\t\t\t\t<\/div>\n\t<\/a><\/div><div class=\"grve-empty-space grve-height-1x\"><\/div><div class=\"grve-element grve-image grve-align-left\">\n\t<div class=\"grve-image-item\">\n\t\t\n\n<div class=\"grve-image-wrapper grve-no-effect\">\n\t\t<div class=\"grve-thumbnail-wrapper\"  style=\"width: 150px;\"><div class=\"grve-thumbnail\"  style=\"padding-top: 100%;\"><img loading=\"lazy\" decoding=\"async\" width=\"150\" height=\"150\" src=\"https:\/\/v3avocats.be\/wp-content\/uploads\/2025\/03\/Ludovic-Badet-150x150.jpg\" class=\"attachment-thumbnail size-thumbnail\" alt=\"coordonn\u00e9es de contact Ludovic Badet\" data-column-space=\"auto\" data-lazyload=\"\" data-grve-filter=\"yes\" srcset=\"https:\/\/v3avocats.be\/wp-content\/uploads\/2025\/03\/Ludovic-Badet-150x150.jpg 150w, https:\/\/v3avocats.be\/wp-content\/uploads\/2025\/03\/Ludovic-Badet-300x300.jpg 300w, https:\/\/v3avocats.be\/wp-content\/uploads\/2025\/03\/Ludovic-Badet-1024x1024.jpg 1024w, https:\/\/v3avocats.be\/wp-content\/uploads\/2025\/03\/Ludovic-Badet-768x768.jpg 768w, https:\/\/v3avocats.be\/wp-content\/uploads\/2025\/03\/Ludovic-Badet-1536x1536.jpg 1536w, https:\/\/v3avocats.be\/wp-content\/uploads\/2025\/03\/Ludovic-Badet-560x560.jpg 560w, https:\/\/v3avocats.be\/wp-content\/uploads\/2025\/03\/Ludovic-Badet-900x900.jpg 900w, https:\/\/v3avocats.be\/wp-content\/uploads\/2025\/03\/Ludovic-Badet-1920x1920.jpg 1920w\" sizes=\"auto, (max-width: 150px) 100vw, 150px\" \/><\/div><\/div>\t<\/div>\n\t<\/div>\n<\/div>\n<div class=\"grve-empty-space grve-height-1x\"><\/div><div class=\"grve-element grve-align-inherit\"><a href=\"\/wp-content\/uploads\/2025\/03\/ludovic-badet-vcard.vcf\" class=\"grve-btn grve-btn-outline grve-round grve-border-primary-1 grve-bg-hover-primary-2 grve-border-hover-primary-2 grve-text-primary-1 grve-text-hover-white grve-btn-large grve-with-icon\">\n\t\t<div class=\"grve-btn-inner\">\n\t\t<span>Je t\u00e9l\u00e9charge la VCard<\/span>\n\t\t\t\t\t\t\t<div class=\"grve-btn-icon\">\n\t\t\t<span class=\"grve-icon smp-icon-user-follow\"><\/span>\n\t\t<\/div>\n\t\t\t\t\t<\/div>\n\t<\/a><\/div><div class=\"grve-element grve-divider\" style=\"padding-top: 50px;padding-bottom: 50px;\"><span class=\"grve-custom-divider grve-bg-primary-2 grve-align-inherit\" style=\"width: 150px;height: 1px;\"><\/span><\/div>[vc_column_text css=\u00a0\u00bb\u00a0\u00bb]<strong>Avocat au barreau de Bruxelles depuis 2020 et au sein du cabinet V3 depuis 2020<\/strong>[\/vc_column_text]<div class=\"grve-empty-space grve-height-1x\"><\/div><h3 class=\"grve-element grve-title grve-align-inherit grve-subtitle-text grve-text-primary-2\"><span>Parcours professionnel<\/span><\/h3><div style=\"height: 15px;\" class=\"grve-empty-space\"><\/div>[vc_row_inner][vc_column_inner width=\u00a0\u00bb1\/5&Prime;][vc_column_text css=\u00a0\u00bb\u00a0\u00bb]<span class=\"grve-text-primary-2\">2024<\/span>[\/vc_column_text][\/vc_column_inner][vc_column_inner width=\u00a0\u00bb4\/5&Prime;][vc_column_text css=\u00a0\u00bb\u00a0\u00bb]<strong>Formation \u00e0 la cassation en mati\u00e8re p\u00e9nale<\/strong>[\/vc_column_text][\/vc_column_inner][\/vc_row_inner]<div class=\"grve-empty-space grve-height-1x\"><\/div><h3 class=\"grve-element grve-title grve-align-inherit grve-subtitle-text grve-text-primary-2\"><span>Parcours acad\u00e9mique<\/span><\/h3><div style=\"height: 15px;\" class=\"grve-empty-space\"><\/div>[vc_row_inner][vc_column_inner width=\u00a0\u00bb1\/5&Prime;][vc_column_text css=\u00a0\u00bb\u00a0\u00bb]<span class=\"grve-text-primary-2\">2019<\/span>[\/vc_column_text][\/vc_column_inner][vc_column_inner width=\u00a0\u00bb4\/5&Prime;][vc_column_text css=\u00a0\u00bb\u00a0\u00bb]<strong>Master de sp\u00e9cialisation en droit europ\u00e9en<\/strong><br \/>\nInstitut d\u2019\u00e9tudes europ\u00e9ennes de l\u2019Universit\u00e9 libre de Bruxelles [\/vc_column_text][\/vc_column_inner][\/vc_row_inner]<div class=\"grve-empty-space grve-height-1x\"><\/div>[vc_row_inner][vc_column_inner width=\u00a0\u00bb1\/5&Prime;][vc_column_text css=\u00a0\u00bb\u00a0\u00bb]<span class=\"grve-text-primary-2\">2018<\/span>[\/vc_column_text][\/vc_column_inner][vc_column_inner width=\u00a0\u00bb4\/5&Prime;][vc_column_text css=\u00a0\u00bb\u00a0\u00bb]<strong>Master en droit<\/strong><br \/>\nUniversit\u00e9 libre de Bruxelles[\/vc_column_text][\/vc_column_inner][\/vc_row_inner]<div class=\"grve-empty-space grve-height-1x\"><\/div>[vc_row_inner][vc_column_inner width=\u00a0\u00bb1\/5&Prime;][vc_column_text css=\u00a0\u00bb\u00a0\u00bb]<span class=\"grve-text-primary-2\">2016<\/span>[\/vc_column_text][\/vc_column_inner][vc_column_inner width=\u00a0\u00bb4\/5&Prime;][vc_column_text css=\u00a0\u00bb\u00a0\u00bb]<strong>Bachelier en droit<\/strong><br \/>\nUniversit\u00e9 libre de Bruxelles[\/vc_column_text][\/vc_column_inner][\/vc_row_inner]<div class=\"grve-empty-space grve-height-1x\"><\/div><h3 class=\"grve-element grve-title grve-align-inherit grve-subtitle-text grve-text-primary-2\"><span>Publication<\/span><\/h3><div style=\"height: 15px;\" class=\"grve-empty-space\"><\/div>[vc_column_text css=\u00a0\u00bb\u00a0\u00bb] \u00ab A propos de l\u2019article 19 du trait\u00e9 sur l\u2019Union europ\u00e9enne, pierre angulaire de l\u2019action de l\u2019Union europ\u00e9enne pour la sauvegarde de l\u2019\u00e9tat de droit \u00bb, Cahiers de droit europ\u00e9en, 2020, p. 57-106.[\/vc_column_text][\/vc_column][vc_column width=\u00a0\u00bb1\/2&Prime; column_sticky=\u00a0\u00bbyes\u00a0\u00bb]<div class=\"grve-element grve-image grve-align-inherit\">\n\t<div class=\"grve-image-item\">\n\t\t\n\n<div class=\"grve-image-wrapper grve-radius-3 grve-shadow-medium grve-no-effect\">\n\t\t<div class=\"grve-thumbnail-wrapper\"  style=\"width: 768px;\"><div class=\"grve-thumbnail\"  style=\"padding-top: 150%;\"><img loading=\"lazy\" decoding=\"async\" width=\"768\" height=\"1152\" src=\"https:\/\/v3avocats.be\/wp-content\/uploads\/2025\/02\/2024_CabinetVergauwen0415-768x1152.jpg\" class=\"attachment-medium_large size-medium_large\" alt=\"Ludovic Badet collaborateur cabinet V3 VERGAUWEN, VENET &amp; ASSOCI\u00c9S \u00e0 Bruxelles\" data-column-space=\"auto\" data-lazyload=\"\" data-grve-filter=\"yes\" srcset=\"https:\/\/v3avocats.be\/wp-content\/uploads\/2025\/02\/2024_CabinetVergauwen0415-768x1152.jpg 768w, https:\/\/v3avocats.be\/wp-content\/uploads\/2025\/02\/2024_CabinetVergauwen0415-200x300.jpg 200w, https:\/\/v3avocats.be\/wp-content\/uploads\/2025\/02\/2024_CabinetVergauwen0415-683x1024.jpg 683w, https:\/\/v3avocats.be\/wp-content\/uploads\/2025\/02\/2024_CabinetVergauwen0415.jpg 1000w\" sizes=\"auto, (max-width: 768px) 100vw, 768px\" \/><\/div><\/div>\t<\/div>\n\t<\/div>\n<\/div>\n[\/vc_column][\/vc_row][vc_row padding_top_multiplier=\u00a0\u00bb3x\u00a0\u00bb padding_bottom_multiplier=\u00a0\u00bb3x\u00a0\u00bb rc_bg_type=\u00a0\u00bbcolor\u00a0\u00bb columns_gap=\u00a0\u00bb60&Prime; desktop_visibility=\u00a0\u00bbhide\u00a0\u00bb tablet_visibility=\u00a0\u00bbhide\u00a0\u00bb rc_bg_color=\u00a0\u00bb#F7F7FB\u00a0\u00bb][vc_column rc_heading_color=\u00a0\u00bbprimary-1&Prime; grve_css=\u00a0\u00bb{\u00ab\u00a0desktop\u00ab\u00a0:{\u00ab\u00a0z-index\u00ab\u00a0:3,\u00ab\u00a0class\u00ab\u00a0:\u00ab\u00a0grve-wpb-1741298338802\u00ab\u00a0}}\u00a0\u00bb rc_font_color=\u00a0\u00bb#393589&Prime;]<div class=\"grve-empty-space grve-height-1x\"><\/div><h1 class=\"grve-element grve-title grve-align-center grve-h1\" style=\"margin-bottom: 0px;\"><span>Ludovic Badet<\/span><\/h1><h3 class=\"grve-element grve-title grve-align-center grve-h4 grve-text-primary-2\" style=\"margin-bottom: 0px;\"><span>Collaborateur<\/span><\/h3><div class=\"grve-empty-space grve-height-1x\"><\/div><div class=\"grve-element grve-image grve-align-center\">\n\t<div class=\"grve-image-item\">\n\t\t\n\n<div class=\"grve-image-wrapper grve-radius-circle grve-no-effect\">\n\t\t<div class=\"grve-thumbnail-wrapper\"  style=\"width: 560px;\"><div class=\"grve-thumbnail\"  style=\"padding-top: 100%;\"><img loading=\"lazy\" decoding=\"async\" width=\"560\" height=\"560\" src=\"https:\/\/v3avocats.be\/wp-content\/uploads\/2025\/03\/2024_CabinetVergauwen0415-e1742650787725-560x560.jpg\" class=\"attachment-impeka-grve-small-square size-impeka-grve-small-square\" alt=\"Ludovic Badet collaborateur cabinet V3 avocats\" data-column-space=\"auto\" data-lazyload=\"\" data-grve-filter=\"yes\" srcset=\"https:\/\/v3avocats.be\/wp-content\/uploads\/2025\/03\/2024_CabinetVergauwen0415-e1742650787725-560x560.jpg 560w, https:\/\/v3avocats.be\/wp-content\/uploads\/2025\/03\/2024_CabinetVergauwen0415-e1742650787725-300x300.jpg 300w, https:\/\/v3avocats.be\/wp-content\/uploads\/2025\/03\/2024_CabinetVergauwen0415-e1742650787725-150x150.jpg 150w, https:\/\/v3avocats.be\/wp-content\/uploads\/2025\/03\/2024_CabinetVergauwen0415-e1742650787725-768x768.jpg 768w, https:\/\/v3avocats.be\/wp-content\/uploads\/2025\/03\/2024_CabinetVergauwen0415-e1742650787725.jpg 880w\" sizes=\"auto, (max-width: 560px) 100vw, 560px\" \/><\/div><\/div>\t<\/div>\n\t<\/div>\n<\/div>\n<div class=\"grve-empty-space grve-height-1x\"><\/div><h3 class=\"grve-element grve-title grve-align-inherit grve-subtitle-text grve-text-primary-2\"><span>Mati\u00e8res pr\u00e9f\u00e9rentielles<\/span><\/h3><div class=\"grve-element grve-box-icon grve-medium grve-side-icon grve-align-left grve-vertical-align-middle grve-layout-2\"><a href=\"\/fr\/matieres\/droit-penal\/\"><div class=\"grve-wrapper-icon\" style=\"\"><span class=\"grve-box-icon et-icon-toolbox grve-text-primary-1\"><\/span><\/div><div class=\"grve-box-content\"><h3 class=\"grve-box-title grve-leader-text\">Droit p\u00e9nal<\/h3><\/div><\/a><\/div><div style=\"height: 20px;\" class=\"grve-empty-space\"><\/div><div class=\"grve-element grve-box-icon grve-medium grve-side-icon grve-align-left grve-vertical-align-middle grve-layout-2\"><a href=\"\/fr\/matieres\/droit-circulation-routiere\/\"><div class=\"grve-wrapper-icon\" style=\"\"><span class=\"grve-box-icon et-icon-circle-compass grve-text-primary-1\"><\/span><\/div><div class=\"grve-box-content\"><h3 class=\"grve-box-title grve-leader-text\">Droit de la circulation routi\u00e8re<\/h3><\/div><\/a><\/div><div style=\"height: 20px;\" class=\"grve-empty-space\"><\/div><div class=\"grve-element grve-box-icon grve-medium grve-side-icon grve-align-left grve-vertical-align-middle grve-layout-2\"><a href=\"\/fr\/matieres\/droit-international\/\"><div class=\"grve-wrapper-icon\" style=\"\"><span class=\"grve-box-icon et-icon-phone grve-text-primary-1\"><\/span><\/div><div class=\"grve-box-content\"><h3 class=\"grve-box-title grve-leader-text\">Droit international<\/h3><\/div><\/a><\/div><div class=\"grve-empty-space grve-height-1x\"><\/div><h3 class=\"grve-element grve-title grve-align-inherit grve-subtitle-text grve-text-primary-2\"><span>Langues pratiqu\u00e9es<\/span><\/h3>[vc_column_text css=\u00a0\u00bb\u00a0\u00bb text_style=\u00a0\u00bbleader-text\u00a0\u00bb]Fran\u00e7ais \/ Anglais[\/vc_column_text]<div class=\"grve-empty-space grve-height-1x\"><\/div><h3 class=\"grve-element grve-title grve-align-inherit grve-subtitle-text grve-text-primary-2\"><span>Contactez Ludovic Badet<\/span><\/h3><div class=\"grve-element grve-align-inherit\"><a href=\"mailto:lb@v3avocats.be\" class=\"grve-btn-text grve-btn-only-text grve-text-primary-1 grve-text-hover-primary-2 grve-btn-extralarge grve-with-icon\">\n\t\t<div class=\"grve-btn-inner\">\n\t\t<span>lb@v3avocats.be<\/span>\n\t\t\t\t\t\t\t<div class=\"grve-btn-icon\">\n\t\t\t<span class=\"grve-icon smp-icon-envelope\"><\/span>\n\t\t<\/div>\n\t\t\t\t\t<\/div>\n\t<\/a><\/div><div class=\"grve-empty-space grve-height-1x\"><\/div><div class=\"grve-element grve-image grve-align-left\">\n\t<div class=\"grve-image-item\">\n\t\t\n\n<div class=\"grve-image-wrapper grve-no-effect\">\n\t\t<div class=\"grve-thumbnail-wrapper\" ><div class=\"grve-thumbnail\"  style=\"padding-top: 0%;\"><\/div><\/div>\t<\/div>\n\t<\/div>\n<\/div>\n<div class=\"grve-empty-space grve-height-1x\"><\/div><div class=\"grve-element grve-align-inherit\"><a href=\"\/wp-content\/uploads\/2025\/03\/cedric-vergauwen-vcard.vcf\" class=\"grve-btn grve-btn-outline grve-round grve-border-primary-1 grve-bg-hover-primary-2 grve-border-hover-primary-2 grve-text-primary-1 grve-text-hover-white grve-btn-large grve-with-icon\">\n\t\t<div class=\"grve-btn-inner\">\n\t\t<span>Je t\u00e9l\u00e9charge la VCard<\/span>\n\t\t\t\t\t\t\t<div class=\"grve-btn-icon\">\n\t\t\t<span class=\"grve-icon smp-icon-user-follow\"><\/span>\n\t\t<\/div>\n\t\t\t\t\t<\/div>\n\t<\/a><\/div><div class=\"grve-element grve-divider\" style=\"padding-top: 50px;padding-bottom: 50px;\"><span class=\"grve-custom-divider grve-bg-primary-2 grve-align-inherit\" style=\"width: 150px;height: 1px;\"><\/span><\/div>[vc_column_text css=\u00a0\u00bb\u00a0\u00bb]<strong>Avocat au barreau de Bruxelles depuis 2020 et au sein du cabinet V3 depuis 2020<\/strong>[\/vc_column_text]<div class=\"grve-empty-space grve-height-1x\"><\/div><h3 class=\"grve-element grve-title grve-align-inherit grve-subtitle-text grve-text-primary-2\"><span>Parcours professionnel<\/span><\/h3><div style=\"height: 15px;\" class=\"grve-empty-space\"><\/div>[vc_row_inner][vc_column_inner width=\u00a0\u00bb1\/5&Prime;][vc_column_text css=\u00a0\u00bb\u00a0\u00bb]<span class=\"grve-text-primary-2\">2024<\/span>[\/vc_column_text][\/vc_column_inner][vc_column_inner width=\u00a0\u00bb4\/5&Prime;][vc_column_text css=\u00a0\u00bb\u00a0\u00bb]<strong>Formation \u00e0 la cassation en mati\u00e8re p\u00e9nale<\/strong>[\/vc_column_text][\/vc_column_inner][\/vc_row_inner]<div class=\"grve-empty-space grve-height-1x\"><\/div><h3 class=\"grve-element grve-title grve-align-inherit grve-subtitle-text grve-text-primary-2\"><span>Parcours acad\u00e9mique<\/span><\/h3><div style=\"height: 15px;\" class=\"grve-empty-space\"><\/div>[vc_row_inner][vc_column_inner width=\u00a0\u00bb1\/5&Prime;][vc_column_text css=\u00a0\u00bb\u00a0\u00bb]<span class=\"grve-text-primary-2\">2019<\/span>[\/vc_column_text][\/vc_column_inner][vc_column_inner width=\u00a0\u00bb4\/5&Prime;][vc_column_text css=\u00a0\u00bb\u00a0\u00bb]<strong>Master de sp\u00e9cialisation en droit europ\u00e9en<\/strong><br \/>\nInstitut d\u2019\u00e9tudes europ\u00e9ennes de l\u2019Universit\u00e9 libre de Bruxelles [\/vc_column_text][\/vc_column_inner][\/vc_row_inner]<div class=\"grve-empty-space grve-height-1x\"><\/div>[vc_row_inner][vc_column_inner width=\u00a0\u00bb1\/5&Prime;][vc_column_text css=\u00a0\u00bb\u00a0\u00bb]<span class=\"grve-text-primary-2\">2018<\/span>[\/vc_column_text][\/vc_column_inner][vc_column_inner width=\u00a0\u00bb4\/5&Prime;][vc_column_text css=\u00a0\u00bb\u00a0\u00bb]<strong>Master en droit<\/strong><br \/>\nUniversit\u00e9 libre de Bruxelles[\/vc_column_text][\/vc_column_inner][\/vc_row_inner]<div class=\"grve-empty-space grve-height-1x\"><\/div>[vc_row_inner][vc_column_inner width=\u00a0\u00bb1\/5&Prime;][vc_column_text css=\u00a0\u00bb\u00a0\u00bb]<span class=\"grve-text-primary-2\">2016<\/span>[\/vc_column_text][\/vc_column_inner][vc_column_inner width=\u00a0\u00bb4\/5&Prime;][vc_column_text css=\u00a0\u00bb\u00a0\u00bb]<strong>Bachelier en droit<\/strong><br \/>\nUniversit\u00e9 libre de Bruxelles[\/vc_column_text][\/vc_column_inner][\/vc_row_inner]<div class=\"grve-empty-space grve-height-1x\"><\/div><h3 class=\"grve-element grve-title grve-align-inherit grve-subtitle-text grve-text-primary-2\"><span>Publication<\/span><\/h3><div style=\"height: 15px;\" class=\"grve-empty-space\"><\/div>[vc_column_text css=\u00a0\u00bb\u00a0\u00bb] \u00ab A propos de l\u2019article 19 du trait\u00e9 sur l\u2019Union europ\u00e9enne, pierre angulaire de l\u2019action de l\u2019Union europ\u00e9enne pour la sauvegarde de l\u2019\u00e9tat de droit \u00bb, Cahiers de droit europ\u00e9en, 2020, p. 57-106.[\/vc_column_text][\/vc_column][\/vc_row]<\/p>\n<\/div>","protected":false},"excerpt":{"rendered":"<p>[vc_row padding_top_multiplier=\u00a0\u00bb3x\u00a0\u00bb padding_bottom_multiplier=\u00a0\u00bb3x\u00a0\u00bb rc_bg_type=\u00a0\u00bbcolor\u00a0\u00bb columns_gap=\u00a0\u00bb60&Prime; tablet_sm_visibility=\u00a0\u00bbhide\u00a0\u00bb mobile_visibility=\u00a0\u00bbhide\u00a0\u00bb rc_bg_color=\u00a0\u00bb#F7F7FB\u00a0\u00bb][vc_column width=\u00a0\u00bb1\/2&Prime; rc_heading_color=\u00a0\u00bbprimary-1&Prime; grve_css=\u00a0\u00bb{\u00ab\u00a0desktop\u00ab\u00a0:{\u00ab\u00a0z-index\u00ab\u00a0:3,\u00ab\u00a0class\u00ab\u00a0:\u00ab\u00a0grve-wpb-1741298338802\u00ab\u00a0}}\u00a0\u00bb rc_font_color=\u00a0\u00bb#393589&Prime;][vc_column_text css=\u00a0\u00bb\u00a0\u00bb text_style=\u00a0\u00bbleader-text\u00a0\u00bb]Fran\u00e7ais \/ Anglais[\/vc_column_text][vc_column_text css=\u00a0\u00bb\u00a0\u00bb]Avocat au barreau de Bruxelles depuis 2020 et au sein du cabinet V3 depuis 2020[\/vc_column_text][vc_row_inner][vc_column_inner width=\u00a0\u00bb1\/5&Prime;][vc_column_text css=\u00a0\u00bb\u00a0\u00bb]2024[\/vc_column_text][\/vc_column_inner][vc_column_inner width=\u00a0\u00bb4\/5&Prime;][vc_column_text css=\u00a0\u00bb\u00a0\u00bb]Formation \u00e0 la cassation en mati\u00e8re p\u00e9nale[\/vc_column_text][\/vc_column_inner][\/vc_row_inner][vc_row_inner][vc_column_inner width=\u00a0\u00bb1\/5&Prime;][vc_column_text css=\u00a0\u00bb\u00a0\u00bb]2019[\/vc_column_text][\/vc_column_inner][vc_column_inner width=\u00a0\u00bb4\/5&Prime;][vc_column_text css=\u00a0\u00bb\u00a0\u00bb]Master de sp\u00e9cialisation en droit europ\u00e9en Institut d\u2019\u00e9tudes europ\u00e9ennes de l\u2019Universit\u00e9 [&hellip;]<\/p>\n","protected":false},"author":1,"featured_media":417,"parent":83,"menu_order":0,"comment_status":"closed","ping_status":"closed","template":"","meta":{"footnotes":""},"class_list":["post-413","page","type-page","status-publish","has-post-thumbnail","hentry","grve-entry-item"],"yoast_head":"<!-- This site is optimized with the Yoast SEO plugin v27.0 - https:\/\/yoast.com\/product\/yoast-seo-wordpress\/ -->\n<title>Ludovic Badet - V3avocats<\/title>\n<meta name=\"description\" content=\"Ludovic Badet est avocat collaborateur au sein du cabinet V3 VERGAUWEN, VENET &amp; ASSOCI\u00c9S et vous re\u00e7oit \u00e0 Bruxelles.\" \/>\n<meta name=\"robots\" content=\"index, follow, max-snippet:-1, max-image-preview:large, max-video-preview:-1\" \/>\n<link rel=\"canonical\" href=\"https:\/\/v3avocats.be\/fr\/equipe\/ludovic-badet\/\" \/>\n<meta property=\"og:locale\" content=\"fr_FR\" \/>\n<meta property=\"og:type\" content=\"article\" \/>\n<meta property=\"og:title\" content=\"Ludovic Badet - V3avocats\" \/>\n<meta property=\"og:description\" content=\"Ludovic Badet est avocat collaborateur au sein du cabinet V3 VERGAUWEN, VENET &amp; ASSOCI\u00c9S et vous re\u00e7oit \u00e0 Bruxelles.\" \/>\n<meta property=\"og:url\" content=\"https:\/\/v3avocats.be\/fr\/equipe\/ludovic-badet\/\" \/>\n<meta property=\"og:site_name\" content=\"V3avocats\" \/>\n<meta property=\"article:modified_time\" content=\"2025-05-17T15:02:01+00:00\" \/>\n<meta property=\"og:image\" content=\"https:\/\/v3avocats.be\/wp-content\/uploads\/2025\/03\/2024_CabinetVergauwen0415-e1742650787725.jpg\" \/>\n\t<meta property=\"og:image:width\" content=\"880\" \/>\n\t<meta property=\"og:image:height\" content=\"880\" \/>\n\t<meta property=\"og:image:type\" content=\"image\/jpeg\" \/>\n<meta name=\"twitter:card\" content=\"summary_large_image\" \/>\n<meta name=\"twitter:label1\" content=\"Dur\u00e9e de lecture estim\u00e9e\" \/>\n\t<meta name=\"twitter:data1\" content=\"4 minutes\" \/>\n<script type=\"application\/ld+json\" class=\"yoast-schema-graph\">{\"@context\":\"https:\/\/schema.org\",\"@graph\":[{\"@type\":\"WebPage\",\"@id\":\"https:\/\/v3avocats.be\/fr\/equipe\/ludovic-badet\/\",\"url\":\"https:\/\/v3avocats.be\/fr\/equipe\/ludovic-badet\/\",\"name\":\"Ludovic Badet - V3avocats\",\"isPartOf\":{\"@id\":\"https:\/\/v3avocats.be\/fr\/#website\"},\"primaryImageOfPage\":{\"@id\":\"https:\/\/v3avocats.be\/fr\/equipe\/ludovic-badet\/#primaryimage\"},\"image\":{\"@id\":\"https:\/\/v3avocats.be\/fr\/equipe\/ludovic-badet\/#primaryimage\"},\"thumbnailUrl\":\"https:\/\/v3avocats.be\/wp-content\/uploads\/2025\/03\/2024_CabinetVergauwen0415-e1742650787725.jpg\",\"datePublished\":\"2025-03-22T13:40:57+00:00\",\"dateModified\":\"2025-05-17T15:02:01+00:00\",\"description\":\"Ludovic Badet est avocat collaborateur au sein du cabinet V3 VERGAUWEN, VENET & ASSOCI\u00c9S et vous re\u00e7oit \u00e0 Bruxelles.\",\"breadcrumb\":{\"@id\":\"https:\/\/v3avocats.be\/fr\/equipe\/ludovic-badet\/#breadcrumb\"},\"inLanguage\":\"fr-FR\",\"potentialAction\":[{\"@type\":\"ReadAction\",\"target\":[\"https:\/\/v3avocats.be\/fr\/equipe\/ludovic-badet\/\"]}]},{\"@type\":\"ImageObject\",\"inLanguage\":\"fr-FR\",\"@id\":\"https:\/\/v3avocats.be\/fr\/equipe\/ludovic-badet\/#primaryimage\",\"url\":\"https:\/\/v3avocats.be\/wp-content\/uploads\/2025\/03\/2024_CabinetVergauwen0415-e1742650787725.jpg\",\"contentUrl\":\"https:\/\/v3avocats.be\/wp-content\/uploads\/2025\/03\/2024_CabinetVergauwen0415-e1742650787725.jpg\",\"width\":880,\"height\":880,\"caption\":\"Ludovic Badet collaborateur cabinet V3 avocats\"},{\"@type\":\"BreadcrumbList\",\"@id\":\"https:\/\/v3avocats.be\/fr\/equipe\/ludovic-badet\/#breadcrumb\",\"itemListElement\":[{\"@type\":\"ListItem\",\"position\":1,\"name\":\"Accueil\",\"item\":\"https:\/\/v3avocats.be\/fr\/\"},{\"@type\":\"ListItem\",\"position\":2,\"name\":\"L&rsquo;\u00e9quipe du cabinet V3 avocats\",\"item\":\"https:\/\/v3avocats.be\/fr\/equipe\/\"},{\"@type\":\"ListItem\",\"position\":3,\"name\":\"Ludovic Badet\"}]},{\"@type\":\"WebSite\",\"@id\":\"https:\/\/v3avocats.be\/fr\/#website\",\"url\":\"https:\/\/v3avocats.be\/fr\/\",\"name\":\"V3 Vergauwen, Venet & associ\u00e9s avocats\",\"description\":\"Cabinet V3 Vergauwen, Venet &amp; associ\u00e9s\",\"publisher\":{\"@id\":\"https:\/\/v3avocats.be\/fr\/#organization\"},\"potentialAction\":[{\"@type\":\"SearchAction\",\"target\":{\"@type\":\"EntryPoint\",\"urlTemplate\":\"https:\/\/v3avocats.be\/fr\/?s={search_term_string}\"},\"query-input\":{\"@type\":\"PropertyValueSpecification\",\"valueRequired\":true,\"valueName\":\"search_term_string\"}}],\"inLanguage\":\"fr-FR\"},{\"@type\":\"Organization\",\"@id\":\"https:\/\/v3avocats.be\/fr\/#organization\",\"name\":\"V3avocats\",\"url\":\"https:\/\/v3avocats.be\/fr\/\",\"logo\":{\"@type\":\"ImageObject\",\"inLanguage\":\"fr-FR\",\"@id\":\"https:\/\/v3avocats.be\/fr\/#\/schema\/logo\/image\/\",\"url\":\"https:\/\/v3avocats.be\/wp-content\/uploads\/2025\/02\/V3avocats-favicon-1.png\",\"contentUrl\":\"https:\/\/v3avocats.be\/wp-content\/uploads\/2025\/02\/V3avocats-favicon-1.png\",\"width\":512,\"height\":512,\"caption\":\"V3avocats\"},\"image\":{\"@id\":\"https:\/\/v3avocats.be\/fr\/#\/schema\/logo\/image\/\"}}]}<\/script>\n<!-- \/ Yoast SEO plugin. -->","yoast_head_json":{"title":"Ludovic Badet - V3avocats","description":"Ludovic Badet est avocat collaborateur au sein du cabinet V3 VERGAUWEN, VENET & ASSOCI\u00c9S et vous re\u00e7oit \u00e0 Bruxelles.","robots":{"index":"index","follow":"follow","max-snippet":"max-snippet:-1","max-image-preview":"max-image-preview:large","max-video-preview":"max-video-preview:-1"},"canonical":"https:\/\/v3avocats.be\/fr\/equipe\/ludovic-badet\/","og_locale":"fr_FR","og_type":"article","og_title":"Ludovic Badet - V3avocats","og_description":"Ludovic Badet est avocat collaborateur au sein du cabinet V3 VERGAUWEN, VENET & ASSOCI\u00c9S et vous re\u00e7oit \u00e0 Bruxelles.","og_url":"https:\/\/v3avocats.be\/fr\/equipe\/ludovic-badet\/","og_site_name":"V3avocats","article_modified_time":"2025-05-17T15:02:01+00:00","og_image":[{"width":880,"height":880,"url":"https:\/\/v3avocats.be\/wp-content\/uploads\/2025\/03\/2024_CabinetVergauwen0415-e1742650787725.jpg","type":"image\/jpeg"}],"twitter_card":"summary_large_image","twitter_misc":{"Dur\u00e9e de lecture estim\u00e9e":"4 minutes"},"schema":{"@context":"https:\/\/schema.org","@graph":[{"@type":"WebPage","@id":"https:\/\/v3avocats.be\/fr\/equipe\/ludovic-badet\/","url":"https:\/\/v3avocats.be\/fr\/equipe\/ludovic-badet\/","name":"Ludovic Badet - V3avocats","isPartOf":{"@id":"https:\/\/v3avocats.be\/fr\/#website"},"primaryImageOfPage":{"@id":"https:\/\/v3avocats.be\/fr\/equipe\/ludovic-badet\/#primaryimage"},"image":{"@id":"https:\/\/v3avocats.be\/fr\/equipe\/ludovic-badet\/#primaryimage"},"thumbnailUrl":"https:\/\/v3avocats.be\/wp-content\/uploads\/2025\/03\/2024_CabinetVergauwen0415-e1742650787725.jpg","datePublished":"2025-03-22T13:40:57+00:00","dateModified":"2025-05-17T15:02:01+00:00","description":"Ludovic Badet est avocat collaborateur au sein du cabinet V3 VERGAUWEN, VENET & ASSOCI\u00c9S et vous re\u00e7oit \u00e0 Bruxelles.","breadcrumb":{"@id":"https:\/\/v3avocats.be\/fr\/equipe\/ludovic-badet\/#breadcrumb"},"inLanguage":"fr-FR","potentialAction":[{"@type":"ReadAction","target":["https:\/\/v3avocats.be\/fr\/equipe\/ludovic-badet\/"]}]},{"@type":"ImageObject","inLanguage":"fr-FR","@id":"https:\/\/v3avocats.be\/fr\/equipe\/ludovic-badet\/#primaryimage","url":"https:\/\/v3avocats.be\/wp-content\/uploads\/2025\/03\/2024_CabinetVergauwen0415-e1742650787725.jpg","contentUrl":"https:\/\/v3avocats.be\/wp-content\/uploads\/2025\/03\/2024_CabinetVergauwen0415-e1742650787725.jpg","width":880,"height":880,"caption":"Ludovic Badet collaborateur cabinet V3 avocats"},{"@type":"BreadcrumbList","@id":"https:\/\/v3avocats.be\/fr\/equipe\/ludovic-badet\/#breadcrumb","itemListElement":[{"@type":"ListItem","position":1,"name":"Accueil","item":"https:\/\/v3avocats.be\/fr\/"},{"@type":"ListItem","position":2,"name":"L&rsquo;\u00e9quipe du cabinet V3 avocats","item":"https:\/\/v3avocats.be\/fr\/equipe\/"},{"@type":"ListItem","position":3,"name":"Ludovic Badet"}]},{"@type":"WebSite","@id":"https:\/\/v3avocats.be\/fr\/#website","url":"https:\/\/v3avocats.be\/fr\/","name":"V3 Vergauwen, Venet & associ\u00e9s avocats","description":"Cabinet V3 Vergauwen, Venet &amp; associ\u00e9s","publisher":{"@id":"https:\/\/v3avocats.be\/fr\/#organization"},"potentialAction":[{"@type":"SearchAction","target":{"@type":"EntryPoint","urlTemplate":"https:\/\/v3avocats.be\/fr\/?s={search_term_string}"},"query-input":{"@type":"PropertyValueSpecification","valueRequired":true,"valueName":"search_term_string"}}],"inLanguage":"fr-FR"},{"@type":"Organization","@id":"https:\/\/v3avocats.be\/fr\/#organization","name":"V3avocats","url":"https:\/\/v3avocats.be\/fr\/","logo":{"@type":"ImageObject","inLanguage":"fr-FR","@id":"https:\/\/v3avocats.be\/fr\/#\/schema\/logo\/image\/","url":"https:\/\/v3avocats.be\/wp-content\/uploads\/2025\/02\/V3avocats-favicon-1.png","contentUrl":"https:\/\/v3avocats.be\/wp-content\/uploads\/2025\/02\/V3avocats-favicon-1.png","width":512,"height":512,"caption":"V3avocats"},"image":{"@id":"https:\/\/v3avocats.be\/fr\/#\/schema\/logo\/image\/"}}]}},"_links":{"self":[{"href":"https:\/\/v3avocats.be\/fr\/wp-json\/wp\/v2\/pages\/413","targetHints":{"allow":["GET"]}}],"collection":[{"href":"https:\/\/v3avocats.be\/fr\/wp-json\/wp\/v2\/pages"}],"about":[{"href":"https:\/\/v3avocats.be\/fr\/wp-json\/wp\/v2\/types\/page"}],"author":[{"embeddable":true,"href":"https:\/\/v3avocats.be\/fr\/wp-json\/wp\/v2\/users\/1"}],"replies":[{"embeddable":true,"href":"https:\/\/v3avocats.be\/fr\/wp-json\/wp\/v2\/comments?post=413"}],"version-history":[{"count":0,"href":"https:\/\/v3avocats.be\/fr\/wp-json\/wp\/v2\/pages\/413\/revisions"}],"up":[{"embeddable":true,"href":"https:\/\/v3avocats.be\/fr\/wp-json\/wp\/v2\/pages\/83"}],"wp:featuredmedia":[{"embeddable":true,"href":"https:\/\/v3avocats.be\/fr\/wp-json\/wp\/v2\/media\/417"}],"wp:attachment":[{"href":"https:\/\/v3avocats.be\/fr\/wp-json\/wp\/v2\/media?parent=413"}],"curies":[{"name":"wp","href":"https:\/\/api.w.org\/{rel}","templated":true}]}}