{"id":382,"date":"2025-03-22T12:32:01","date_gmt":"2025-03-22T12:32:01","guid":{"rendered":"https:\/\/v3avocats.uni-vert.be\/?page_id=382"},"modified":"2025-05-17T14:50:17","modified_gmt":"2025-05-17T14:50:17","slug":"damien-holzapfel","status":"publish","type":"page","link":"https:\/\/v3avocats.be\/fr\/equipe\/damien-holzapfel\/","title":{"rendered":"Damien Holzapfel"},"content":{"rendered":"<div class=\"wpb-content-wrapper\"><p>[vc_row padding_top_multiplier=\u00a0\u00bb3x\u00a0\u00bb padding_bottom_multiplier=\u00a0\u00bb3x\u00a0\u00bb rc_bg_type=\u00a0\u00bbcolor\u00a0\u00bb columns_gap=\u00a0\u00bb60&Prime; tablet_sm_visibility=\u00a0\u00bbhide\u00a0\u00bb mobile_visibility=\u00a0\u00bbhide\u00a0\u00bb rc_bg_color=\u00a0\u00bb#F7F7FB\u00a0\u00bb][vc_column width=\u00a0\u00bb1\/2&Prime; rc_heading_color=\u00a0\u00bbprimary-1&Prime; grve_css=\u00a0\u00bb{\u00ab\u00a0desktop\u00ab\u00a0:{\u00ab\u00a0z-index\u00ab\u00a0:3,\u00ab\u00a0class\u00ab\u00a0:\u00ab\u00a0grve-wpb-1741298338802\u00ab\u00a0}}\u00a0\u00bb rc_font_color=\u00a0\u00bb#393589&Prime;]<div class=\"grve-empty-space grve-height-1x\"><\/div><h1 class=\"grve-element grve-title grve-align-inherit grve-h1\" style=\"margin-bottom: 0px;\"><span>Damien Holzapfel<\/span><\/h1><h3 class=\"grve-element grve-title grve-align-inherit grve-h4 grve-text-primary-2\" style=\"margin-bottom: 0px;\"><span>Associ\u00e9<\/span><\/h3><div class=\"grve-empty-space grve-height-1x\"><\/div><h3 class=\"grve-element grve-title grve-align-inherit grve-subtitle-text grve-text-primary-2\"><span>Mati\u00e8res pr\u00e9f\u00e9rentielles<\/span><\/h3><div class=\"grve-element grve-box-icon grve-medium grve-side-icon grve-align-left grve-vertical-align-middle grve-layout-2\"><a href=\"\/fr\/matieres\/droit-penal\/\"><div class=\"grve-wrapper-icon\" style=\"\"><span class=\"grve-box-icon et-icon-toolbox grve-text-primary-1\"><\/span><\/div><div class=\"grve-box-content\"><h3 class=\"grve-box-title grve-leader-text\">Droit p\u00e9nal<\/h3><\/div><\/a><\/div><div style=\"height: 20px;\" class=\"grve-empty-space\"><\/div><div class=\"grve-element grve-box-icon grve-medium grve-side-icon grve-align-left grve-vertical-align-middle grve-layout-2\"><a href=\"\/fr\/matieres\/droit-circulation-routiere\/\"><div class=\"grve-wrapper-icon\" style=\"\"><span class=\"grve-box-icon et-icon-circle-compass grve-text-primary-1\"><\/span><\/div><div class=\"grve-box-content\"><h3 class=\"grve-box-title grve-leader-text\">Droit de la circulation routi\u00e8re<\/h3><\/div><\/a><\/div><div style=\"height: 20px;\" class=\"grve-empty-space\"><\/div><div class=\"grve-element grve-box-icon grve-medium grve-side-icon grve-align-left grve-vertical-align-middle grve-layout-2\"><a href=\"\/fr\/matieres\/droit-international\/\"><div class=\"grve-wrapper-icon\" style=\"\"><span class=\"grve-box-icon et-icon-phone grve-text-primary-1\"><\/span><\/div><div class=\"grve-box-content\"><h3 class=\"grve-box-title grve-leader-text\">Droit international<\/h3><\/div><\/a><\/div><div class=\"grve-empty-space grve-height-1x\"><\/div><h3 class=\"grve-element grve-title grve-align-inherit grve-subtitle-text grve-text-primary-2\"><span>Langues pratiqu\u00e9es<\/span><\/h3>[vc_column_text css=\u00a0\u00bb\u00a0\u00bb text_style=\u00a0\u00bbleader-text\u00a0\u00bb]Fran\u00e7ais \/ Anglais \/ N\u00e9erlandais[\/vc_column_text]<div class=\"grve-empty-space grve-height-1x\"><\/div><h3 class=\"grve-element grve-title grve-align-inherit grve-subtitle-text grve-text-primary-2\"><span>Contactez Damien Holzapfel<\/span><\/h3><div class=\"grve-element grve-align-inherit\"><a href=\"mailto:dh@v3avocats.be\" class=\"grve-btn-text grve-btn-only-text grve-text-primary-1 grve-text-hover-primary-2 grve-btn-extralarge grve-with-icon\">\n\t\t<div class=\"grve-btn-inner\">\n\t\t<span>dh@v3avocats.be<\/span>\n\t\t\t\t\t\t\t<div class=\"grve-btn-icon\">\n\t\t\t<span class=\"grve-icon smp-icon-envelope\"><\/span>\n\t\t<\/div>\n\t\t\t\t\t<\/div>\n\t<\/a><\/div><div class=\"grve-empty-space grve-height-1x\"><\/div><div class=\"grve-element grve-image grve-align-left\">\n\t<div class=\"grve-image-item\">\n\t\t\n\n<div class=\"grve-image-wrapper grve-no-effect\">\n\t\t<div class=\"grve-thumbnail-wrapper\"  style=\"width: 150px;\"><div class=\"grve-thumbnail\"  style=\"padding-top: 100%;\"><img loading=\"lazy\" decoding=\"async\" width=\"150\" height=\"150\" src=\"https:\/\/v3avocats.be\/wp-content\/uploads\/2025\/03\/Damien-Holzapfel-150x150.jpg\" class=\"attachment-thumbnail size-thumbnail\" alt=\"coordonn\u00e9es de contact Damien Holzapfel\" data-column-space=\"auto\" data-lazyload=\"\" data-grve-filter=\"yes\" srcset=\"https:\/\/v3avocats.be\/wp-content\/uploads\/2025\/03\/Damien-Holzapfel-150x150.jpg 150w, https:\/\/v3avocats.be\/wp-content\/uploads\/2025\/03\/Damien-Holzapfel-300x300.jpg 300w, https:\/\/v3avocats.be\/wp-content\/uploads\/2025\/03\/Damien-Holzapfel-1024x1024.jpg 1024w, https:\/\/v3avocats.be\/wp-content\/uploads\/2025\/03\/Damien-Holzapfel-768x768.jpg 768w, https:\/\/v3avocats.be\/wp-content\/uploads\/2025\/03\/Damien-Holzapfel-1536x1536.jpg 1536w, https:\/\/v3avocats.be\/wp-content\/uploads\/2025\/03\/Damien-Holzapfel-560x560.jpg 560w, https:\/\/v3avocats.be\/wp-content\/uploads\/2025\/03\/Damien-Holzapfel-900x900.jpg 900w, https:\/\/v3avocats.be\/wp-content\/uploads\/2025\/03\/Damien-Holzapfel-1920x1920.jpg 1920w\" sizes=\"auto, (max-width: 150px) 100vw, 150px\" \/><\/div><\/div>\t<\/div>\n\t<\/div>\n<\/div>\n<div class=\"grve-empty-space grve-height-1x\"><\/div><div class=\"grve-element grve-align-inherit\"><a href=\"\/wp-content\/uploads\/2025\/03\/damien-holzapfel-vcard.vcf\" class=\"grve-btn grve-btn-outline grve-round grve-border-primary-1 grve-bg-hover-primary-2 grve-border-hover-primary-2 grve-text-primary-1 grve-text-hover-white grve-btn-large grve-with-icon\">\n\t\t<div class=\"grve-btn-inner\">\n\t\t<span>Je t\u00e9l\u00e9charge la VCard<\/span>\n\t\t\t\t\t\t\t<div class=\"grve-btn-icon\">\n\t\t\t<span class=\"grve-icon smp-icon-user-follow\"><\/span>\n\t\t<\/div>\n\t\t\t\t\t<\/div>\n\t<\/a><\/div><div class=\"grve-element grve-divider\" style=\"padding-top: 50px;padding-bottom: 50px;\"><span class=\"grve-custom-divider grve-bg-primary-2 grve-align-inherit\" style=\"width: 150px;height: 1px;\"><\/span><\/div>[vc_column_text css=\u00a0\u00bb\u00a0\u00bb]<strong>Avocat au barreau de Bruxelles depuis 2000 et associ\u00e9 au sein du cabinet V3 depuis 2022<\/strong>[\/vc_column_text]<div class=\"grve-empty-space grve-height-1x\"><\/div><h3 class=\"grve-element grve-title grve-align-inherit grve-subtitle-text grve-text-primary-2\"><span>Parcours professionnel<\/span><\/h3><div style=\"height: 15px;\" class=\"grve-empty-space\"><\/div>[vc_row_inner][vc_column_inner width=\u00a0\u00bb1\/5&Prime;][vc_column_text css=\u00a0\u00bb\u00a0\u00bb]<span class=\"grve-text-primary-2\">Depuis 2025<\/span>[\/vc_column_text][\/vc_column_inner][vc_column_inner width=\u00a0\u00bb4\/5&Prime;][vc_column_text css=\u00a0\u00bb\u00a0\u00bb]<strong>Pr\u00e9sident de la Commission de Formation \u00e0 la cassation p\u00e9nale<\/strong>[\/vc_column_text][\/vc_column_inner][\/vc_row_inner]<div class=\"grve-empty-space grve-height-1x\"><\/div>[vc_row_inner][vc_column_inner width=\u00a0\u00bb1\/5&Prime;][vc_column_text css=\u00a0\u00bb\u00a0\u00bb]<span class=\"grve-text-primary-2\">Depuis 2022<\/span>[\/vc_column_text][\/vc_column_inner][vc_column_inner width=\u00a0\u00bb4\/5&Prime;][vc_column_text css=\u00a0\u00bb\u00a0\u00bb]<strong>Membre du conseil de l\u2019Ordre fran\u00e7ais des avocats du Barreau de Bruxelles<\/strong>[\/vc_column_text][\/vc_column_inner][\/vc_row_inner]<div class=\"grve-empty-space grve-height-1x\"><\/div>[vc_row_inner][vc_column_inner width=\u00a0\u00bb1\/5&Prime;][vc_column_text css=\u00a0\u00bb\u00a0\u00bb]<span class=\"grve-text-primary-2\">Depuis 2019<\/span>[\/vc_column_text][\/vc_column_inner][vc_column_inner width=\u00a0\u00bb4\/5&Prime;][vc_column_text css=\u00a0\u00bb\u00a0\u00bb]<strong>Membre associ\u00e9 du Centre de Recherche en droit p\u00e9nal (CRDP)<\/strong><br \/>\nUniversit\u00e9 Libre de Bruxelles[\/vc_column_text][\/vc_column_inner][\/vc_row_inner]<div class=\"grve-empty-space grve-height-1x\"><\/div>[vc_row_inner][vc_column_inner width=\u00a0\u00bb1\/5&Prime;][vc_column_text css=\u00a0\u00bb\u00a0\u00bb]<span class=\"grve-text-primary-2\">Depuis 2008<\/span>[\/vc_column_text][\/vc_column_inner][vc_column_inner width=\u00a0\u00bb4\/5&Prime;][vc_column_text css=\u00a0\u00bb\u00a0\u00bb]<strong>Assistant en droit p\u00e9nal et proc\u00e9dure p\u00e9nale approfondie<\/strong><br \/>\nUniversit\u00e9 Libre de Bruxelles[\/vc_column_text][\/vc_column_inner][\/vc_row_inner]<div class=\"grve-empty-space grve-height-1x\"><\/div>[vc_row_inner][vc_column_inner width=\u00a0\u00bb1\/5&Prime;][vc_column_text css=\u00a0\u00bb\u00a0\u00bb]<span class=\"grve-text-primary-2\">2018 \u00e0 2022<\/span>[\/vc_column_text][\/vc_column_inner][vc_column_inner width=\u00a0\u00bb4\/5&Prime;][vc_column_text css=\u00a0\u00bb\u00a0\u00bb]<strong>Professeur de droit p\u00e9nal et de proc\u00e9dure p\u00e9nale CAPA<\/strong><br \/>\nCertificat d\u2019Aptitude \u00e0 exercer la Profession d\u2019Avocat[\/vc_column_text][\/vc_column_inner][\/vc_row_inner]<div class=\"grve-empty-space grve-height-1x\"><\/div>[vc_row_inner][vc_column_inner width=\u00a0\u00bb1\/5&Prime;][vc_column_text css=\u00a0\u00bb\u00a0\u00bb]<span class=\"grve-text-primary-2\">2015<\/span>[\/vc_column_text][\/vc_column_inner][vc_column_inner width=\u00a0\u00bb4\/5&Prime;][vc_column_text css=\u00a0\u00bb\u00a0\u00bb]<strong>Formation \u00e0 la cassation en mati\u00e8re p\u00e9nale<\/strong>[\/vc_column_text][\/vc_column_inner][\/vc_row_inner]<div class=\"grve-empty-space grve-height-1x\"><\/div><h3 class=\"grve-element grve-title grve-align-inherit grve-subtitle-text grve-text-primary-2\"><span>Parcours acad\u00e9mique<\/span><\/h3><div style=\"height: 15px;\" class=\"grve-empty-space\"><\/div>[vc_row_inner][vc_column_inner width=\u00a0\u00bb1\/5&Prime;][vc_column_text css=\u00a0\u00bb\u00a0\u00bb]<span class=\"grve-text-primary-2\">2000<\/span>[\/vc_column_text][\/vc_column_inner][vc_column_inner width=\u00a0\u00bb4\/5&Prime;][vc_column_text css=\u00a0\u00bb\u00a0\u00bb]<strong>Master en droit<\/strong><br \/>\nUniversit\u00e9 Libre de Bruxelles[\/vc_column_text][\/vc_column_inner][\/vc_row_inner]<div class=\"grve-empty-space grve-height-1x\"><\/div><h3 class=\"grve-element grve-title grve-align-inherit grve-subtitle-text grve-text-primary-2\"><span>Publications<\/span><\/h3><div style=\"height: 15px;\" class=\"grve-empty-space\"><\/div>[vc_column_text css=\u00a0\u00bb\u00a0\u00bb]\u00ab En mati\u00e8re de douanes et accises, le paiement du montant de la transaction en cours de proc\u00e9dure emporte l&rsquo;extinction de l&rsquo;action publique \u00bb, Dr. p\u00e9n. entr., 2023, liv. 2, 195-196<\/p>\n<p>\u00ab Appel et opposition : les voies de recours ordinaires \u00e0 l\u2019encontre des d\u00e9cisions des juridictions de fond en mati\u00e8re p\u00e9nale \u00bb in Droit p\u00e9nal et proc\u00e9dure p\u00e9nale, Kluwer, 2021.<\/p>\n<p>\u00ab L\u2019art et le football participent d\u00e9sormais \u00e0 la pr\u00e9vention contre le blanchiment de capitaux et le financement du terrorisme \u00bb in L\u2019entreprise face au risque p\u00e9nal, Larcier, 2021.<\/p>\n<p>\u00ab La d\u00e9loyaut\u00e9 d\u2019un enqu\u00eateur peut justifier l\u2019\u00e9cartement des proc\u00e8s-verbaux r\u00e9dig\u00e9s par celui-ci sans pour autant impliquer l\u2019irrecevabilit\u00e9 des poursuites \u00bb, Observations avec L. KENNES sous Cass., 25 mars 2020, J.L.M.B., 2020, p. 1461.<\/p>\n<p>\u00ab La prescription de la peine en mati\u00e8re p\u00e9nale \u00bb, in la prescription en mati\u00e8re p\u00e9nale, Larcier, 2020.<\/p>\n<p>\u00ab La loi du 15 octobre 2018 relative \u00e0 l\u2019interruption volontaire de grossesse \u2013 ceci n\u2019est pas une d\u00e9p\u00e9nalisation de l\u2019avortement \u00bb in La science p\u00e9nale dans tous ses \u00e9tats \u2013 Liber amicorum Patrick Mandoux et Marc Preumont, Larcier, 2019.<\/p>\n<p>\u00ab La prostitution, le droit p\u00e9nal dans une dr\u00f4le de posture\u2026 \u00bb (avec P. MONVILLE), in Omnipr\u00e9sence du droit P\u00e9nal, nouvelles approches pluridisciplinaires, Anthemis, 2017.<\/p>\n<p>\u00ab La loi du 5 f\u00e9vrier 2016 modifiant le droit p\u00e9nal et la proc\u00e9dure p\u00e9nale et portant des dispositions diverses en mati\u00e8re de justice \u2013 la r\u00e9forme pot-pourri II : la s\u00e9curit\u00e9 juridique sacrifi\u00e9 sur l\u2019autel de l\u2019efficacit\u00e9 ? \u00bb (avec D. RIBANT et F. VANSILIETTE), Kluwer,2016.<\/p>\n<p>\u00ab Antigone : les \u00e9volutions l\u00e9gislatives et jurisprudentielles en droit p\u00e9nal\u2026Un bilan navrant et s\u00e9v\u00e8re \u00bb (avec P. MONVILLE) in l\u2019\u00e9volution de la jurisprudence Antigone sous le triple axe, p\u00e9nal, social et fiscal, Larcier, 2016.<\/p>\n<p>\u00ab La preuve en mati\u00e8re p\u00e9nale \u00bb (avec S. CUYKENS et L. KENNES), Larcier, 2015.<\/p>\n<p>\u00ab La question des nullit\u00e9s, Salduz et mandat d\u2019arr\u00eat \u00bb (avec P. MONVILLE), in La th\u00e9orie des nullit\u00e9s en droit p\u00e9nal, Anthemis, 2014.<\/p>\n<p>\u00ab Une petite r\u00e9volution du r\u00e9gime de la transaction p\u00e9nale \u00bb, in Actualit\u00e9s en droit p\u00e9nal, Bruylant, 2012.<\/p>\n<p>\u00ab Le droit \u00e0 l\u2019assistance d\u2019un avocat d\u00e8s le premier interrogatoire de police consacr\u00e9 par la Cour europ\u00e9enne des droits de l\u2019homme \u00bb, Rev. trim. D. H., 2010, p. 663.<\/p>\n<p>\u00ab Les interdictions professionnelles \u00bb, Kluwer, 2008.[\/vc_column_text][\/vc_column][vc_column width=\u00a0\u00bb1\/2&Prime; column_sticky=\u00a0\u00bbyes\u00a0\u00bb]<div class=\"grve-element grve-image grve-align-inherit\">\n\t<div class=\"grve-image-item\">\n\t\t\n\n<div class=\"grve-image-wrapper grve-radius-3 grve-shadow-medium grve-no-effect\">\n\t\t<div class=\"grve-thumbnail-wrapper\"  style=\"width: 768px;\"><div class=\"grve-thumbnail\"  style=\"padding-top: 150%;\"><img loading=\"lazy\" decoding=\"async\" width=\"768\" height=\"1152\" src=\"https:\/\/v3avocats.be\/wp-content\/uploads\/2025\/02\/2024_CabinetVergauwen0360-768x1152.jpg\" class=\"attachment-medium_large size-medium_large\" alt=\"Damien Holzapfel Associ\u00e9 cabinet V3 VERGAUWEN, VENET &amp; ASSOCI\u00c9S \u00e0 Bruxelles\" data-column-space=\"auto\" data-lazyload=\"\" data-grve-filter=\"yes\" srcset=\"https:\/\/v3avocats.be\/wp-content\/uploads\/2025\/02\/2024_CabinetVergauwen0360-768x1152.jpg 768w, https:\/\/v3avocats.be\/wp-content\/uploads\/2025\/02\/2024_CabinetVergauwen0360-200x300.jpg 200w, https:\/\/v3avocats.be\/wp-content\/uploads\/2025\/02\/2024_CabinetVergauwen0360-683x1024.jpg 683w, https:\/\/v3avocats.be\/wp-content\/uploads\/2025\/02\/2024_CabinetVergauwen0360.jpg 1000w\" sizes=\"auto, (max-width: 768px) 100vw, 768px\" \/><\/div><\/div>\t<\/div>\n\t<\/div>\n<\/div>\n[\/vc_column][\/vc_row][vc_row padding_top_multiplier=\u00a0\u00bb3x\u00a0\u00bb padding_bottom_multiplier=\u00a0\u00bb3x\u00a0\u00bb rc_bg_type=\u00a0\u00bbcolor\u00a0\u00bb columns_gap=\u00a0\u00bb60&Prime; desktop_visibility=\u00a0\u00bbhide\u00a0\u00bb tablet_visibility=\u00a0\u00bbhide\u00a0\u00bb rc_bg_color=\u00a0\u00bb#F7F7FB\u00a0\u00bb][vc_column rc_heading_color=\u00a0\u00bbprimary-1&Prime; grve_css=\u00a0\u00bb{\u00ab\u00a0desktop\u00ab\u00a0:{\u00ab\u00a0z-index\u00ab\u00a0:3,\u00ab\u00a0class\u00ab\u00a0:\u00ab\u00a0grve-wpb-1741298338802\u00ab\u00a0}}\u00a0\u00bb rc_font_color=\u00a0\u00bb#393589&Prime;]<div class=\"grve-empty-space grve-height-1x\"><\/div><h1 class=\"grve-element grve-title grve-align-center grve-h1\" style=\"margin-bottom: 0px;\"><span>Damien Holzapfel<\/span><\/h1><h3 class=\"grve-element grve-title grve-align-center grve-h4 grve-text-primary-2\" style=\"margin-bottom: 0px;\"><span>Associ\u00e9<\/span><\/h3><div class=\"grve-empty-space grve-height-1x\"><\/div><div class=\"grve-element grve-image grve-align-center\">\n\t<div class=\"grve-image-item\">\n\t\t\n\n<div class=\"grve-image-wrapper grve-radius-circle grve-no-effect\">\n\t\t<div class=\"grve-thumbnail-wrapper\"  style=\"width: 560px;\"><div class=\"grve-thumbnail\"  style=\"padding-top: 100%;\"><img loading=\"lazy\" decoding=\"async\" width=\"560\" height=\"560\" src=\"https:\/\/v3avocats.be\/wp-content\/uploads\/2025\/03\/2024_CabinetVergauwen0360-e1742646006887-560x560.jpg\" class=\"attachment-impeka-grve-small-square size-impeka-grve-small-square\" alt=\"Damien Holzapfel associ\u00e9 cabinet V3 avocats\" data-column-space=\"auto\" data-lazyload=\"\" data-grve-filter=\"yes\" srcset=\"https:\/\/v3avocats.be\/wp-content\/uploads\/2025\/03\/2024_CabinetVergauwen0360-e1742646006887-560x560.jpg 560w, https:\/\/v3avocats.be\/wp-content\/uploads\/2025\/03\/2024_CabinetVergauwen0360-e1742646006887-300x300.jpg 300w, https:\/\/v3avocats.be\/wp-content\/uploads\/2025\/03\/2024_CabinetVergauwen0360-e1742646006887-150x150.jpg 150w, https:\/\/v3avocats.be\/wp-content\/uploads\/2025\/03\/2024_CabinetVergauwen0360-e1742646006887-768x768.jpg 768w, https:\/\/v3avocats.be\/wp-content\/uploads\/2025\/03\/2024_CabinetVergauwen0360-e1742646006887.jpg 880w\" sizes=\"auto, (max-width: 560px) 100vw, 560px\" \/><\/div><\/div>\t<\/div>\n\t<\/div>\n<\/div>\n<div class=\"grve-empty-space grve-height-1x\"><\/div><h3 class=\"grve-element grve-title grve-align-inherit grve-subtitle-text grve-text-primary-2\"><span>Mati\u00e8res pr\u00e9f\u00e9rentielles<\/span><\/h3><div class=\"grve-element grve-box-icon grve-medium grve-side-icon grve-align-left grve-vertical-align-middle grve-layout-2\"><a href=\"\/fr\/matieres\/droit-penal\/\"><div class=\"grve-wrapper-icon\" style=\"\"><span class=\"grve-box-icon et-icon-toolbox grve-text-primary-1\"><\/span><\/div><div class=\"grve-box-content\"><h3 class=\"grve-box-title grve-leader-text\">Droit p\u00e9nal<\/h3><\/div><\/a><\/div><div style=\"height: 20px;\" class=\"grve-empty-space\"><\/div><div class=\"grve-element grve-box-icon grve-medium grve-side-icon grve-align-left grve-vertical-align-middle grve-layout-2\"><a href=\"\/fr\/matieres\/droit-circulation-routiere\/\"><div class=\"grve-wrapper-icon\" style=\"\"><span class=\"grve-box-icon et-icon-circle-compass grve-text-primary-1\"><\/span><\/div><div class=\"grve-box-content\"><h3 class=\"grve-box-title grve-leader-text\">Droit de la circulation routi\u00e8re<\/h3><\/div><\/a><\/div><div style=\"height: 20px;\" class=\"grve-empty-space\"><\/div><div class=\"grve-element grve-box-icon grve-medium grve-side-icon grve-align-left grve-vertical-align-middle grve-layout-2\"><a href=\"\/fr\/matieres\/droit-international\/\"><div class=\"grve-wrapper-icon\" style=\"\"><span class=\"grve-box-icon et-icon-phone grve-text-primary-1\"><\/span><\/div><div class=\"grve-box-content\"><h3 class=\"grve-box-title grve-leader-text\">Droit international<\/h3><\/div><\/a><\/div><div class=\"grve-empty-space grve-height-1x\"><\/div><h3 class=\"grve-element grve-title grve-align-inherit grve-subtitle-text grve-text-primary-2\"><span>Langues pratiqu\u00e9es<\/span><\/h3>[vc_column_text css=\u00a0\u00bb\u00a0\u00bb text_style=\u00a0\u00bbleader-text\u00a0\u00bb]Fran\u00e7ais \/ Anglais \/ N\u00e9erlandais[\/vc_column_text]<div class=\"grve-empty-space grve-height-1x\"><\/div><h3 class=\"grve-element grve-title grve-align-inherit grve-subtitle-text grve-text-primary-2\"><span>Contactez Damien Holzapfel<\/span><\/h3><div class=\"grve-element grve-align-inherit\"><a href=\"mailto:dh@v3avocats.be\" class=\"grve-btn-text grve-btn-only-text grve-text-primary-1 grve-text-hover-primary-2 grve-btn-extralarge grve-with-icon\">\n\t\t<div class=\"grve-btn-inner\">\n\t\t<span>dh@v3avocats.be<\/span>\n\t\t\t\t\t\t\t<div class=\"grve-btn-icon\">\n\t\t\t<span class=\"grve-icon smp-icon-envelope\"><\/span>\n\t\t<\/div>\n\t\t\t\t\t<\/div>\n\t<\/a><\/div><div class=\"grve-empty-space grve-height-1x\"><\/div><div class=\"grve-element grve-image grve-align-left\">\n\t<div class=\"grve-image-item\">\n\t\t\n\n<div class=\"grve-image-wrapper grve-no-effect\">\n\t\t<div class=\"grve-thumbnail-wrapper\" ><div class=\"grve-thumbnail\"  style=\"padding-top: 0%;\"><\/div><\/div>\t<\/div>\n\t<\/div>\n<\/div>\n<div class=\"grve-empty-space grve-height-1x\"><\/div><div class=\"grve-element grve-align-inherit\"><a href=\"\/wp-content\/uploads\/2025\/03\/cedric-vergauwen-vcard.vcf\" class=\"grve-btn grve-btn-outline grve-round grve-border-primary-1 grve-bg-hover-primary-2 grve-border-hover-primary-2 grve-text-primary-1 grve-text-hover-white grve-btn-large grve-with-icon\">\n\t\t<div class=\"grve-btn-inner\">\n\t\t<span>Je t\u00e9l\u00e9charge la VCard<\/span>\n\t\t\t\t\t\t\t<div class=\"grve-btn-icon\">\n\t\t\t<span class=\"grve-icon smp-icon-user-follow\"><\/span>\n\t\t<\/div>\n\t\t\t\t\t<\/div>\n\t<\/a><\/div><div class=\"grve-element grve-divider\" style=\"padding-top: 50px;padding-bottom: 50px;\"><span class=\"grve-custom-divider grve-bg-primary-2 grve-align-inherit\" style=\"width: 150px;height: 1px;\"><\/span><\/div>[vc_column_text css=\u00a0\u00bb\u00a0\u00bb]<strong>Avocat au barreau de Bruxelles depuis 2000 et associ\u00e9 au sein du cabinet V3 depuis 2022<\/strong>[\/vc_column_text]<div class=\"grve-empty-space grve-height-1x\"><\/div><h3 class=\"grve-element grve-title grve-align-inherit grve-subtitle-text grve-text-primary-2\"><span>Parcours professionnel<\/span><\/h3><div style=\"height: 15px;\" class=\"grve-empty-space\"><\/div>[vc_row_inner][vc_column_inner width=\u00a0\u00bb1\/5&Prime;][vc_column_text css=\u00a0\u00bb\u00a0\u00bb]<span class=\"grve-text-primary-2\">Depuis 2025<\/span>[\/vc_column_text][\/vc_column_inner][vc_column_inner width=\u00a0\u00bb4\/5&Prime;][vc_column_text css=\u00a0\u00bb\u00a0\u00bb]<strong>Pr\u00e9sident de la Commission de Formation \u00e0 la cassation p\u00e9nale<\/strong>[\/vc_column_text][\/vc_column_inner][\/vc_row_inner]<div class=\"grve-empty-space grve-height-1x\"><\/div>[vc_row_inner][vc_column_inner width=\u00a0\u00bb1\/5&Prime;][vc_column_text css=\u00a0\u00bb\u00a0\u00bb]<span class=\"grve-text-primary-2\">Depuis 2022<\/span>[\/vc_column_text][\/vc_column_inner][vc_column_inner width=\u00a0\u00bb4\/5&Prime;][vc_column_text css=\u00a0\u00bb\u00a0\u00bb]<strong>Membre du conseil de l\u2019Ordre fran\u00e7ais des avocats du Barreau de Bruxelles<\/strong>[\/vc_column_text][\/vc_column_inner][\/vc_row_inner]<div class=\"grve-empty-space grve-height-1x\"><\/div>[vc_row_inner][vc_column_inner width=\u00a0\u00bb1\/5&Prime;][vc_column_text css=\u00a0\u00bb\u00a0\u00bb]<span class=\"grve-text-primary-2\">Depuis 2019<\/span>[\/vc_column_text][\/vc_column_inner][vc_column_inner width=\u00a0\u00bb4\/5&Prime;][vc_column_text css=\u00a0\u00bb\u00a0\u00bb]<strong>Membre associ\u00e9 du Centre de Recherche en droit p\u00e9nal (CRDP)<\/strong><br \/>\nUniversit\u00e9 Libre de Bruxelles[\/vc_column_text][\/vc_column_inner][\/vc_row_inner]<div class=\"grve-empty-space grve-height-1x\"><\/div>[vc_row_inner][vc_column_inner width=\u00a0\u00bb1\/5&Prime;][vc_column_text css=\u00a0\u00bb\u00a0\u00bb]<span class=\"grve-text-primary-2\">Depuis 2008<\/span>[\/vc_column_text][\/vc_column_inner][vc_column_inner width=\u00a0\u00bb4\/5&Prime;][vc_column_text css=\u00a0\u00bb\u00a0\u00bb]<strong>Assistant en droit p\u00e9nal et proc\u00e9dure p\u00e9nale approfondie<\/strong><br \/>\nUniversit\u00e9 Libre de Bruxelles[\/vc_column_text][\/vc_column_inner][\/vc_row_inner]<div class=\"grve-empty-space grve-height-1x\"><\/div>[vc_row_inner][vc_column_inner width=\u00a0\u00bb1\/5&Prime;][vc_column_text css=\u00a0\u00bb\u00a0\u00bb]<span class=\"grve-text-primary-2\">2018 \u00e0 2022<\/span>[\/vc_column_text][\/vc_column_inner][vc_column_inner width=\u00a0\u00bb4\/5&Prime;][vc_column_text css=\u00a0\u00bb\u00a0\u00bb]<strong>Professeur de droit p\u00e9nal et de proc\u00e9dure p\u00e9nale CAPA<\/strong><br \/>\nCertificat d\u2019Aptitude \u00e0 exercer la Profession d\u2019Avocat[\/vc_column_text][\/vc_column_inner][\/vc_row_inner]<div class=\"grve-empty-space grve-height-1x\"><\/div>[vc_row_inner][vc_column_inner width=\u00a0\u00bb1\/5&Prime;][vc_column_text css=\u00a0\u00bb\u00a0\u00bb]<span class=\"grve-text-primary-2\">2015<\/span>[\/vc_column_text][\/vc_column_inner][vc_column_inner width=\u00a0\u00bb4\/5&Prime;][vc_column_text css=\u00a0\u00bb\u00a0\u00bb]<strong>Formation \u00e0 la cassation en mati\u00e8re p\u00e9nale<\/strong>[\/vc_column_text][\/vc_column_inner][\/vc_row_inner]<div class=\"grve-empty-space grve-height-1x\"><\/div><h3 class=\"grve-element grve-title grve-align-inherit grve-subtitle-text grve-text-primary-2\"><span>Parcours acad\u00e9mique<\/span><\/h3><div style=\"height: 15px;\" class=\"grve-empty-space\"><\/div>[vc_row_inner][vc_column_inner width=\u00a0\u00bb1\/5&Prime;][vc_column_text css=\u00a0\u00bb\u00a0\u00bb]<span class=\"grve-text-primary-2\">2000<\/span>[\/vc_column_text][\/vc_column_inner][vc_column_inner width=\u00a0\u00bb4\/5&Prime;][vc_column_text css=\u00a0\u00bb\u00a0\u00bb]<strong>Master en droit<\/strong><br \/>\nUniversit\u00e9 Libre de Bruxelles[\/vc_column_text][\/vc_column_inner][\/vc_row_inner]<div class=\"grve-empty-space grve-height-1x\"><\/div><h3 class=\"grve-element grve-title grve-align-inherit grve-subtitle-text grve-text-primary-2\"><span>Publications<\/span><\/h3><div style=\"height: 15px;\" class=\"grve-empty-space\"><\/div>[vc_column_text css=\u00a0\u00bb\u00a0\u00bb]\u00ab En mati\u00e8re de douanes et accises, le paiement du montant de la transaction en cours de proc\u00e9dure emporte l&rsquo;extinction de l&rsquo;action publique \u00bb, Dr. p\u00e9n. entr., 2023, liv. 2, 195-196<\/p>\n<p>\u00ab Appel et opposition : les voies de recours ordinaires \u00e0 l\u2019encontre des d\u00e9cisions des juridictions de fond en mati\u00e8re p\u00e9nale \u00bb in Droit p\u00e9nal et proc\u00e9dure p\u00e9nale, Kluwer, 2021.<\/p>\n<p>\u00ab L\u2019art et le football participent d\u00e9sormais \u00e0 la pr\u00e9vention contre le blanchiment de capitaux et le financement du terrorisme \u00bb in L\u2019entreprise face au risque p\u00e9nal, Larcier, 2021.<\/p>\n<p>\u00ab La d\u00e9loyaut\u00e9 d\u2019un enqu\u00eateur peut justifier l\u2019\u00e9cartement des proc\u00e8s-verbaux r\u00e9dig\u00e9s par celui-ci sans pour autant impliquer l\u2019irrecevabilit\u00e9 des poursuites \u00bb, Observations avec L. KENNES sous Cass., 25 mars 2020, J.L.M.B., 2020, p. 1461.<\/p>\n<p>\u00ab La prescription de la peine en mati\u00e8re p\u00e9nale \u00bb, in la prescription en mati\u00e8re p\u00e9nale, Larcier, 2020.<\/p>\n<p>\u00ab La loi du 15 octobre 2018 relative \u00e0 l\u2019interruption volontaire de grossesse \u2013 ceci n\u2019est pas une d\u00e9p\u00e9nalisation de l\u2019avortement \u00bb in La science p\u00e9nale dans tous ses \u00e9tats \u2013 Liber amicorum Patrick Mandoux et Marc Preumont, Larcier, 2019.<\/p>\n<p>\u00ab La prostitution, le droit p\u00e9nal dans une dr\u00f4le de posture\u2026 \u00bb (avec P. MONVILLE), in Omnipr\u00e9sence du droit P\u00e9nal, nouvelles approches pluridisciplinaires, Anthemis, 2017.<\/p>\n<p>\u00ab La loi du 5 f\u00e9vrier 2016 modifiant le droit p\u00e9nal et la proc\u00e9dure p\u00e9nale et portant des dispositions diverses en mati\u00e8re de justice \u2013 la r\u00e9forme pot-pourri II : la s\u00e9curit\u00e9 juridique sacrifi\u00e9 sur l\u2019autel de l\u2019efficacit\u00e9 ? \u00bb (avec D. RIBANT et F. VANSILIETTE), Kluwer,2016.<\/p>\n<p>\u00ab Antigone : les \u00e9volutions l\u00e9gislatives et jurisprudentielles en droit p\u00e9nal\u2026Un bilan navrant et s\u00e9v\u00e8re \u00bb (avec P. MONVILLE) in l\u2019\u00e9volution de la jurisprudence Antigone sous le triple axe, p\u00e9nal, social et fiscal, Larcier, 2016.<\/p>\n<p>\u00ab La preuve en mati\u00e8re p\u00e9nale \u00bb (avec S. CUYKENS et L. KENNES), Larcier, 2015.<\/p>\n<p>\u00ab La question des nullit\u00e9s, Salduz et mandat d\u2019arr\u00eat \u00bb (avec P. MONVILLE), in La th\u00e9orie des nullit\u00e9s en droit p\u00e9nal, Anthemis, 2014.<\/p>\n<p>\u00ab Une petite r\u00e9volution du r\u00e9gime de la transaction p\u00e9nale \u00bb, in Actualit\u00e9s en droit p\u00e9nal, Bruylant, 2012.<\/p>\n<p>\u00ab Le droit \u00e0 l\u2019assistance d\u2019un avocat d\u00e8s le premier interrogatoire de police consacr\u00e9 par la Cour europ\u00e9enne des droits de l\u2019homme \u00bb, Rev. trim. D. H., 2010, p. 663.<\/p>\n<p>\u00ab Les interdictions professionnelles \u00bb, Kluwer, 2008.[\/vc_column_text][\/vc_column][\/vc_row]<\/p>\n<\/div>","protected":false},"excerpt":{"rendered":"<p>[vc_row padding_top_multiplier=\u00a0\u00bb3x\u00a0\u00bb padding_bottom_multiplier=\u00a0\u00bb3x\u00a0\u00bb rc_bg_type=\u00a0\u00bbcolor\u00a0\u00bb columns_gap=\u00a0\u00bb60&Prime; tablet_sm_visibility=\u00a0\u00bbhide\u00a0\u00bb mobile_visibility=\u00a0\u00bbhide\u00a0\u00bb rc_bg_color=\u00a0\u00bb#F7F7FB\u00a0\u00bb][vc_column width=\u00a0\u00bb1\/2&Prime; rc_heading_color=\u00a0\u00bbprimary-1&Prime; grve_css=\u00a0\u00bb{\u00ab\u00a0desktop\u00ab\u00a0:{\u00ab\u00a0z-index\u00ab\u00a0:3,\u00ab\u00a0class\u00ab\u00a0:\u00ab\u00a0grve-wpb-1741298338802\u00ab\u00a0}}\u00a0\u00bb rc_font_color=\u00a0\u00bb#393589&Prime;][vc_column_text css=\u00a0\u00bb\u00a0\u00bb text_style=\u00a0\u00bbleader-text\u00a0\u00bb]Fran\u00e7ais \/ Anglais \/ N\u00e9erlandais[\/vc_column_text][vc_column_text css=\u00a0\u00bb\u00a0\u00bb]Avocat au barreau de Bruxelles depuis 2000 et associ\u00e9 au sein du cabinet V3 depuis 2022[\/vc_column_text][vc_row_inner][vc_column_inner width=\u00a0\u00bb1\/5&Prime;][vc_column_text css=\u00a0\u00bb\u00a0\u00bb]Depuis 2025[\/vc_column_text][\/vc_column_inner][vc_column_inner width=\u00a0\u00bb4\/5&Prime;][vc_column_text css=\u00a0\u00bb\u00a0\u00bb]Pr\u00e9sident de la Commission de Formation \u00e0 la cassation p\u00e9nale[\/vc_column_text][\/vc_column_inner][\/vc_row_inner][vc_row_inner][vc_column_inner width=\u00a0\u00bb1\/5&Prime;][vc_column_text css=\u00a0\u00bb\u00a0\u00bb]Depuis 2022[\/vc_column_text][\/vc_column_inner][vc_column_inner width=\u00a0\u00bb4\/5&Prime;][vc_column_text css=\u00a0\u00bb\u00a0\u00bb]Membre du conseil [&hellip;]<\/p>\n","protected":false},"author":1,"featured_media":385,"parent":83,"menu_order":0,"comment_status":"closed","ping_status":"closed","template":"","meta":{"footnotes":""},"class_list":["post-382","page","type-page","status-publish","has-post-thumbnail","hentry","grve-entry-item"],"yoast_head":"<!-- This site is optimized with the Yoast SEO plugin v27.0 - https:\/\/yoast.com\/product\/yoast-seo-wordpress\/ -->\n<title>Damien Holzapfel - V3avocats<\/title>\n<meta name=\"description\" content=\"Damien Holzapfel est avocat associ\u00e9 au sein du cabinet V3 VERGAUWEN, VENET &amp; ASSOCI\u00c9S et vous re\u00e7oit \u00e0 Bruxelles.\" \/>\n<meta name=\"robots\" content=\"index, follow, max-snippet:-1, max-image-preview:large, max-video-preview:-1\" \/>\n<link rel=\"canonical\" href=\"https:\/\/v3avocats.be\/fr\/equipe\/damien-holzapfel\/\" \/>\n<meta property=\"og:locale\" content=\"fr_FR\" \/>\n<meta property=\"og:type\" content=\"article\" \/>\n<meta property=\"og:title\" content=\"Damien Holzapfel - V3avocats\" \/>\n<meta property=\"og:description\" content=\"Damien Holzapfel est avocat associ\u00e9 au sein du cabinet V3 VERGAUWEN, VENET &amp; ASSOCI\u00c9S et vous re\u00e7oit \u00e0 Bruxelles.\" \/>\n<meta property=\"og:url\" content=\"https:\/\/v3avocats.be\/fr\/equipe\/damien-holzapfel\/\" \/>\n<meta property=\"og:site_name\" content=\"V3avocats\" \/>\n<meta property=\"article:modified_time\" content=\"2025-05-17T14:50:17+00:00\" \/>\n<meta property=\"og:image\" content=\"https:\/\/v3avocats.be\/wp-content\/uploads\/2025\/03\/2024_CabinetVergauwen0360-e1742646006887.jpg\" \/>\n\t<meta property=\"og:image:width\" content=\"880\" \/>\n\t<meta property=\"og:image:height\" content=\"880\" \/>\n\t<meta property=\"og:image:type\" content=\"image\/jpeg\" \/>\n<meta name=\"twitter:card\" content=\"summary_large_image\" \/>\n<meta name=\"twitter:label1\" content=\"Dur\u00e9e de lecture estim\u00e9e\" \/>\n\t<meta name=\"twitter:data1\" content=\"8 minutes\" \/>\n<script type=\"application\/ld+json\" class=\"yoast-schema-graph\">{\"@context\":\"https:\/\/schema.org\",\"@graph\":[{\"@type\":\"WebPage\",\"@id\":\"https:\/\/v3avocats.be\/fr\/equipe\/damien-holzapfel\/\",\"url\":\"https:\/\/v3avocats.be\/fr\/equipe\/damien-holzapfel\/\",\"name\":\"Damien Holzapfel - V3avocats\",\"isPartOf\":{\"@id\":\"https:\/\/v3avocats.be\/fr\/#website\"},\"primaryImageOfPage\":{\"@id\":\"https:\/\/v3avocats.be\/fr\/equipe\/damien-holzapfel\/#primaryimage\"},\"image\":{\"@id\":\"https:\/\/v3avocats.be\/fr\/equipe\/damien-holzapfel\/#primaryimage\"},\"thumbnailUrl\":\"https:\/\/v3avocats.be\/wp-content\/uploads\/2025\/03\/2024_CabinetVergauwen0360-e1742646006887.jpg\",\"datePublished\":\"2025-03-22T12:32:01+00:00\",\"dateModified\":\"2025-05-17T14:50:17+00:00\",\"description\":\"Damien Holzapfel est avocat associ\u00e9 au sein du cabinet V3 VERGAUWEN, VENET & ASSOCI\u00c9S et vous re\u00e7oit \u00e0 Bruxelles.\",\"breadcrumb\":{\"@id\":\"https:\/\/v3avocats.be\/fr\/equipe\/damien-holzapfel\/#breadcrumb\"},\"inLanguage\":\"fr-FR\",\"potentialAction\":[{\"@type\":\"ReadAction\",\"target\":[\"https:\/\/v3avocats.be\/fr\/equipe\/damien-holzapfel\/\"]}]},{\"@type\":\"ImageObject\",\"inLanguage\":\"fr-FR\",\"@id\":\"https:\/\/v3avocats.be\/fr\/equipe\/damien-holzapfel\/#primaryimage\",\"url\":\"https:\/\/v3avocats.be\/wp-content\/uploads\/2025\/03\/2024_CabinetVergauwen0360-e1742646006887.jpg\",\"contentUrl\":\"https:\/\/v3avocats.be\/wp-content\/uploads\/2025\/03\/2024_CabinetVergauwen0360-e1742646006887.jpg\",\"width\":880,\"height\":880,\"caption\":\"Damien Holzapfel associ\u00e9 cabinet V3 avocats\"},{\"@type\":\"BreadcrumbList\",\"@id\":\"https:\/\/v3avocats.be\/fr\/equipe\/damien-holzapfel\/#breadcrumb\",\"itemListElement\":[{\"@type\":\"ListItem\",\"position\":1,\"name\":\"Accueil\",\"item\":\"https:\/\/v3avocats.be\/fr\/\"},{\"@type\":\"ListItem\",\"position\":2,\"name\":\"L&rsquo;\u00e9quipe du cabinet V3 avocats\",\"item\":\"https:\/\/v3avocats.be\/fr\/equipe\/\"},{\"@type\":\"ListItem\",\"position\":3,\"name\":\"Damien Holzapfel\"}]},{\"@type\":\"WebSite\",\"@id\":\"https:\/\/v3avocats.be\/fr\/#website\",\"url\":\"https:\/\/v3avocats.be\/fr\/\",\"name\":\"V3 Vergauwen, Venet & associ\u00e9s avocats\",\"description\":\"Cabinet V3 Vergauwen, Venet &amp; associ\u00e9s\",\"publisher\":{\"@id\":\"https:\/\/v3avocats.be\/fr\/#organization\"},\"potentialAction\":[{\"@type\":\"SearchAction\",\"target\":{\"@type\":\"EntryPoint\",\"urlTemplate\":\"https:\/\/v3avocats.be\/fr\/?s={search_term_string}\"},\"query-input\":{\"@type\":\"PropertyValueSpecification\",\"valueRequired\":true,\"valueName\":\"search_term_string\"}}],\"inLanguage\":\"fr-FR\"},{\"@type\":\"Organization\",\"@id\":\"https:\/\/v3avocats.be\/fr\/#organization\",\"name\":\"V3avocats\",\"url\":\"https:\/\/v3avocats.be\/fr\/\",\"logo\":{\"@type\":\"ImageObject\",\"inLanguage\":\"fr-FR\",\"@id\":\"https:\/\/v3avocats.be\/fr\/#\/schema\/logo\/image\/\",\"url\":\"https:\/\/v3avocats.be\/wp-content\/uploads\/2025\/02\/V3avocats-favicon-1.png\",\"contentUrl\":\"https:\/\/v3avocats.be\/wp-content\/uploads\/2025\/02\/V3avocats-favicon-1.png\",\"width\":512,\"height\":512,\"caption\":\"V3avocats\"},\"image\":{\"@id\":\"https:\/\/v3avocats.be\/fr\/#\/schema\/logo\/image\/\"}}]}<\/script>\n<!-- \/ Yoast SEO plugin. -->","yoast_head_json":{"title":"Damien Holzapfel - V3avocats","description":"Damien Holzapfel est avocat associ\u00e9 au sein du cabinet V3 VERGAUWEN, VENET & ASSOCI\u00c9S et vous re\u00e7oit \u00e0 Bruxelles.","robots":{"index":"index","follow":"follow","max-snippet":"max-snippet:-1","max-image-preview":"max-image-preview:large","max-video-preview":"max-video-preview:-1"},"canonical":"https:\/\/v3avocats.be\/fr\/equipe\/damien-holzapfel\/","og_locale":"fr_FR","og_type":"article","og_title":"Damien Holzapfel - V3avocats","og_description":"Damien Holzapfel est avocat associ\u00e9 au sein du cabinet V3 VERGAUWEN, VENET & ASSOCI\u00c9S et vous re\u00e7oit \u00e0 Bruxelles.","og_url":"https:\/\/v3avocats.be\/fr\/equipe\/damien-holzapfel\/","og_site_name":"V3avocats","article_modified_time":"2025-05-17T14:50:17+00:00","og_image":[{"width":880,"height":880,"url":"https:\/\/v3avocats.be\/wp-content\/uploads\/2025\/03\/2024_CabinetVergauwen0360-e1742646006887.jpg","type":"image\/jpeg"}],"twitter_card":"summary_large_image","twitter_misc":{"Dur\u00e9e de lecture estim\u00e9e":"8 minutes"},"schema":{"@context":"https:\/\/schema.org","@graph":[{"@type":"WebPage","@id":"https:\/\/v3avocats.be\/fr\/equipe\/damien-holzapfel\/","url":"https:\/\/v3avocats.be\/fr\/equipe\/damien-holzapfel\/","name":"Damien Holzapfel - V3avocats","isPartOf":{"@id":"https:\/\/v3avocats.be\/fr\/#website"},"primaryImageOfPage":{"@id":"https:\/\/v3avocats.be\/fr\/equipe\/damien-holzapfel\/#primaryimage"},"image":{"@id":"https:\/\/v3avocats.be\/fr\/equipe\/damien-holzapfel\/#primaryimage"},"thumbnailUrl":"https:\/\/v3avocats.be\/wp-content\/uploads\/2025\/03\/2024_CabinetVergauwen0360-e1742646006887.jpg","datePublished":"2025-03-22T12:32:01+00:00","dateModified":"2025-05-17T14:50:17+00:00","description":"Damien Holzapfel est avocat associ\u00e9 au sein du cabinet V3 VERGAUWEN, VENET & ASSOCI\u00c9S et vous re\u00e7oit \u00e0 Bruxelles.","breadcrumb":{"@id":"https:\/\/v3avocats.be\/fr\/equipe\/damien-holzapfel\/#breadcrumb"},"inLanguage":"fr-FR","potentialAction":[{"@type":"ReadAction","target":["https:\/\/v3avocats.be\/fr\/equipe\/damien-holzapfel\/"]}]},{"@type":"ImageObject","inLanguage":"fr-FR","@id":"https:\/\/v3avocats.be\/fr\/equipe\/damien-holzapfel\/#primaryimage","url":"https:\/\/v3avocats.be\/wp-content\/uploads\/2025\/03\/2024_CabinetVergauwen0360-e1742646006887.jpg","contentUrl":"https:\/\/v3avocats.be\/wp-content\/uploads\/2025\/03\/2024_CabinetVergauwen0360-e1742646006887.jpg","width":880,"height":880,"caption":"Damien Holzapfel associ\u00e9 cabinet V3 avocats"},{"@type":"BreadcrumbList","@id":"https:\/\/v3avocats.be\/fr\/equipe\/damien-holzapfel\/#breadcrumb","itemListElement":[{"@type":"ListItem","position":1,"name":"Accueil","item":"https:\/\/v3avocats.be\/fr\/"},{"@type":"ListItem","position":2,"name":"L&rsquo;\u00e9quipe du cabinet V3 avocats","item":"https:\/\/v3avocats.be\/fr\/equipe\/"},{"@type":"ListItem","position":3,"name":"Damien Holzapfel"}]},{"@type":"WebSite","@id":"https:\/\/v3avocats.be\/fr\/#website","url":"https:\/\/v3avocats.be\/fr\/","name":"V3 Vergauwen, Venet & associ\u00e9s avocats","description":"Cabinet V3 Vergauwen, Venet &amp; associ\u00e9s","publisher":{"@id":"https:\/\/v3avocats.be\/fr\/#organization"},"potentialAction":[{"@type":"SearchAction","target":{"@type":"EntryPoint","urlTemplate":"https:\/\/v3avocats.be\/fr\/?s={search_term_string}"},"query-input":{"@type":"PropertyValueSpecification","valueRequired":true,"valueName":"search_term_string"}}],"inLanguage":"fr-FR"},{"@type":"Organization","@id":"https:\/\/v3avocats.be\/fr\/#organization","name":"V3avocats","url":"https:\/\/v3avocats.be\/fr\/","logo":{"@type":"ImageObject","inLanguage":"fr-FR","@id":"https:\/\/v3avocats.be\/fr\/#\/schema\/logo\/image\/","url":"https:\/\/v3avocats.be\/wp-content\/uploads\/2025\/02\/V3avocats-favicon-1.png","contentUrl":"https:\/\/v3avocats.be\/wp-content\/uploads\/2025\/02\/V3avocats-favicon-1.png","width":512,"height":512,"caption":"V3avocats"},"image":{"@id":"https:\/\/v3avocats.be\/fr\/#\/schema\/logo\/image\/"}}]}},"_links":{"self":[{"href":"https:\/\/v3avocats.be\/fr\/wp-json\/wp\/v2\/pages\/382","targetHints":{"allow":["GET"]}}],"collection":[{"href":"https:\/\/v3avocats.be\/fr\/wp-json\/wp\/v2\/pages"}],"about":[{"href":"https:\/\/v3avocats.be\/fr\/wp-json\/wp\/v2\/types\/page"}],"author":[{"embeddable":true,"href":"https:\/\/v3avocats.be\/fr\/wp-json\/wp\/v2\/users\/1"}],"replies":[{"embeddable":true,"href":"https:\/\/v3avocats.be\/fr\/wp-json\/wp\/v2\/comments?post=382"}],"version-history":[{"count":0,"href":"https:\/\/v3avocats.be\/fr\/wp-json\/wp\/v2\/pages\/382\/revisions"}],"up":[{"embeddable":true,"href":"https:\/\/v3avocats.be\/fr\/wp-json\/wp\/v2\/pages\/83"}],"wp:featuredmedia":[{"embeddable":true,"href":"https:\/\/v3avocats.be\/fr\/wp-json\/wp\/v2\/media\/385"}],"wp:attachment":[{"href":"https:\/\/v3avocats.be\/fr\/wp-json\/wp\/v2\/media?parent=382"}],"curies":[{"name":"wp","href":"https:\/\/api.w.org\/{rel}","templated":true}]}}