{"id":2,"date":"2025-02-22T13:35:05","date_gmt":"2025-02-22T13:35:05","guid":{"rendered":"https:\/\/v3avocats.uni-vert.be\/?page_id=2"},"modified":"2025-05-30T10:18:30","modified_gmt":"2025-05-30T10:18:30","slug":"v3-vergauwen-venet-associes-avocats","status":"publish","type":"page","link":"https:\/\/v3avocats.be\/fr\/","title":{"rendered":"V3 Vergauwen, Venet &#038; associ\u00e9s avocats"},"content":{"rendered":"<div class=\"wpb-content-wrapper\"><p>[vc_row height_ratio=\u00a0\u00bb80&Prime; padding_top_multiplier=\u00a0\u00bb2x\u00a0\u00bb rc_heading_color=\u00a0\u00bbwhite\u00a0\u00bb rc_bg_type=\u00a0\u00bbimage\u00a0\u00bb rc_bg_image=\u00a0\u00bb18&Prime; rc_bg_color_overlay=\u00a0\u00bbcustom\u00a0\u00bb rc_bg_color_overlay_custom=\u00a0\u00bb#12122DCC\u00a0\u00bb tablet_sm_height_ratio=\u00a0\u00bb0&Prime; mobile_height_ratio=\u00a0\u00bb0&Prime; scroll_header_skin=\u00a0\u00bblight\u00a0\u00bb rc_bg_color=\u00a0\u00bb#393589&Prime; rc_font_color=\u00a0\u00bb#ffffff\u00a0\u00bb][vc_column vertical_content_position=\u00a0\u00bbmiddle\u00a0\u00bb]<div class=\"grve-element grve-image grve-align-center logo\">\n\t<div class=\"grve-image-item\">\n\t\t\n\n<div class=\"grve-image-wrapper grve-no-effect\">\n\t\t<div class=\"grve-svg-thumbnail-wrapper\"><div class=\"grve-svg-thumbnail\"><img decoding=\"async\" src=\"https:\/\/v3avocats.be\/wp-content\/uploads\/2025\/02\/V3avocats.svg\" class=\"attachment-full size-full\" alt=\"cabinet V3 VERGAUWEN, VENET &amp; ASSOCI\u00c9S\" srcset=\"https:\/\/v3avocats.be\/wp-content\/uploads\/2025\/02\/V3avocats.svg 1x,https:\/\/v3avocats.be\/wp-content\/uploads\/2025\/02\/V3avocats.svg 2x\" data-column-space=\"auto\" data-lazyload=\"\" data-grve-filter=\"yes\" \/><\/div><\/div>\t<\/div>\n\t<\/div>\n<\/div>\n<div class=\"grve-empty-space grve-height-1x\"><\/div>[vc_row_inner][vc_column_inner width=\u00a0\u00bb1\/6&Prime;][\/vc_column_inner][vc_column_inner width=\u00a0\u00bb2\/3&Prime; text_align=\u00a0\u00bbcenter\u00a0\u00bb][vc_column_text css=\u00a0\u00bb\u00a0\u00bb text_style=\u00a0\u00bbleader-text\u00a0\u00bb]Le cabinet V3 VERGAUWEN, VENET &amp; ASSOCI\u00c9S, situ\u00e9 au c\u0153ur de Bruxelles, vous accompagne avec professionnalisme, discr\u00e9tion et humanit\u00e9, valeurs partag\u00e9es par l\u2019ensemble des avocats de notre \u00e9quipe. Chaque avocat met \u00e0 votre service ses comp\u00e9tences solides et la ma\u00eetrise de son domaine d\u2019expertise, garantissant un accompagnement juridique alliant pr\u00e9cision et efficacit\u00e9.[\/vc_column_text]<div class=\"grve-empty-space grve-height-2x\"><\/div><div class=\"grve-element grve-divider\"><div class=\"grve-vertical-divider grve-align-inherit grve-height-2x grve-line-anim-top-bottom\" style=\"width: 1px;\"><span class=\"grve-bg-primary-2\"><\/span><\/div><\/div>[\/vc_column_inner][vc_column_inner width=\u00a0\u00bb1\/6&Prime;][\/vc_column_inner][\/vc_row_inner][\/vc_column][\/vc_row][vc_row padding_top_multiplier=\u00a0\u00bb4x\u00a0\u00bb padding_bottom_multiplier=\u00a0\u00bb3x\u00a0\u00bb rc_bg_type=\u00a0\u00bbcolor\u00a0\u00bb columns_gap=\u00a0\u00bb60&Prime; equal_column_height=\u00a0\u00bbequal\u00a0\u00bb rc_bg_color=\u00a0\u00bb#F7F7FB\u00a0\u00bb][vc_column width=\u00a0\u00bb3\/4&Prime;]<h1 class=\"grve-element grve-title grve-align-left grve-subtitle-text grve-text-primary-2\"><span>L&rsquo;expertise de V3 VERGAUWEN, VENET &amp; ASSOCI\u00c9S<\/span><\/h1><h3 class=\"grve-element grve-typed-text grve-align-inherit grve-h3\"><span class=\"grve-typed-text-prefix\">Sp\u00e9cialis\u00e9 en droit <\/span><span class=\"grve-animated-text\"><span id=\"grve-typed-item-69f31e92efb0c\" class=\"grve-text-primary-2\"><span class=\"grve-hidden\">p\u00e9nal,de la circulation routi\u00e8re,international,civil et commercial,des \u00e9trangers<\/span><\/span><\/span><span class=\"grve-typed-text-suffix\"> <\/span><\/h3>[vc_column_text css=\u00a0\u00bb\u00a0\u00bb text_style=\u00a0\u00bbleader-text\u00a0\u00bb]Le cabinet V3 intervient \u00e0 vos c\u00f4t\u00e9s dans tous les aspects de la d\u00e9fense p\u00e9nale, qu\u2019il s\u2019agisse du droit p\u00e9nal g\u00e9n\u00e9ral, du droit p\u00e9nal des affaires, du droit p\u00e9nal social, de la proc\u00e9dure p\u00e9nale, de l\u2019internement et de l\u2019ex\u00e9cution des peines. Des avocats sp\u00e9cialis\u00e9s vous assistent \u00e9galement en droit de la circulation routi\u00e8re, droit international, droit civil et commercial ainsi qu\u2019en droit des \u00e9trangers, permettant une prise en charge globale et coh\u00e9rente de votre dossier.[\/vc_column_text][\/vc_column][vc_column width=\u00a0\u00bb1\/4&Prime; vertical_content_position=\u00a0\u00bbmiddle\u00a0\u00bb]<div class=\"grve-element grve-align-center\"><a href=\"\/fr\/matieres\/\" class=\"grve-btn grve-btn-outline grve-round grve-border-primary-1 grve-bg-hover-primary-1 grve-border-hover-primary-1 grve-text-primary-1 grve-text-hover-white grve-btn-extralarge\">\n\t\t<span>Voir toutes les mati\u00e8res<\/span>\n\t\t\t\t\t\t\t<\/a><\/div>[\/vc_column][\/vc_row][vc_row section_type=\u00a0\u00bbfullwidth\u00a0\u00bb padding_top_multiplier=\u00a0\u00bb\u00a0\u00bb padding_bottom_multiplier=\u00a0\u00bb4x\u00a0\u00bb rc_bg_type=\u00a0\u00bbcolor\u00a0\u00bb columns_gap=\u00a0\u00bb10&Prime; equal_column_height=\u00a0\u00bbequal\u00a0\u00bb tablet_visibility=\u00a0\u00bbhide\u00a0\u00bb tablet_sm_visibility=\u00a0\u00bbhide\u00a0\u00bb mobile_visibility=\u00a0\u00bbhide\u00a0\u00bb rc_bg_color=\u00a0\u00bb#F7F7FB\u00a0\u00bb][vc_column width=\u00a0\u00bb1\/5&Prime; tablet_width=\u00a0\u00bb1-2&Prime; tablet_sm_width=\u00a0\u00bb1-2&Prime;]<div class=\"grve-element grve-fancy-box grve-align-center grve-bg-white grve-radius-5 grve-medium-shadow\"><div class=\"grve-fancy-box-inner\"><div class=\"grve-fancy-box-icon\"><span class=\"grve-icon et-icon-toolbox grve-text-primary-2 grve-medium\"><\/span><\/div><h3 class=\"grve-title grve-heading-color grve-h5\" style=\"\">Droit p\u00e9nal<\/h3><p class=\"grve-description\">D\u00e9fense rigoureuse des victimes et mis en cause \u00e0 chaque \u00e9tape de la proc\u00e9dure.<\/p><div class=\"grve-link-text grve-fancy-box-read-more\">En savoir plus<\/div>  <\/div><a href=\"\/fr\/matieres\/droit-penal\/\" class=\"grve-item-url \"><\/a><div class=\"grve-fancy-box-bg grve-bg-primary-1 grve-radius-5\"><\/div><\/div>[\/vc_column][vc_column width=\u00a0\u00bb1\/5&Prime; tablet_width=\u00a0\u00bb1-2&Prime; tablet_sm_width=\u00a0\u00bb1-2&Prime;]<div class=\"grve-element grve-fancy-box grve-align-center grve-bg-white grve-radius-5 grve-medium-shadow\"><div class=\"grve-fancy-box-inner\"><div class=\"grve-fancy-box-icon\"><span class=\"grve-icon et-icon-circle-compass grve-text-primary-2 grve-medium\"><\/span><\/div><h3 class=\"grve-title grve-heading-color grve-h5\" style=\"\">Droit de la circulation routi\u00e8re<\/h3><p class=\"grve-description\">D\u00e9fense en cas d\u2019infractions routi\u00e8res, retrait de permis ou accidents.<\/p><div class=\"grve-link-text grve-fancy-box-read-more\">En savoir plus<\/div>  <\/div><a href=\"\/fr\/matieres\/droit-circulation-routiere\/\" class=\"grve-item-url \"><\/a><div class=\"grve-fancy-box-bg grve-bg-primary-1 grve-radius-5\"><\/div><\/div>[\/vc_column][vc_column width=\u00a0\u00bb1\/5&Prime; tablet_width=\u00a0\u00bb1-2&Prime; tablet_sm_width=\u00a0\u00bb1-2&Prime;]<div class=\"grve-element grve-fancy-box grve-align-center grve-bg-white grve-radius-5 grve-medium-shadow\"><div class=\"grve-fancy-box-inner\"><div class=\"grve-fancy-box-icon\"><span class=\"grve-icon et-icon-phone grve-text-primary-2 grve-medium\"><\/span><\/div><h3 class=\"grve-title grve-heading-color grve-h5\" style=\"\">Droit international<\/h3><p class=\"grve-description\">Accompagnement dans les litiges transfrontaliers et proc\u00e9dures d\u2019extradition.<\/p><div class=\"grve-link-text grve-fancy-box-read-more\">En savoir plus<\/div>  <\/div><a href=\"\/fr\/matieres\/droit-international\/\" class=\"grve-item-url \"><\/a><div class=\"grve-fancy-box-bg grve-bg-primary-1 grve-radius-5\"><\/div><\/div>[\/vc_column][vc_column width=\u00a0\u00bb1\/5&Prime; tablet_width=\u00a0\u00bb1-2&Prime; tablet_sm_width=\u00a0\u00bb1-2&Prime;]<div class=\"grve-element grve-fancy-box grve-align-center grve-bg-white grve-radius-5 grve-medium-shadow\"><div class=\"grve-fancy-box-inner\"><div class=\"grve-fancy-box-icon\"><span class=\"grve-icon et-icon-gears grve-text-primary-2 grve-medium\"><\/span><\/div><h3 class=\"grve-title grve-heading-color grve-h5\" style=\"\">Droit civil et commercial<\/h3><p class=\"grve-description\">Conseil et protection des particuliers et entreprises dans leurs litiges.<\/p><div class=\"grve-link-text grve-fancy-box-read-more\">En savoir plus<\/div>  <\/div><a href=\"\/fr\/matieres\/droit-civil-et-commercial\/\" class=\"grve-item-url \"><\/a><div class=\"grve-fancy-box-bg grve-bg-primary-1 grve-radius-5\"><\/div><\/div>[\/vc_column][vc_column width=\u00a0\u00bb1\/5&Prime; tablet_width=\u00a0\u00bb1-2&Prime; tablet_sm_width=\u00a0\u00bb1-2&Prime;]<div class=\"grve-element grve-fancy-box grve-align-center grve-bg-white grve-radius-5 grve-medium-shadow\"><div class=\"grve-fancy-box-inner\"><div class=\"grve-fancy-box-icon\"><span class=\"grve-icon et-icon-adjustments grve-text-primary-2 grve-medium\"><\/span><\/div><h3 class=\"grve-title grve-heading-color grve-h5\" style=\"\">Droit des \u00e9trangers<\/h3><p class=\"grve-description\">Assistance en mati\u00e8re de s\u00e9jour, asile et contentieux administratifs.<\/p><div class=\"grve-link-text grve-fancy-box-read-more\">En savoir plus<\/div>  <\/div><a href=\"\/fr\/matieres\/droit-des-etrangers\/\" class=\"grve-item-url \"><\/a><div class=\"grve-fancy-box-bg grve-bg-primary-1 grve-radius-5\"><\/div><\/div>[\/vc_column][\/vc_row][vc_row padding_top_multiplier=\u00a0\u00bb\u00a0\u00bb padding_bottom_multiplier=\u00a0\u00bb4x\u00a0\u00bb rc_bg_type=\u00a0\u00bbcolor\u00a0\u00bb equal_column_height=\u00a0\u00bbequal\u00a0\u00bb desktop_visibility=\u00a0\u00bbhide\u00a0\u00bb rc_bg_color=\u00a0\u00bb#f7f7fb\u00a0\u00bb][vc_column]<div class=\"grve-element grve-carousel grve-flexible-carousel droit\">\n\t<div class=\"grve-carousel-wrapper\">\n\t\t\t<div class=\"grve-carousel-navigation grve-navigation-arrow-1\">\n\t\t<div class=\"grve-carousel-buttons\">\n\t\t\t<div class=\"grve-carousel-prev\"><div class=\"grve-svg-icon grve-direction-left grve-arrow-1 grve-svg-white grve-with-shape grve-circle grve-bg-primary-1\">\t\t\t<svg width=\"12px\" height=\"12px\" viewBox=\"0 0 12 12\">\n\t\t\t\t<polygon points=\"3.6 0 10 6 3.6 12 2 10.5 6.8 6 2 1.5\"><\/polygon>\n\t\t\t<\/svg>\n\t\t\t<\/div><\/div>\n\t\t\t<div class=\"grve-carousel-next\"><div class=\"grve-svg-icon grve-direction-right grve-arrow-1 grve-svg-white grve-with-shape grve-circle grve-bg-primary-1\">\t\t\t<svg width=\"12px\" height=\"12px\" viewBox=\"0 0 12 12\">\n\t\t\t\t<polygon points=\"3.6 0 10 6 3.6 12 2 10.5 6.8 6 2 1.5\"><\/polygon>\n\t\t\t<\/svg>\n\t\t\t<\/div><\/div>\n\t\t<\/div>\n\t<\/div>\n\t\t<div data-items=\"3\" data-items-tablet-landscape=\"2\" data-items-tablet-portrait=\"2\" data-items-mobile=\"1\" data-pagination=\"yes\" data-slider-autoheight=\"yes\" data-slider-autoplay=\"no\" data-slider-loop=\"no\" data-stage-padding=\"0\" class=\"grve-carousel-element grve-flexible-advanced-carousel flickity\">\n\t\t<div class=\"grve-element grve-fancy-box grve-align-center grve-bg-white grve-radius-5 grve-medium-shadow\"><div class=\"grve-fancy-box-inner\"><div class=\"grve-fancy-box-icon\"><span class=\"grve-icon et-icon-toolbox grve-text-primary-2 grve-medium\"><\/span><\/div><h3 class=\"grve-title grve-heading-color grve-h5\" style=\"\">Droit p\u00e9nal commun et financier<\/h3><p class=\"grve-description\">D\u00e9fense rigoureuse des victimes et mis en cause \u00e0 chaque \u00e9tape de la proc\u00e9dure.<\/p><div class=\"grve-link-text grve-fancy-box-read-more\">En savoir plus<\/div>  <\/div><a href=\"\/fr\/matieres\/droit-penal\/\" class=\"grve-item-url \"><\/a><div class=\"grve-fancy-box-bg grve-bg-primary-2 grve-radius-5\"><\/div><\/div><div class=\"grve-element grve-fancy-box grve-align-center grve-bg-white grve-radius-5 grve-medium-shadow\"><div class=\"grve-fancy-box-inner\"><div class=\"grve-fancy-box-icon\"><span class=\"grve-icon et-icon-circle-compass grve-text-primary-2 grve-medium\"><\/span><\/div><h3 class=\"grve-title grve-heading-color grve-h5\" style=\"\">Droit de la circulation routi\u00e8re<\/h3><p class=\"grve-description\">D\u00e9fense en cas d\u2019infractions routi\u00e8res, retrait de permis ou accidents.<\/p><div class=\"grve-link-text grve-fancy-box-read-more\">En savoir plus<\/div>  <\/div><a href=\"\/fr\/matieres\/droit-circulation-routiere\/\" class=\"grve-item-url \"><\/a><div class=\"grve-fancy-box-bg grve-bg-primary-2 grve-radius-5\"><\/div><\/div><div class=\"grve-element grve-fancy-box grve-align-center grve-bg-white grve-radius-5 grve-medium-shadow\"><div class=\"grve-fancy-box-inner\"><div class=\"grve-fancy-box-icon\"><span class=\"grve-icon et-icon-phone grve-text-primary-2 grve-medium\"><\/span><\/div><h3 class=\"grve-title grve-heading-color grve-h5\" style=\"\">Droit p\u00e9nal international<\/h3><p class=\"grve-description\">Accompagnement dans les litiges transfrontaliers et proc\u00e9dures d\u2019extradition.<\/p><div class=\"grve-link-text grve-fancy-box-read-more\">En savoir plus<\/div>  <\/div><a href=\"\/fr\/matieres\/droit-penal-international\/\" class=\"grve-item-url \"><\/a><div class=\"grve-fancy-box-bg grve-bg-primary-2 grve-radius-5\"><\/div><\/div><div class=\"grve-element grve-fancy-box grve-align-center grve-bg-white grve-radius-5 grve-medium-shadow\"><div class=\"grve-fancy-box-inner\"><div class=\"grve-fancy-box-icon\"><span class=\"grve-icon et-icon-gears grve-text-primary-2 grve-medium\"><\/span><\/div><h3 class=\"grve-title grve-heading-color grve-h5\" style=\"\">Droit civil et commercial<\/h3><p class=\"grve-description\">Conseil et protection des particuliers et entreprises dans leurs litiges.<\/p><div class=\"grve-link-text grve-fancy-box-read-more\">En savoir plus<\/div>  <\/div><a href=\"\/fr\/matieres\/droit-civil-et-commercial\/\" class=\"grve-item-url \"><\/a><div class=\"grve-fancy-box-bg grve-bg-primary-2 grve-radius-5\"><\/div><\/div><div class=\"grve-element grve-fancy-box grve-align-center grve-bg-white grve-radius-5 grve-medium-shadow\"><div class=\"grve-fancy-box-inner\"><div class=\"grve-fancy-box-icon\"><span class=\"grve-icon et-icon-adjustments grve-text-primary-2 grve-medium\"><\/span><\/div><h3 class=\"grve-title grve-heading-color grve-h5\" style=\"\">Droit des \u00e9trangers<\/h3><p class=\"grve-description\">Assistance en mati\u00e8re de s\u00e9jour, asile et contentieux administratifs.<\/p><div class=\"grve-link-text grve-fancy-box-read-more\">En savoir plus<\/div>  <\/div><a href=\"\/fr\/matieres\/droit-des-etrangers\/\" class=\"grve-item-url \"><\/a><div class=\"grve-fancy-box-bg grve-bg-primary-2 grve-radius-5\"><\/div><\/div>\t\t<\/div>\n\t<\/div>\n<\/div>\n[\/vc_column][\/vc_row][vc_row padding_top_multiplier=\u00a0\u00bb3x\u00a0\u00bb padding_bottom_multiplier=\u00a0\u00bb3x\u00a0\u00bb rc_heading_color=\u00a0\u00bbwhite\u00a0\u00bb rc_bg_type=\u00a0\u00bbimage\u00a0\u00bb rc_bg_image=\u00a0\u00bb96&Prime; rc_bg_color_overlay=\u00a0\u00bbcustom\u00a0\u00bb rc_bg_color_overlay_custom=\u00a0\u00bb#12122DCC\u00a0\u00bb scroll_header_skin=\u00a0\u00bblight\u00a0\u00bb rc_bg_color=\u00a0\u00bb#393589&Prime; rc_font_color=\u00a0\u00bb#ffffff\u00a0\u00bb][vc_column vertical_content_position=\u00a0\u00bbmiddle\u00a0\u00bb]<h3 class=\"grve-element grve-title grve-align-inherit grve-subtitle-text grve-text-primary-2\" style=\"margin-bottom: 30px;\"><span>Les services de V3 VERGAUWEN, VENET &amp; ASSOCI\u00c9S<\/span><\/h3><h3 class=\"grve-element grve-title grve-align-inherit grve-h4\"><span>Le cabinet V3 d\u00e9ploie toutes ses comp\u00e9tences, son exp\u00e9rience et son dynamisme pour d\u00e9fendre au mieux vos int\u00e9r\u00eats.<\/span><\/h3>[vc_column_text css=\u00a0\u00bb\u00a0\u00bb text_style=\u00a0\u00bbleader-text\u00a0\u00bb]Avec la rigueur juridique la plus stricte, nous exer\u00e7ons notre m\u00e9tier dans le respect de vos droits, qui sont d\u00e9fendus avec conviction et humanit\u00e9. Chaque dossier est trait\u00e9 avec une discr\u00e9tion absolue et une strat\u00e9gie personnalis\u00e9e, \u00e9labor\u00e9e en fonction de vos besoins, vos attentes et vos priorit\u00e9s.<\/p>\n<p>Nos services englobent toutes les dimensions de l\u2019intervention juridique : le conseil, la n\u00e9gociation, la m\u00e9diation, l\u2019assistance aux auditions et la repr\u00e9sentation devant les cours et tribunaux, \u00e0 tous les stades de la proc\u00e9dure.<\/p>\n<p>Nous assurons votre d\u00e9fense avec efficacit\u00e9 devant le Juge de paix, le Tribunal de police, le Tribunal de premi\u00e8re instance (Tribunal correctionnel et civil), le Tribunal de l\u2019entreprise, la Cour d\u2019appel, la Cour d\u2019assises, la Cour de cassation, le Conseil du Contentieux des \u00c9trangers, le Conseil d\u2019\u00c9tat et la Cour Constitutionnelle.<\/p>\n<p>Nous vous d\u00e9fendons \u00e9galement devant les juridictions europ\u00e9ennes et internationales, telles que la Cour europ\u00e9enne des droits de l\u2019homme, la Cour de justice de l\u2019Union europ\u00e9enne ou encore la Cour p\u00e9nale internationale. [\/vc_column_text][\/vc_column][\/vc_row][vc_row padding_top_multiplier=\u00a0\u00bb4x\u00a0\u00bb padding_bottom_multiplier=\u00a0\u00bb4x\u00a0\u00bb rc_bg_type=\u00a0\u00bbcolor\u00a0\u00bb rc_bg_color=\u00a0\u00bb#f7f7fb\u00a0\u00bb][vc_column][vc_row_inner columns_gap=\u00a0\u00bb60&Prime; equal_column_height=\u00a0\u00bbequal\u00a0\u00bb][vc_column_inner width=\u00a0\u00bb3\/4&Prime;]<h1 class=\"grve-element grve-title grve-align-left grve-subtitle-text grve-text-primary-2\"><span>L&rsquo;\u00e9quipe de V3 VERGAUWEN, VENET &amp; ASSOCI\u00c9S<\/span><\/h1><h3 class=\"grve-element grve-title grve-align-inherit grve-h3\" style=\"margin-bottom: 30px;\"><span>Une \u00e9quipe exp\u00e9riment\u00e9e et engag\u00e9e<\/span><\/h3>[vc_column_text css=\u00a0\u00bb\u00a0\u00bb text_style=\u00a0\u00bbleader-text\u00a0\u00bb]Actif depuis de nombreuses ann\u00e9es, le cabinet V3 vous garantit une connaissance approfondie et actualis\u00e9e des mati\u00e8res pratiqu\u00e9es, en se tenant \u00e0 la pointe des derni\u00e8res \u00e9volutions du droit et de la proc\u00e9dure gr\u00e2ce \u00e0 son \u00e9quipe exp\u00e9riment\u00e9e et engag\u00e9e.[\/vc_column_text][\/vc_column_inner][vc_column_inner width=\u00a0\u00bb1\/4&Prime; vertical_content_position=\u00a0\u00bbmiddle\u00a0\u00bb]<div class=\"grve-element grve-align-center\"><a href=\"\/fr\/equipe\/\" class=\"grve-btn grve-btn-outline grve-round grve-border-primary-1 grve-bg-hover-primary-1 grve-border-hover-primary-1 grve-text-primary-1 grve-text-hover-white grve-btn-extralarge\">\n\t\t<span>Voir toute l&#039;\u00e9quipe<\/span>\n\t\t\t\t\t\t\t<\/a><\/div>[\/vc_column_inner][\/vc_row_inner]<div class=\"grve-empty-space grve-height-3x\"><\/div><div class=\"grve-element grve-carousel grve-flexible-carousel\">\n\t<div class=\"grve-carousel-wrapper\">\n\t\t\t<div class=\"grve-carousel-navigation grve-navigation-arrow-1\">\n\t\t<div class=\"grve-carousel-buttons\">\n\t\t\t<div class=\"grve-carousel-prev\"><div class=\"grve-svg-icon grve-direction-left grve-arrow-1 grve-svg-white grve-with-shape grve-circle grve-bg-primary-1\">\t\t\t<svg width=\"12px\" height=\"12px\" viewBox=\"0 0 12 12\">\n\t\t\t\t<polygon points=\"3.6 0 10 6 3.6 12 2 10.5 6.8 6 2 1.5\"><\/polygon>\n\t\t\t<\/svg>\n\t\t\t<\/div><\/div>\n\t\t\t<div class=\"grve-carousel-next\"><div class=\"grve-svg-icon grve-direction-right grve-arrow-1 grve-svg-white grve-with-shape grve-circle grve-bg-primary-1\">\t\t\t<svg width=\"12px\" height=\"12px\" viewBox=\"0 0 12 12\">\n\t\t\t\t<polygon points=\"3.6 0 10 6 3.6 12 2 10.5 6.8 6 2 1.5\"><\/polygon>\n\t\t\t<\/svg>\n\t\t\t<\/div><\/div>\n\t\t<\/div>\n\t<\/div>\n\t\t<div data-items=\"4\" data-items-tablet-landscape=\"2\" data-items-tablet-portrait=\"2\" data-items-mobile=\"2\" data-pagination=\"yes\" data-slider-autoheight=\"\" data-slider-autoplay=\"yes\" data-slider-loop=\"yes\" data-stage-padding=\"0\" class=\"grve-carousel-element grve-flexible-advanced-carousel flickity\">\n\t\t<div class=\"grve-element grve-team grve-layout-2\">\n\t<div class=\"grve-hover-item grve-radius-5 grve-small-shadow grve-grayscale-image-hover\">\n\t\t<a href=\"\/fr\/equipe\/alain-vergauwen\/\" class=\"grve-team-url\"><\/a>\t\t<div class=\"grve-team-person grve-grayscale-image-hover\">\n\t\t\t<div class=\"grve-thumbnail-wrapper\"><div class=\"grve-thumbnail\"  style=\"padding-top: 150%;\"><img loading=\"lazy\" decoding=\"async\" width=\"200\" height=\"300\" src=\"https:\/\/v3avocats.be\/wp-content\/uploads\/2025\/02\/2024_CabinetVergauwen0351-200x300.jpg\" class=\"attachment-medium size-medium\" alt=\"Alain Vergauwen Associ\u00e9 cabinet V3 VERGAUWEN, VENET &amp; ASSOCI\u00c9S \u00e0 Bruxelles\" data-column-space=\"100\" data-lazyload=\"\" data-grve-filter=\"yes\" srcset=\"https:\/\/v3avocats.be\/wp-content\/uploads\/2025\/02\/2024_CabinetVergauwen0351-200x300.jpg 200w, https:\/\/v3avocats.be\/wp-content\/uploads\/2025\/02\/2024_CabinetVergauwen0351-683x1024.jpg 683w, https:\/\/v3avocats.be\/wp-content\/uploads\/2025\/02\/2024_CabinetVergauwen0351-768x1152.jpg 768w, https:\/\/v3avocats.be\/wp-content\/uploads\/2025\/02\/2024_CabinetVergauwen0351.jpg 1000w\" sizes=\"auto, (max-width: 200px) 100vw, 200px\" \/><\/div><\/div>\t\t<\/div>\n\t\t<ul class=\"grve-team-social grve-align-center\">\n\t\t\t<li><a href=\"mailto:av&#064;&#118;3avoca&#116;&#115;&#046;be\"><span class=\"grve-icon fas fa-envelope\" aria-hidden=\"true\"><\/span><span class=\"screen-reader-text\">E-mail<\/span><\/a><\/li>\t\t<\/ul>\n\t\t\t\t<div class=\"grve-team-description grve-align-center\">\n\t\t\t\t\t\t<div class=\"grve-team-identity grve-small-text\">Associ\u00e9<\/div>\n\t\t\t\t\t\t<h4 class=\"grve-team-name grve-h5\">Alain Vergauwen<\/h4>\n\t\t<\/div>\n\t\t\t<\/div>\n\t<\/div>\n<div class=\"grve-element grve-team grve-layout-2\">\n\t<div class=\"grve-hover-item grve-radius-5 grve-small-shadow grve-grayscale-image-hover\">\n\t\t<a href=\"\/fr\/equipe\/cedric-vergauwen\/\" class=\"grve-team-url\"><\/a>\t\t<div class=\"grve-team-person grve-grayscale-image-hover\">\n\t\t\t<div class=\"grve-thumbnail-wrapper\"><div class=\"grve-thumbnail\"  style=\"padding-top: 150%;\"><img loading=\"lazy\" decoding=\"async\" width=\"200\" height=\"300\" src=\"https:\/\/v3avocats.be\/wp-content\/uploads\/2025\/02\/2024_CabinetVergauwen0750-200x300.jpg\" class=\"attachment-medium size-medium\" alt=\"C\u00e9dric Vergauwen Associ\u00e9 cabinet V3 VERGAUWEN, VENET &amp; ASSOCI\u00c9S \u00e0 Bruxelles\" data-column-space=\"100\" data-lazyload=\"\" data-grve-filter=\"yes\" srcset=\"https:\/\/v3avocats.be\/wp-content\/uploads\/2025\/02\/2024_CabinetVergauwen0750-200x300.jpg 200w, https:\/\/v3avocats.be\/wp-content\/uploads\/2025\/02\/2024_CabinetVergauwen0750-683x1024.jpg 683w, https:\/\/v3avocats.be\/wp-content\/uploads\/2025\/02\/2024_CabinetVergauwen0750-768x1152.jpg 768w, https:\/\/v3avocats.be\/wp-content\/uploads\/2025\/02\/2024_CabinetVergauwen0750.jpg 1000w\" sizes=\"auto, (max-width: 200px) 100vw, 200px\" \/><\/div><\/div>\t\t<\/div>\n\t\t<ul class=\"grve-team-social grve-align-center\">\n\t\t\t<li><a href=\"mailto:c&#118;&#064;&#118;3&#097;voc&#097;&#116;s&#046;&#098;e\"><span class=\"grve-icon fas fa-envelope\" aria-hidden=\"true\"><\/span><span class=\"screen-reader-text\">E-mail<\/span><\/a><\/li>\t\t<\/ul>\n\t\t\t\t<div class=\"grve-team-description grve-align-center\">\n\t\t\t\t\t\t<div class=\"grve-team-identity grve-small-text\">Associ\u00e9<\/div>\n\t\t\t\t\t\t<h4 class=\"grve-team-name grve-h5\">C\u00e9dric Vergauwen<\/h4>\n\t\t<\/div>\n\t\t\t<\/div>\n\t<\/div>\n<div class=\"grve-element grve-team grve-layout-2\">\n\t<div class=\"grve-hover-item grve-radius-5 grve-small-shadow grve-grayscale-image-hover\">\n\t\t<a href=\"\/fr\/equipe\/olivia-venet\/\" class=\"grve-team-url\"><\/a>\t\t<div class=\"grve-team-person grve-grayscale-image-hover\">\n\t\t\t<div class=\"grve-thumbnail-wrapper\"><div class=\"grve-thumbnail\"  style=\"padding-top: 150%;\"><img loading=\"lazy\" decoding=\"async\" width=\"200\" height=\"300\" src=\"https:\/\/v3avocats.be\/wp-content\/uploads\/2025\/02\/2024_CabinetVergauwen0314-200x300.jpg\" class=\"attachment-medium size-medium\" alt=\"Olivia Venet Associ\u00e9e cabinet V3 VERGAUWEN, VENET &amp; ASSOCI\u00c9S \u00e0 Bruxelles\" data-column-space=\"100\" data-lazyload=\"\" data-grve-filter=\"yes\" srcset=\"https:\/\/v3avocats.be\/wp-content\/uploads\/2025\/02\/2024_CabinetVergauwen0314-200x300.jpg 200w, https:\/\/v3avocats.be\/wp-content\/uploads\/2025\/02\/2024_CabinetVergauwen0314-683x1024.jpg 683w, https:\/\/v3avocats.be\/wp-content\/uploads\/2025\/02\/2024_CabinetVergauwen0314-768x1152.jpg 768w, https:\/\/v3avocats.be\/wp-content\/uploads\/2025\/02\/2024_CabinetVergauwen0314.jpg 1000w\" sizes=\"auto, (max-width: 200px) 100vw, 200px\" \/><\/div><\/div>\t\t<\/div>\n\t\t<ul class=\"grve-team-social grve-align-center\">\n\t\t\t<li><a href=\"mailto:ov&#064;&#118;&#051;a&#118;oc&#097;&#116;&#115;&#046;&#098;e\"><span class=\"grve-icon fas fa-envelope\" aria-hidden=\"true\"><\/span><span class=\"screen-reader-text\">E-mail<\/span><\/a><\/li>\t\t<\/ul>\n\t\t\t\t<div class=\"grve-team-description grve-align-center\">\n\t\t\t\t\t\t<div class=\"grve-team-identity grve-small-text\">Associ\u00e9e<\/div>\n\t\t\t\t\t\t<h4 class=\"grve-team-name grve-h5\">Olivia Venet<\/h4>\n\t\t<\/div>\n\t\t\t<\/div>\n\t<\/div>\n<div class=\"grve-element grve-team grve-layout-2\">\n\t<div class=\"grve-hover-item grve-radius-5 grve-small-shadow grve-grayscale-image-hover\">\n\t\t<a href=\"\/fr\/equipe\/damien-holzapfel\/\" class=\"grve-team-url\"><\/a>\t\t<div class=\"grve-team-person grve-grayscale-image-hover\">\n\t\t\t<div class=\"grve-thumbnail-wrapper\"><div class=\"grve-thumbnail\"  style=\"padding-top: 150%;\"><img loading=\"lazy\" decoding=\"async\" width=\"200\" height=\"300\" src=\"https:\/\/v3avocats.be\/wp-content\/uploads\/2025\/02\/2024_CabinetVergauwen0360-200x300.jpg\" class=\"attachment-medium size-medium\" alt=\"Damien Holzapfel Associ\u00e9 cabinet V3 VERGAUWEN, VENET &amp; ASSOCI\u00c9S \u00e0 Bruxelles\" data-column-space=\"100\" data-lazyload=\"\" data-grve-filter=\"yes\" srcset=\"https:\/\/v3avocats.be\/wp-content\/uploads\/2025\/02\/2024_CabinetVergauwen0360-200x300.jpg 200w, https:\/\/v3avocats.be\/wp-content\/uploads\/2025\/02\/2024_CabinetVergauwen0360-683x1024.jpg 683w, https:\/\/v3avocats.be\/wp-content\/uploads\/2025\/02\/2024_CabinetVergauwen0360-768x1152.jpg 768w, https:\/\/v3avocats.be\/wp-content\/uploads\/2025\/02\/2024_CabinetVergauwen0360.jpg 1000w\" sizes=\"auto, (max-width: 200px) 100vw, 200px\" \/><\/div><\/div>\t\t<\/div>\n\t\t<ul class=\"grve-team-social grve-align-center\">\n\t\t\t<li><a href=\"mailto:dh&#064;v3&#097;&#118;&#111;cats&#046;b&#101;\"><span class=\"grve-icon fas fa-envelope\" aria-hidden=\"true\"><\/span><span class=\"screen-reader-text\">E-mail<\/span><\/a><\/li>\t\t<\/ul>\n\t\t\t\t<div class=\"grve-team-description grve-align-center\">\n\t\t\t\t\t\t<div class=\"grve-team-identity grve-small-text\">Associ\u00e9<\/div>\n\t\t\t\t\t\t<h4 class=\"grve-team-name grve-h5\">Damien Holzapfel<\/h4>\n\t\t<\/div>\n\t\t\t<\/div>\n\t<\/div>\n<div class=\"grve-element grve-team grve-layout-2\">\n\t<div class=\"grve-hover-item grve-radius-5 grve-small-shadow grve-grayscale-image-hover\">\n\t\t<a href=\"\/fr\/equipe\/marion-tilkens\/\" class=\"grve-team-url\"><\/a>\t\t<div class=\"grve-team-person grve-grayscale-image-hover\">\n\t\t\t<div class=\"grve-thumbnail-wrapper\"><div class=\"grve-thumbnail\"  style=\"padding-top: 150%;\"><img loading=\"lazy\" decoding=\"async\" width=\"200\" height=\"300\" src=\"https:\/\/v3avocats.be\/wp-content\/uploads\/2025\/02\/2024_CabinetVergauwen0325-200x300.jpg\" class=\"attachment-medium size-medium\" alt=\"Marion Tilkens collaboratrice cabinet V3 VERGAUWEN, VENET &amp; ASSOCI\u00c9S \u00e0 Bruxelles\" data-column-space=\"100\" data-lazyload=\"\" data-grve-filter=\"yes\" srcset=\"https:\/\/v3avocats.be\/wp-content\/uploads\/2025\/02\/2024_CabinetVergauwen0325-200x300.jpg 200w, https:\/\/v3avocats.be\/wp-content\/uploads\/2025\/02\/2024_CabinetVergauwen0325-683x1024.jpg 683w, https:\/\/v3avocats.be\/wp-content\/uploads\/2025\/02\/2024_CabinetVergauwen0325-768x1152.jpg 768w, https:\/\/v3avocats.be\/wp-content\/uploads\/2025\/02\/2024_CabinetVergauwen0325.jpg 1000w\" sizes=\"auto, (max-width: 200px) 100vw, 200px\" \/><\/div><\/div>\t\t<\/div>\n\t\t<ul class=\"grve-team-social grve-align-center\">\n\t\t\t<li><a href=\"mailto:m&#116;&#064;v&#051;avoc&#097;&#116;&#115;.be\"><span class=\"grve-icon fas fa-envelope\" aria-hidden=\"true\"><\/span><span class=\"screen-reader-text\">E-mail<\/span><\/a><\/li>\t\t<\/ul>\n\t\t\t\t<div class=\"grve-team-description grve-align-center\">\n\t\t\t\t\t\t<div class=\"grve-team-identity grve-small-text\">Collaboratrice<\/div>\n\t\t\t\t\t\t<h4 class=\"grve-team-name grve-h5\">Marion Tilkens<\/h4>\n\t\t<\/div>\n\t\t\t<\/div>\n\t<\/div>\n<div class=\"grve-element grve-team grve-layout-2\">\n\t<div class=\"grve-hover-item grve-radius-5 grve-small-shadow grve-grayscale-image-hover\">\n\t\t<a href=\"\/fr\/equipe\/chloe-georgiev\/\" class=\"grve-team-url\"><\/a>\t\t<div class=\"grve-team-person grve-grayscale-image-hover\">\n\t\t\t<div class=\"grve-thumbnail-wrapper\"><div class=\"grve-thumbnail\"  style=\"padding-top: 150%;\"><img loading=\"lazy\" decoding=\"async\" width=\"200\" height=\"300\" src=\"https:\/\/v3avocats.be\/wp-content\/uploads\/2025\/02\/2024_CabinetVergauwen0396-200x300.jpg\" class=\"attachment-medium size-medium\" alt=\"Chloe Georgiev collaboratrice cabinet V3 VERGAUWEN, VENET &amp; ASSOCI\u00c9S \u00e0 Bruxelles\" data-column-space=\"100\" data-lazyload=\"\" data-grve-filter=\"yes\" srcset=\"https:\/\/v3avocats.be\/wp-content\/uploads\/2025\/02\/2024_CabinetVergauwen0396-200x300.jpg 200w, https:\/\/v3avocats.be\/wp-content\/uploads\/2025\/02\/2024_CabinetVergauwen0396-683x1024.jpg 683w, https:\/\/v3avocats.be\/wp-content\/uploads\/2025\/02\/2024_CabinetVergauwen0396-768x1152.jpg 768w, https:\/\/v3avocats.be\/wp-content\/uploads\/2025\/02\/2024_CabinetVergauwen0396.jpg 1000w\" sizes=\"auto, (max-width: 200px) 100vw, 200px\" \/><\/div><\/div>\t\t<\/div>\n\t\t<ul class=\"grve-team-social grve-align-center\">\n\t\t\t<li><a href=\"https:\/\/be.linkedin.com\/in\/chlo%C3%A9-georgiev-aba167a9\" target=\"_blank\" rel=\"noopener noreferrer\"><span class=\"grve-icon fab fa-linkedin-in\" aria-hidden=\"true\"><\/span><span class=\"screen-reader-text\">Linkedin<\/span><\/a><\/li><li><a href=\"mailto:&#099;&#103;&#064;&#118;3a&#118;o&#099;a&#116;&#115;.be\"><span class=\"grve-icon fas fa-envelope\" aria-hidden=\"true\"><\/span><span class=\"screen-reader-text\">E-mail<\/span><\/a><\/li>\t\t<\/ul>\n\t\t\t\t<div class=\"grve-team-description grve-align-center\">\n\t\t\t\t\t\t<div class=\"grve-team-identity grve-small-text\">Collaboratrice<\/div>\n\t\t\t\t\t\t<h4 class=\"grve-team-name grve-h5\">Chloe Georgiev<\/h4>\n\t\t<\/div>\n\t\t\t<\/div>\n\t<\/div>\n<div class=\"grve-element grve-team grve-layout-2\">\n\t<div class=\"grve-hover-item grve-radius-5 grve-small-shadow grve-grayscale-image-hover\">\n\t\t<a href=\"\/fr\/equipe\/louise-ramboux\/\" class=\"grve-team-url\"><\/a>\t\t<div class=\"grve-team-person grve-grayscale-image-hover\">\n\t\t\t<div class=\"grve-thumbnail-wrapper\"><div class=\"grve-thumbnail\"  style=\"padding-top: 150%;\"><img loading=\"lazy\" decoding=\"async\" width=\"200\" height=\"300\" src=\"https:\/\/v3avocats.be\/wp-content\/uploads\/2025\/02\/2024_CabinetVergauwen0619-200x300.jpg\" class=\"attachment-medium size-medium\" alt=\"Louise Ramboux collaboratrice cabinet V3 VERGAUWEN, VENET &amp; ASSOCI\u00c9S \u00e0 Bruxelles\" data-column-space=\"100\" data-lazyload=\"\" data-grve-filter=\"yes\" srcset=\"https:\/\/v3avocats.be\/wp-content\/uploads\/2025\/02\/2024_CabinetVergauwen0619-200x300.jpg 200w, https:\/\/v3avocats.be\/wp-content\/uploads\/2025\/02\/2024_CabinetVergauwen0619-683x1024.jpg 683w, https:\/\/v3avocats.be\/wp-content\/uploads\/2025\/02\/2024_CabinetVergauwen0619-768x1152.jpg 768w, https:\/\/v3avocats.be\/wp-content\/uploads\/2025\/02\/2024_CabinetVergauwen0619.jpg 1000w\" sizes=\"auto, (max-width: 200px) 100vw, 200px\" \/><\/div><\/div>\t\t<\/div>\n\t\t<ul class=\"grve-team-social grve-align-center\">\n\t\t\t<li><a href=\"https:\/\/be.linkedin.com\/in\/louise-ramboux-47937a1bb\" target=\"_blank\" rel=\"noopener noreferrer\"><span class=\"grve-icon fab fa-linkedin-in\" aria-hidden=\"true\"><\/span><span class=\"screen-reader-text\">Linkedin<\/span><\/a><\/li><li><a href=\"mailto:l&#114;&#064;&#118;&#051;a&#118;&#111;ca&#116;s&#046;be\"><span class=\"grve-icon fas fa-envelope\" aria-hidden=\"true\"><\/span><span class=\"screen-reader-text\">E-mail<\/span><\/a><\/li>\t\t<\/ul>\n\t\t\t\t<div class=\"grve-team-description grve-align-center\">\n\t\t\t\t\t\t<div class=\"grve-team-identity grve-small-text\">Collaboratrice<\/div>\n\t\t\t\t\t\t<h4 class=\"grve-team-name grve-h5\">Louise Ramboux<\/h4>\n\t\t<\/div>\n\t\t\t<\/div>\n\t<\/div>\n<div class=\"grve-element grve-team grve-layout-2\">\n\t<div class=\"grve-hover-item grve-radius-5 grve-small-shadow grve-grayscale-image-hover\">\n\t\t<a href=\"\/fr\/equipe\/ludovic-badet\/\" class=\"grve-team-url\"><\/a>\t\t<div class=\"grve-team-person grve-grayscale-image-hover\">\n\t\t\t<div class=\"grve-thumbnail-wrapper\"><div class=\"grve-thumbnail\"  style=\"padding-top: 150%;\"><img loading=\"lazy\" decoding=\"async\" width=\"200\" height=\"300\" src=\"https:\/\/v3avocats.be\/wp-content\/uploads\/2025\/02\/2024_CabinetVergauwen0415-200x300.jpg\" class=\"attachment-medium size-medium\" alt=\"Ludovic Badet collaborateur cabinet V3 VERGAUWEN, VENET &amp; ASSOCI\u00c9S \u00e0 Bruxelles\" data-column-space=\"100\" data-lazyload=\"\" data-grve-filter=\"yes\" srcset=\"https:\/\/v3avocats.be\/wp-content\/uploads\/2025\/02\/2024_CabinetVergauwen0415-200x300.jpg 200w, https:\/\/v3avocats.be\/wp-content\/uploads\/2025\/02\/2024_CabinetVergauwen0415-683x1024.jpg 683w, https:\/\/v3avocats.be\/wp-content\/uploads\/2025\/02\/2024_CabinetVergauwen0415-768x1152.jpg 768w, https:\/\/v3avocats.be\/wp-content\/uploads\/2025\/02\/2024_CabinetVergauwen0415.jpg 1000w\" sizes=\"auto, (max-width: 200px) 100vw, 200px\" \/><\/div><\/div>\t\t<\/div>\n\t\t<ul class=\"grve-team-social grve-align-center\">\n\t\t\t<li><a href=\"mailto:l&#098;&#064;v&#051;a&#118;o&#099;&#097;ts.&#098;e\"><span class=\"grve-icon fas fa-envelope\" aria-hidden=\"true\"><\/span><span class=\"screen-reader-text\">E-mail<\/span><\/a><\/li>\t\t<\/ul>\n\t\t\t\t<div class=\"grve-team-description grve-align-center\">\n\t\t\t\t\t\t<div class=\"grve-team-identity grve-small-text\">Collaborateur<\/div>\n\t\t\t\t\t\t<h4 class=\"grve-team-name grve-h5\">Ludovic Badet<\/h4>\n\t\t<\/div>\n\t\t\t<\/div>\n\t<\/div>\n<div class=\"grve-element grve-team grve-layout-2\">\n\t<div class=\"grve-hover-item grve-radius-5 grve-small-shadow grve-grayscale-image-hover\">\n\t\t<a href=\"\/fr\/equipe\/chloe-licata\/\" class=\"grve-team-url\"><\/a>\t\t<div class=\"grve-team-person grve-grayscale-image-hover\">\n\t\t\t<div class=\"grve-thumbnail-wrapper\"><div class=\"grve-thumbnail\"  style=\"padding-top: 150%;\"><img loading=\"lazy\" decoding=\"async\" width=\"200\" height=\"300\" src=\"https:\/\/v3avocats.be\/wp-content\/uploads\/2025\/02\/2024_CabinetVergauwen0774-200x300.jpg\" class=\"attachment-medium size-medium\" alt=\"Chlo\u00e9 Licata Collaboratrice cabinet V3 VERGAUWEN, VENET &amp; ASSOCI\u00c9S \u00e0 Bruxelles\" data-column-space=\"100\" data-lazyload=\"\" data-grve-filter=\"yes\" srcset=\"https:\/\/v3avocats.be\/wp-content\/uploads\/2025\/02\/2024_CabinetVergauwen0774-200x300.jpg 200w, https:\/\/v3avocats.be\/wp-content\/uploads\/2025\/02\/2024_CabinetVergauwen0774-683x1024.jpg 683w, https:\/\/v3avocats.be\/wp-content\/uploads\/2025\/02\/2024_CabinetVergauwen0774-768x1152.jpg 768w, https:\/\/v3avocats.be\/wp-content\/uploads\/2025\/02\/2024_CabinetVergauwen0774.jpg 1000w\" sizes=\"auto, (max-width: 200px) 100vw, 200px\" \/><\/div><\/div>\t\t<\/div>\n\t\t<ul class=\"grve-team-social grve-align-center\">\n\t\t\t<li><a href=\"mailto:cl&#064;&#118;3a&#118;&#111;ca&#116;&#115;.be\"><span class=\"grve-icon fas fa-envelope\" aria-hidden=\"true\"><\/span><span class=\"screen-reader-text\">E-mail<\/span><\/a><\/li>\t\t<\/ul>\n\t\t\t\t<div class=\"grve-team-description grve-align-center\">\n\t\t\t\t\t\t<div class=\"grve-team-identity grve-small-text\">Collaboratrice<\/div>\n\t\t\t\t\t\t<h4 class=\"grve-team-name grve-h5\">Chlo\u00e9 Licata<\/h4>\n\t\t<\/div>\n\t\t\t<\/div>\n\t<\/div>\n<div class=\"grve-element grve-team grve-layout-2\">\n\t<div class=\"grve-hover-item grve-radius-5 grve-small-shadow grve-grayscale-image-hover\">\n\t\t<a href=\"\/fr\/equipe\/eva-sierra\/\" class=\"grve-team-url\"><\/a>\t\t<div class=\"grve-team-person grve-grayscale-image-hover\">\n\t\t\t<div class=\"grve-thumbnail-wrapper\"><div class=\"grve-thumbnail\"  style=\"padding-top: 150%;\"><img loading=\"lazy\" decoding=\"async\" width=\"200\" height=\"300\" src=\"https:\/\/v3avocats.be\/wp-content\/uploads\/2025\/02\/2024_CabinetVergauwen0802-200x300.jpg\" class=\"attachment-medium size-medium\" alt=\"Elisabeth Hinfray collaboratrice cabinet V3 avocats\" data-column-space=\"100\" data-lazyload=\"\" data-grve-filter=\"yes\" srcset=\"https:\/\/v3avocats.be\/wp-content\/uploads\/2025\/02\/2024_CabinetVergauwen0802-200x300.jpg 200w, https:\/\/v3avocats.be\/wp-content\/uploads\/2025\/02\/2024_CabinetVergauwen0802-683x1024.jpg 683w, https:\/\/v3avocats.be\/wp-content\/uploads\/2025\/02\/2024_CabinetVergauwen0802-768x1152.jpg 768w, https:\/\/v3avocats.be\/wp-content\/uploads\/2025\/02\/2024_CabinetVergauwen0802.jpg 1000w\" sizes=\"auto, (max-width: 200px) 100vw, 200px\" \/><\/div><\/div>\t\t<\/div>\n\t\t<ul class=\"grve-team-social grve-align-center\">\n\t\t\t<li><a href=\"mailto:e&#115;&#064;&#118;3avoca&#116;s.&#098;e\"><span class=\"grve-icon fas fa-envelope\" aria-hidden=\"true\"><\/span><span class=\"screen-reader-text\">E-mail<\/span><\/a><\/li>\t\t<\/ul>\n\t\t\t\t<div class=\"grve-team-description grve-align-center\">\n\t\t\t\t\t\t<div class=\"grve-team-identity grve-small-text\">Collaboratrice<\/div>\n\t\t\t\t\t\t<h4 class=\"grve-team-name grve-h5\">Eva Sierra<\/h4>\n\t\t<\/div>\n\t\t\t<\/div>\n\t<\/div>\n<div class=\"grve-element grve-team grve-layout-2\">\n\t<div class=\"grve-hover-item grve-radius-5 grve-small-shadow grve-grayscale-image-hover\">\n\t\t<a href=\"\/fr\/equipe\/elisabeth-hinfray\/\" class=\"grve-team-url\"><\/a>\t\t<div class=\"grve-team-person grve-grayscale-image-hover\">\n\t\t\t<div class=\"grve-thumbnail-wrapper\"><div class=\"grve-thumbnail\"  style=\"padding-top: 150%;\"><img loading=\"lazy\" decoding=\"async\" width=\"200\" height=\"300\" src=\"https:\/\/v3avocats.be\/wp-content\/uploads\/2025\/02\/2024_CabinetVergauwen0501-200x300.jpg\" class=\"attachment-medium size-medium\" alt=\"Elisabeth Hinfray collaboratrice cabinet V3 VERGAUWEN, VENET &amp; ASSOCI\u00c9S \u00e0 Bruxelles\" data-column-space=\"100\" data-lazyload=\"\" data-grve-filter=\"yes\" srcset=\"https:\/\/v3avocats.be\/wp-content\/uploads\/2025\/02\/2024_CabinetVergauwen0501-200x300.jpg 200w, https:\/\/v3avocats.be\/wp-content\/uploads\/2025\/02\/2024_CabinetVergauwen0501-683x1024.jpg 683w, https:\/\/v3avocats.be\/wp-content\/uploads\/2025\/02\/2024_CabinetVergauwen0501-768x1152.jpg 768w, https:\/\/v3avocats.be\/wp-content\/uploads\/2025\/02\/2024_CabinetVergauwen0501.jpg 1000w\" sizes=\"auto, (max-width: 200px) 100vw, 200px\" \/><\/div><\/div>\t\t<\/div>\n\t\t<ul class=\"grve-team-social grve-align-center\">\n\t\t\t<li><a href=\"mailto:e&#104;&#064;&#118;&#051;&#097;vo&#099;a&#116;&#115;&#046;be\"><span class=\"grve-icon fas fa-envelope\" aria-hidden=\"true\"><\/span><span class=\"screen-reader-text\">E-mail<\/span><\/a><\/li>\t\t<\/ul>\n\t\t\t\t<div class=\"grve-team-description grve-align-center\">\n\t\t\t\t\t\t<div class=\"grve-team-identity grve-small-text\">Collaboratrice<\/div>\n\t\t\t\t\t\t<h4 class=\"grve-team-name grve-h5\">Elisabeth Hinfray<\/h4>\n\t\t<\/div>\n\t\t\t<\/div>\n\t<\/div>\n<div class=\"grve-element grve-team grve-layout-2\">\n\t<div class=\"grve-hover-item grve-radius-5 grve-small-shadow grve-grayscale-image-hover\">\n\t\t<a href=\"\/fr\/equipe\/victoria-hamchi\/\" class=\"grve-team-url\"><\/a>\t\t<div class=\"grve-team-person grve-grayscale-image-hover\">\n\t\t\t<div class=\"grve-thumbnail-wrapper\"><div class=\"grve-thumbnail\"  style=\"padding-top: 150%;\"><img loading=\"lazy\" decoding=\"async\" width=\"200\" height=\"300\" src=\"https:\/\/v3avocats.be\/wp-content\/uploads\/2025\/02\/2024_CabinetVergauwen0713-200x300.jpg\" class=\"attachment-medium size-medium\" alt=\"Victoria Hamchi Office manager cabinet V3 VERGAUWEN, VENET &amp; ASSOCI\u00c9S \u00e0 Bruxelles\" data-column-space=\"100\" data-lazyload=\"\" data-grve-filter=\"yes\" srcset=\"https:\/\/v3avocats.be\/wp-content\/uploads\/2025\/02\/2024_CabinetVergauwen0713-200x300.jpg 200w, https:\/\/v3avocats.be\/wp-content\/uploads\/2025\/02\/2024_CabinetVergauwen0713-683x1024.jpg 683w, https:\/\/v3avocats.be\/wp-content\/uploads\/2025\/02\/2024_CabinetVergauwen0713-768x1152.jpg 768w, https:\/\/v3avocats.be\/wp-content\/uploads\/2025\/02\/2024_CabinetVergauwen0713.jpg 1000w\" sizes=\"auto, (max-width: 200px) 100vw, 200px\" \/><\/div><\/div>\t\t<\/div>\n\t\t<ul class=\"grve-team-social grve-align-center\">\n\t\t\t<li><a href=\"mailto:v&#104;&#064;v3&#097;&#118;&#111;ca&#116;&#115;&#046;b&#101;\"><span class=\"grve-icon fas fa-envelope\" aria-hidden=\"true\"><\/span><span class=\"screen-reader-text\">E-mail<\/span><\/a><\/li>\t\t<\/ul>\n\t\t\t\t<div class=\"grve-team-description grve-align-center\">\n\t\t\t\t\t\t<div class=\"grve-team-identity grve-small-text\">Office manager<\/div>\n\t\t\t\t\t\t<h4 class=\"grve-team-name grve-h5\">Victoria Hamchi<\/h4>\n\t\t<\/div>\n\t\t\t<\/div>\n\t<\/div>\n\t\t<\/div>\n\t<\/div>\n<\/div>\n[\/vc_column][\/vc_row]<\/p>\n<\/div>","protected":false},"excerpt":{"rendered":"<p>[vc_row height_ratio=\u00a0\u00bb80&Prime; padding_top_multiplier=\u00a0\u00bb2x\u00a0\u00bb rc_heading_color=\u00a0\u00bbwhite\u00a0\u00bb rc_bg_type=\u00a0\u00bbimage\u00a0\u00bb rc_bg_image=\u00a0\u00bb18&Prime; rc_bg_color_overlay=\u00a0\u00bbcustom\u00a0\u00bb rc_bg_color_overlay_custom=\u00a0\u00bb#12122DCC\u00a0\u00bb tablet_sm_height_ratio=\u00a0\u00bb0&Prime; mobile_height_ratio=\u00a0\u00bb0&Prime; scroll_header_skin=\u00a0\u00bblight\u00a0\u00bb rc_bg_color=\u00a0\u00bb#393589&Prime; rc_font_color=\u00a0\u00bb#ffffff\u00a0\u00bb][vc_column vertical_content_position=\u00a0\u00bbmiddle\u00a0\u00bb][vc_row_inner][vc_column_inner width=\u00a0\u00bb1\/6&Prime;][\/vc_column_inner][vc_column_inner width=\u00a0\u00bb2\/3&Prime; text_align=\u00a0\u00bbcenter\u00a0\u00bb][vc_column_text css=\u00a0\u00bb\u00a0\u00bb text_style=\u00a0\u00bbleader-text\u00a0\u00bb]Le cabinet V3 VERGAUWEN, VENET &amp; ASSOCI\u00c9S, situ\u00e9 au c\u0153ur de Bruxelles, vous accompagne avec professionnalisme, discr\u00e9tion et humanit\u00e9, valeurs partag\u00e9es par l\u2019ensemble des avocats de notre \u00e9quipe. Chaque avocat met \u00e0 votre service ses comp\u00e9tences solides [&hellip;]<\/p>\n","protected":false},"author":1,"featured_media":48,"parent":0,"menu_order":0,"comment_status":"closed","ping_status":"open","template":"","meta":{"footnotes":""},"class_list":["post-2","page","type-page","status-publish","has-post-thumbnail","hentry","grve-entry-item"],"yoast_head":"<!-- This site is optimized with the Yoast SEO plugin v27.0 - https:\/\/yoast.com\/product\/yoast-seo-wordpress\/ -->\n<title>V3 Vergauwen, Venet &amp; associ\u00e9s avocats - V3avocats<\/title>\n<meta name=\"description\" content=\"Le cabinet V3 avocats d\u00e9ploie toutes ses comp\u00e9tences, son exp\u00e9rience et son dynamisme pour d\u00e9fendre au mieux vos int\u00e9r\u00eats.\" \/>\n<meta name=\"robots\" content=\"index, follow, max-snippet:-1, max-image-preview:large, max-video-preview:-1\" \/>\n<link rel=\"canonical\" href=\"https:\/\/v3avocats.be\/fr\/\" \/>\n<meta property=\"og:locale\" content=\"fr_FR\" \/>\n<meta property=\"og:type\" content=\"article\" \/>\n<meta property=\"og:title\" content=\"V3 Vergauwen, Venet &amp; associ\u00e9s avocats - V3avocats\" \/>\n<meta property=\"og:description\" content=\"Le cabinet V3 avocats d\u00e9ploie toutes ses comp\u00e9tences, son exp\u00e9rience et son dynamisme pour d\u00e9fendre au mieux vos int\u00e9r\u00eats.\" \/>\n<meta property=\"og:url\" content=\"https:\/\/v3avocats.be\/fr\/\" \/>\n<meta property=\"og:site_name\" content=\"V3avocats\" \/>\n<meta property=\"article:modified_time\" content=\"2025-05-30T10:18:30+00:00\" \/>\n<meta property=\"og:image\" content=\"https:\/\/v3avocats.be\/wp-content\/uploads\/2025\/02\/V3avocats-favicon-1.png\" \/>\n\t<meta property=\"og:image:width\" content=\"512\" \/>\n\t<meta property=\"og:image:height\" content=\"512\" \/>\n\t<meta property=\"og:image:type\" content=\"image\/png\" \/>\n<meta name=\"twitter:card\" content=\"summary_large_image\" \/>\n<meta name=\"twitter:label1\" content=\"Dur\u00e9e de lecture estim\u00e9e\" \/>\n\t<meta name=\"twitter:data1\" content=\"6 minutes\" \/>\n<script type=\"application\/ld+json\" class=\"yoast-schema-graph\">{\"@context\":\"https:\/\/schema.org\",\"@graph\":[{\"@type\":\"WebPage\",\"@id\":\"https:\/\/v3avocats.be\/fr\/\",\"url\":\"https:\/\/v3avocats.be\/fr\/\",\"name\":\"V3 Vergauwen, Venet & associ\u00e9s avocats - V3avocats\",\"isPartOf\":{\"@id\":\"https:\/\/v3avocats.be\/fr\/#website\"},\"primaryImageOfPage\":{\"@id\":\"https:\/\/v3avocats.be\/fr\/#primaryimage\"},\"image\":{\"@id\":\"https:\/\/v3avocats.be\/fr\/#primaryimage\"},\"thumbnailUrl\":\"https:\/\/v3avocats.be\/wp-content\/uploads\/2025\/02\/V3avocats-favicon-1.png\",\"datePublished\":\"2025-02-22T13:35:05+00:00\",\"dateModified\":\"2025-05-30T10:18:30+00:00\",\"description\":\"Le cabinet V3 avocats d\u00e9ploie toutes ses comp\u00e9tences, son exp\u00e9rience et son dynamisme pour d\u00e9fendre au mieux vos int\u00e9r\u00eats.\",\"breadcrumb\":{\"@id\":\"https:\/\/v3avocats.be\/fr\/#breadcrumb\"},\"inLanguage\":\"fr-FR\",\"potentialAction\":[{\"@type\":\"ReadAction\",\"target\":[\"https:\/\/v3avocats.be\/fr\/\"]}]},{\"@type\":\"ImageObject\",\"inLanguage\":\"fr-FR\",\"@id\":\"https:\/\/v3avocats.be\/fr\/#primaryimage\",\"url\":\"https:\/\/v3avocats.be\/wp-content\/uploads\/2025\/02\/V3avocats-favicon-1.png\",\"contentUrl\":\"https:\/\/v3avocats.be\/wp-content\/uploads\/2025\/02\/V3avocats-favicon-1.png\",\"width\":512,\"height\":512,\"caption\":\"V3 VERGAUWEN, VENET & ASSOCI\u00c9S favicon\"},{\"@type\":\"BreadcrumbList\",\"@id\":\"https:\/\/v3avocats.be\/fr\/#breadcrumb\",\"itemListElement\":[{\"@type\":\"ListItem\",\"position\":1,\"name\":\"Accueil\",\"item\":\"https:\/\/v3avocats.be\/fr\/\"},{\"@type\":\"ListItem\",\"position\":2,\"name\":\"V3 Vergauwen, Venet &#038; associ\u00e9s avocats\"}]},{\"@type\":\"WebSite\",\"@id\":\"https:\/\/v3avocats.be\/fr\/#website\",\"url\":\"https:\/\/v3avocats.be\/fr\/\",\"name\":\"V3 Vergauwen, Venet & associ\u00e9s avocats\",\"description\":\"Cabinet V3 Vergauwen, Venet &amp; associ\u00e9s\",\"publisher\":{\"@id\":\"https:\/\/v3avocats.be\/fr\/#organization\"},\"potentialAction\":[{\"@type\":\"SearchAction\",\"target\":{\"@type\":\"EntryPoint\",\"urlTemplate\":\"https:\/\/v3avocats.be\/fr\/?s={search_term_string}\"},\"query-input\":{\"@type\":\"PropertyValueSpecification\",\"valueRequired\":true,\"valueName\":\"search_term_string\"}}],\"inLanguage\":\"fr-FR\"},{\"@type\":\"Organization\",\"@id\":\"https:\/\/v3avocats.be\/fr\/#organization\",\"name\":\"V3avocats\",\"url\":\"https:\/\/v3avocats.be\/fr\/\",\"logo\":{\"@type\":\"ImageObject\",\"inLanguage\":\"fr-FR\",\"@id\":\"https:\/\/v3avocats.be\/fr\/#\/schema\/logo\/image\/\",\"url\":\"https:\/\/v3avocats.be\/wp-content\/uploads\/2025\/02\/V3avocats-favicon-1.png\",\"contentUrl\":\"https:\/\/v3avocats.be\/wp-content\/uploads\/2025\/02\/V3avocats-favicon-1.png\",\"width\":512,\"height\":512,\"caption\":\"V3avocats\"},\"image\":{\"@id\":\"https:\/\/v3avocats.be\/fr\/#\/schema\/logo\/image\/\"}}]}<\/script>\n<!-- \/ Yoast SEO plugin. -->","yoast_head_json":{"title":"V3 Vergauwen, Venet & associ\u00e9s avocats - V3avocats","description":"Le cabinet V3 avocats d\u00e9ploie toutes ses comp\u00e9tences, son exp\u00e9rience et son dynamisme pour d\u00e9fendre au mieux vos int\u00e9r\u00eats.","robots":{"index":"index","follow":"follow","max-snippet":"max-snippet:-1","max-image-preview":"max-image-preview:large","max-video-preview":"max-video-preview:-1"},"canonical":"https:\/\/v3avocats.be\/fr\/","og_locale":"fr_FR","og_type":"article","og_title":"V3 Vergauwen, Venet & associ\u00e9s avocats - V3avocats","og_description":"Le cabinet V3 avocats d\u00e9ploie toutes ses comp\u00e9tences, son exp\u00e9rience et son dynamisme pour d\u00e9fendre au mieux vos int\u00e9r\u00eats.","og_url":"https:\/\/v3avocats.be\/fr\/","og_site_name":"V3avocats","article_modified_time":"2025-05-30T10:18:30+00:00","og_image":[{"width":512,"height":512,"url":"https:\/\/v3avocats.be\/wp-content\/uploads\/2025\/02\/V3avocats-favicon-1.png","type":"image\/png"}],"twitter_card":"summary_large_image","twitter_misc":{"Dur\u00e9e de lecture estim\u00e9e":"6 minutes"},"schema":{"@context":"https:\/\/schema.org","@graph":[{"@type":"WebPage","@id":"https:\/\/v3avocats.be\/fr\/","url":"https:\/\/v3avocats.be\/fr\/","name":"V3 Vergauwen, Venet & associ\u00e9s avocats - V3avocats","isPartOf":{"@id":"https:\/\/v3avocats.be\/fr\/#website"},"primaryImageOfPage":{"@id":"https:\/\/v3avocats.be\/fr\/#primaryimage"},"image":{"@id":"https:\/\/v3avocats.be\/fr\/#primaryimage"},"thumbnailUrl":"https:\/\/v3avocats.be\/wp-content\/uploads\/2025\/02\/V3avocats-favicon-1.png","datePublished":"2025-02-22T13:35:05+00:00","dateModified":"2025-05-30T10:18:30+00:00","description":"Le cabinet V3 avocats d\u00e9ploie toutes ses comp\u00e9tences, son exp\u00e9rience et son dynamisme pour d\u00e9fendre au mieux vos int\u00e9r\u00eats.","breadcrumb":{"@id":"https:\/\/v3avocats.be\/fr\/#breadcrumb"},"inLanguage":"fr-FR","potentialAction":[{"@type":"ReadAction","target":["https:\/\/v3avocats.be\/fr\/"]}]},{"@type":"ImageObject","inLanguage":"fr-FR","@id":"https:\/\/v3avocats.be\/fr\/#primaryimage","url":"https:\/\/v3avocats.be\/wp-content\/uploads\/2025\/02\/V3avocats-favicon-1.png","contentUrl":"https:\/\/v3avocats.be\/wp-content\/uploads\/2025\/02\/V3avocats-favicon-1.png","width":512,"height":512,"caption":"V3 VERGAUWEN, VENET & ASSOCI\u00c9S favicon"},{"@type":"BreadcrumbList","@id":"https:\/\/v3avocats.be\/fr\/#breadcrumb","itemListElement":[{"@type":"ListItem","position":1,"name":"Accueil","item":"https:\/\/v3avocats.be\/fr\/"},{"@type":"ListItem","position":2,"name":"V3 Vergauwen, Venet &#038; associ\u00e9s avocats"}]},{"@type":"WebSite","@id":"https:\/\/v3avocats.be\/fr\/#website","url":"https:\/\/v3avocats.be\/fr\/","name":"V3 Vergauwen, Venet & associ\u00e9s avocats","description":"Cabinet V3 Vergauwen, Venet &amp; associ\u00e9s","publisher":{"@id":"https:\/\/v3avocats.be\/fr\/#organization"},"potentialAction":[{"@type":"SearchAction","target":{"@type":"EntryPoint","urlTemplate":"https:\/\/v3avocats.be\/fr\/?s={search_term_string}"},"query-input":{"@type":"PropertyValueSpecification","valueRequired":true,"valueName":"search_term_string"}}],"inLanguage":"fr-FR"},{"@type":"Organization","@id":"https:\/\/v3avocats.be\/fr\/#organization","name":"V3avocats","url":"https:\/\/v3avocats.be\/fr\/","logo":{"@type":"ImageObject","inLanguage":"fr-FR","@id":"https:\/\/v3avocats.be\/fr\/#\/schema\/logo\/image\/","url":"https:\/\/v3avocats.be\/wp-content\/uploads\/2025\/02\/V3avocats-favicon-1.png","contentUrl":"https:\/\/v3avocats.be\/wp-content\/uploads\/2025\/02\/V3avocats-favicon-1.png","width":512,"height":512,"caption":"V3avocats"},"image":{"@id":"https:\/\/v3avocats.be\/fr\/#\/schema\/logo\/image\/"}}]}},"_links":{"self":[{"href":"https:\/\/v3avocats.be\/fr\/wp-json\/wp\/v2\/pages\/2","targetHints":{"allow":["GET"]}}],"collection":[{"href":"https:\/\/v3avocats.be\/fr\/wp-json\/wp\/v2\/pages"}],"about":[{"href":"https:\/\/v3avocats.be\/fr\/wp-json\/wp\/v2\/types\/page"}],"author":[{"embeddable":true,"href":"https:\/\/v3avocats.be\/fr\/wp-json\/wp\/v2\/users\/1"}],"replies":[{"embeddable":true,"href":"https:\/\/v3avocats.be\/fr\/wp-json\/wp\/v2\/comments?post=2"}],"version-history":[{"count":0,"href":"https:\/\/v3avocats.be\/fr\/wp-json\/wp\/v2\/pages\/2\/revisions"}],"wp:featuredmedia":[{"embeddable":true,"href":"https:\/\/v3avocats.be\/fr\/wp-json\/wp\/v2\/media\/48"}],"wp:attachment":[{"href":"https:\/\/v3avocats.be\/fr\/wp-json\/wp\/v2\/media?parent=2"}],"curies":[{"name":"wp","href":"https:\/\/api.w.org\/{rel}","templated":true}]}}